{"id":3885,"date":"2026-07-07T12:26:35","date_gmt":"2026-07-07T12:26:35","guid":{"rendered":"https:\/\/www.dev.pankrome.fr\/MJC\/?post_type=professeur&#038;p=3885"},"modified":"2026-07-07T12:28:20","modified_gmt":"2026-07-07T12:28:20","slug":"magali-guarino","status":"publish","type":"professeur","link":"https:\/\/www.dev.pankrome.fr\/MJC\/professeur\/magali-guarino\/","title":{"rendered":"Magali GUARINO"},"excerpt":{"rendered":"<p>Dipl\u00f4m\u00e9e du Conservatoire \u00e0 Rayonnement R\u00e9gionale Darius Milhaud d\u2019Aix-en-Provence en piano, orgue, musique de chambre, lecture \u00e0 vue, histoire de la musique et harmonie. Passionn\u00e9e d\u2019art lyrique, elle consacre une grande partie de sa vie professionnelle \u00e0 cette passion aupr\u00e8s de nombreux solistes, ensembles vocaux et classes de chant de la r\u00e9gion.<\/p>\n","protected":false},"featured_media":3894,"template":"","class_list":["post-3885","professeur","type-professeur","status-publish","has-post-thumbnail","hentry"],"acf":[],"_links":{"self":[{"href":"https:\/\/www.dev.pankrome.fr\/MJC\/wp-json\/wp\/v2\/professeur\/3885","targetHints":{"allow":["GET"]}}],"collection":[{"href":"https:\/\/www.dev.pankrome.fr\/MJC\/wp-json\/wp\/v2\/professeur"}],"about":[{"href":"https:\/\/www.dev.pankrome.fr\/MJC\/wp-json\/wp\/v2\/types\/professeur"}],"wp:featuredmedia":[{"embeddable":true,"href":"https:\/\/www.dev.pankrome.fr\/MJC\/wp-json\/wp\/v2\/media\/3894"}],"wp:attachment":[{"href":"https:\/\/www.dev.pankrome.fr\/MJC\/wp-json\/wp\/v2\/media?parent=3885"}],"curies":[{"name":"wp","href":"https:\/\/api.w.org\/{rel}","templated":true}]}}