{"id":17,"date":"2025-11-02T08:31:56","date_gmt":"2025-11-02T08:31:56","guid":{"rendered":"https:\/\/www.raul4822.odns.fr\/mjcprevert\/?page_id=17"},"modified":"2026-08-17T15:04:00","modified_gmt":"2026-08-17T15:04:00","slug":"la-mjc","status":"publish","type":"page","link":"https:\/\/www.dev.pankrome.fr\/MJC\/la-mjc\/","title":{"rendered":"La MJC"},"content":{"rendered":"\t\t<div data-elementor-type=\"wp-page\" data-elementor-id=\"17\" class=\"elementor elementor-17\" data-elementor-post-type=\"page\">\n\t\t\t\t<div class=\"elementor-element elementor-element-a2660e5 e-flex e-con-boxed e-con e-parent\" data-id=\"a2660e5\" data-element_type=\"container\" data-e-type=\"container\" data-settings=\"{&quot;background_background&quot;:&quot;classic&quot;}\">\n\t\t\t\t\t<div class=\"e-con-inner\">\n\t\t<div class=\"elementor-element elementor-element-58be799 e-con-full e-flex e-con e-child\" data-id=\"58be799\" data-element_type=\"container\" data-e-type=\"container\">\n\t\t<div class=\"elementor-element elementor-element-0d7ec94 e-con-full elementor-hidden-mobile e-flex e-con e-child\" data-id=\"0d7ec94\" data-element_type=\"container\" data-e-type=\"container\" data-settings=\"{&quot;background_background&quot;:&quot;classic&quot;,&quot;position&quot;:&quot;absolute&quot;}\">\n\t\t\t\t<\/div>\n\t\t\t\t<div class=\"elementor-element elementor-element-cf18c04 elementor-widget elementor-widget-heading\" data-id=\"cf18c04\" data-element_type=\"widget\" data-e-type=\"widget\" data-widget_type=\"heading.default\">\n\t\t\t\t\t<h1 class=\"elementor-heading-title elementor-size-default\">La MJC<\/h1>\t\t\t\t<\/div>\n\t\t\t\t<div class=\"elementor-element elementor-element-5f3ba3a elementor-widget-divider--view-line elementor-widget elementor-widget-divider\" data-id=\"5f3ba3a\" data-element_type=\"widget\" data-e-type=\"widget\" data-widget_type=\"divider.default\">\n\t\t\t\t\t\t\t<div class=\"elementor-divider\">\n\t\t\t<span class=\"elementor-divider-separator\">\n\t\t\t\t\t\t<\/span>\n\t\t<\/div>\n\t\t\t\t\t\t<\/div>\n\t\t\t\t<\/div>\n\t\t<div class=\"elementor-element elementor-element-3a0ec9c e-con-full e-flex e-con e-child\" data-id=\"3a0ec9c\" data-element_type=\"container\" data-e-type=\"container\">\n\t\t<div class=\"elementor-element elementor-element-089cfe3 e-con-full e-flex e-con e-child\" data-id=\"089cfe3\" data-element_type=\"container\" data-e-type=\"container\" data-settings=\"{&quot;background_background&quot;:&quot;classic&quot;}\">\n\t\t\t\t<div class=\"elementor-element elementor-element-0dc41dc elementor-widget elementor-widget-heading\" data-id=\"0dc41dc\" data-element_type=\"widget\" data-e-type=\"widget\" data-widget_type=\"heading.default\">\n\t\t\t\t\t<h2 class=\"elementor-heading-title elementor-size-default\">Pr\u00e9sentation<\/h2>\t\t\t\t<\/div>\n\t\t\t\t<div class=\"elementor-element elementor-element-d793e50 elementor-widget elementor-widget-text-editor\" data-id=\"d793e50\" data-element_type=\"widget\" data-e-type=\"widget\" data-widget_type=\"text-editor.default\">\n\t\t\t\t\t\t\t\t\t<p><b>La MJC Pr\u00e9vert d\u2019Aix-en-Provence<\/b><span style=\"font-weight: 400;\"> est un <\/span><b>lieu de vie, de rencontres et de d\u00e9couvertes<\/b><span style=\"font-weight: 400;\"> ouvert \u00e0 toutes et tous. Ici, on vient pour <\/span><b>pratiquer <\/b><span style=\"font-weight: 400;\">une activit\u00e9, <\/span><b>apprendre, cr\u00e9er, \u00e9changer<\/b><span style=\"font-weight: 400;\">, mais aussi pour <\/span><b>partager des moments ensemble<\/b><span style=\"font-weight: 400;\">, quel que soit son \u00e2ge ou son parcours.<\/span><\/p><p><span style=\"font-weight: 400;\">Depuis toujours, la MJC accompagne les enfants, les jeunes, les familles et les adultes \u00e0 travers des activit\u00e9s culturelles, artistiques, sportives et citoyennes. <\/span><b>C\u2019est un espace o\u00f9 chacun peut trouver sa place, s\u2019exprimer librement et s\u2019impliquer dans la vie locale.<\/b><\/p>\t\t\t\t\t\t\t\t<\/div>\n\t\t\t\t<\/div>\n\t\t\t\t<\/div>\n\t\t\t\t\t<\/div>\n\t\t\t\t<\/div>\n\t\t<div class=\"elementor-element elementor-element-da3d404 e-flex e-con-boxed e-con e-parent\" data-id=\"da3d404\" data-element_type=\"container\" data-e-type=\"container\" data-settings=\"{&quot;background_background&quot;:&quot;classic&quot;}\">\n\t\t\t\t\t<div class=\"e-con-inner\">\n\t\t<div class=\"elementor-element elementor-element-3b8cab1 e-con-full e-flex e-con e-child\" data-id=\"3b8cab1\" data-element_type=\"container\" data-e-type=\"container\">\n\t\t\t\t<div class=\"elementor-element elementor-element-8c99688 elementor-widget elementor-widget-heading\" data-id=\"8c99688\" data-element_type=\"widget\" data-e-type=\"widget\" data-widget_type=\"heading.default\">\n\t\t\t\t\t<h2 class=\"elementor-heading-title elementor-size-default\">Les \u00e9quipes <\/h2>\t\t\t\t<\/div>\n\t\t\t\t<div class=\"elementor-element elementor-element-5767298 elementor-widget-divider--view-line elementor-widget elementor-widget-divider\" data-id=\"5767298\" data-element_type=\"widget\" data-e-type=\"widget\" data-widget_type=\"divider.default\">\n\t\t\t\t\t\t\t<div class=\"elementor-divider\">\n\t\t\t<span class=\"elementor-divider-separator\">\n\t\t\t\t\t\t<\/span>\n\t\t<\/div>\n\t\t\t\t\t\t<\/div>\n\t\t\t\t<\/div>\n\t\t\t\t<div class=\"elementor-element elementor-element-ea298e5 elementor-widget elementor-widget-text-editor\" data-id=\"ea298e5\" data-element_type=\"widget\" data-e-type=\"widget\" data-widget_type=\"text-editor.default\">\n\t\t\t\t\t\t\t\t\t<p><span style=\"font-weight: 400;\">Derri\u00e8re la MJC Pr\u00e9vert, il y a une \u00e9quipe engag\u00e9e et passionn\u00e9e, compos\u00e9e de salari\u00e9s, d\u2019intervenants et de b\u00e9n\u00e9voles. <br \/><\/span><span style=\"font-weight: 400;\">Chaque jour, les animateurs \u0153uvrent pour proposer des activit\u00e9s de qualit\u00e9, accueillir le public avec bienveillance et faire vivre les valeurs de la MJC.<\/span><\/p>\t\t\t\t\t\t\t\t<\/div>\n\t\t<div class=\"elementor-element elementor-element-92a6224 e-con-full e-flex e-con e-child\" data-id=\"92a6224\" data-element_type=\"container\" data-e-type=\"container\">\n\t\t\t\t<div class=\"elementor-element elementor-element-678c99b elementor-cta--layout-image-above elementor-widget__width-initial zoom elementor-cta--skin-classic elementor-animated-content elementor-bg-transform elementor-bg-transform-zoom-in elementor-widget elementor-widget-call-to-action\" data-id=\"678c99b\" data-element_type=\"widget\" data-e-type=\"widget\" data-widget_type=\"call-to-action.default\">\n\t\t\t\t\t\t\t<div class=\"elementor-cta\">\n\t\t\t\t\t<div class=\"elementor-cta__bg-wrapper\">\n\t\t\t\t<div class=\"elementor-cta__bg elementor-bg\" style=\"background-image: url(https:\/\/www.dev.pankrome.fr\/MJC\/wp-content\/uploads\/2026\/03\/29.webp);\" role=\"img\" aria-label=\"29\"><\/div>\n\t\t\t\t<div class=\"elementor-cta__bg-overlay\"><\/div>\n\t\t\t<\/div>\n\t\t\t\t\t\t\t<div class=\"elementor-cta__content\">\n\t\t\t\t\n\t\t\t\t\t\t\t\t\t<span class=\"elementor-cta__title elementor-cta__content-item elementor-content-item\">\n\t\t\t\t\t\tBenoit LAISNEY\t\t\t\t\t<\/span>\n\t\t\t\t\n\t\t\t\t\t\t\t\t\t<span class=\"elementor-cta__description elementor-cta__content-item elementor-content-item\">\n\t\t\t\t\t\tDirecteur\t\t\t\t\t<\/span>\n\t\t\t\t\n\t\t\t\t\t\t\t<\/div>\n\t\t\t\t\t\t<\/div>\n\t\t\t\t\t\t<\/div>\n\t\t\t\t<div class=\"elementor-element elementor-element-919cbd0 elementor-cta--layout-image-above elementor-widget__width-initial zoom elementor-cta--skin-classic elementor-animated-content elementor-bg-transform elementor-bg-transform-zoom-in elementor-widget elementor-widget-call-to-action\" data-id=\"919cbd0\" data-element_type=\"widget\" data-e-type=\"widget\" data-widget_type=\"call-to-action.default\">\n\t\t\t\t\t\t\t<div class=\"elementor-cta\">\n\t\t\t\t\t<div class=\"elementor-cta__bg-wrapper\">\n\t\t\t\t<div class=\"elementor-cta__bg elementor-bg\" style=\"background-image: url(https:\/\/www.dev.pankrome.fr\/MJC\/wp-content\/uploads\/2026\/04\/BEDOUI-768x670.webp);\" role=\"img\" aria-label=\"BEDOUI\"><\/div>\n\t\t\t\t<div class=\"elementor-cta__bg-overlay\"><\/div>\n\t\t\t<\/div>\n\t\t\t\t\t\t\t<div class=\"elementor-cta__content\">\n\t\t\t\t\n\t\t\t\t\t\t\t\t\t<span class=\"elementor-cta__title elementor-cta__content-item elementor-content-item\">\n\t\t\t\t\t\tAmine BEDOUI\t\t\t\t\t<\/span>\n\t\t\t\t\n\t\t\t\t\t\t\t\t\t<span class=\"elementor-cta__description elementor-cta__content-item elementor-content-item\">\n\t\t\t\t\t\tCharg\u00e9 de projets\t\t\t\t\t<\/span>\n\t\t\t\t\n\t\t\t\t\t\t\t<\/div>\n\t\t\t\t\t\t<\/div>\n\t\t\t\t\t\t<\/div>\n\t\t\t\t<div class=\"elementor-element elementor-element-c2a3180 elementor-cta--layout-image-above elementor-widget__width-initial zoom elementor-cta--skin-classic elementor-animated-content elementor-bg-transform elementor-bg-transform-zoom-in elementor-widget elementor-widget-call-to-action\" data-id=\"c2a3180\" data-element_type=\"widget\" data-e-type=\"widget\" data-widget_type=\"call-to-action.default\">\n\t\t\t\t\t\t\t<div class=\"elementor-cta\">\n\t\t\t\t\t<div class=\"elementor-cta__bg-wrapper\">\n\t\t\t\t<div class=\"elementor-cta__bg elementor-bg\" style=\"background-image: url(https:\/\/www.dev.pankrome.fr\/MJC\/wp-content\/uploads\/2026\/07\/saida.webp);\" role=\"img\" aria-label=\"saida\"><\/div>\n\t\t\t\t<div class=\"elementor-cta__bg-overlay\"><\/div>\n\t\t\t<\/div>\n\t\t\t\t\t\t\t<div class=\"elementor-cta__content\">\n\t\t\t\t\n\t\t\t\t\t\t\t\t\t<span class=\"elementor-cta__title elementor-cta__content-item elementor-content-item\">\n\t\t\t\t\t\tSa\u00efda GAZHANES\t\t\t\t\t<\/span>\n\t\t\t\t\n\t\t\t\t\t\t\t\t\t<span class=\"elementor-cta__description elementor-cta__content-item elementor-content-item\">\n\t\t\t\t\t\tEntretien\t\t\t\t\t<\/span>\n\t\t\t\t\n\t\t\t\t\t\t\t<\/div>\n\t\t\t\t\t\t<\/div>\n\t\t\t\t\t\t<\/div>\n\t\t\t\t<div class=\"elementor-element elementor-element-ac803f9 elementor-cta--layout-image-above elementor-widget__width-initial zoom elementor-cta--skin-classic elementor-animated-content elementor-bg-transform elementor-bg-transform-zoom-in elementor-widget elementor-widget-call-to-action\" data-id=\"ac803f9\" data-element_type=\"widget\" data-e-type=\"widget\" data-widget_type=\"call-to-action.default\">\n\t\t\t\t\t\t\t<div class=\"elementor-cta\">\n\t\t\t\t\t<div class=\"elementor-cta__bg-wrapper\">\n\t\t\t\t<div class=\"elementor-cta__bg elementor-bg\" style=\"background-image: url(https:\/\/www.dev.pankrome.fr\/MJC\/wp-content\/uploads\/2026\/07\/img855.webp);\" role=\"img\" aria-label=\"img855\"><\/div>\n\t\t\t\t<div class=\"elementor-cta__bg-overlay\"><\/div>\n\t\t\t<\/div>\n\t\t\t\t\t\t\t<div class=\"elementor-cta__content\">\n\t\t\t\t\n\t\t\t\t\t\t\t\t\t<span class=\"elementor-cta__title elementor-cta__content-item elementor-content-item\">\n\t\t\t\t\t\tHerv\u00e9 ROLLERO\t\t\t\t\t<\/span>\n\t\t\t\t\n\t\t\t\t\t\t\t\t\t<span class=\"elementor-cta__description elementor-cta__content-item elementor-content-item\">\n\t\t\t\t\t\tAccueil\t\t\t\t\t<\/span>\n\t\t\t\t\n\t\t\t\t\t\t\t<\/div>\n\t\t\t\t\t\t<\/div>\n\t\t\t\t\t\t<\/div>\n\t\t\t\t<div class=\"elementor-element elementor-element-63ccba1 elementor-cta--layout-image-above elementor-widget__width-initial zoom elementor-cta--skin-classic elementor-animated-content elementor-bg-transform elementor-bg-transform-zoom-in elementor-widget elementor-widget-call-to-action\" data-id=\"63ccba1\" data-element_type=\"widget\" data-e-type=\"widget\" data-widget_type=\"call-to-action.default\">\n\t\t\t\t\t\t\t<div class=\"elementor-cta\">\n\t\t\t\t\t<div class=\"elementor-cta__bg-wrapper\">\n\t\t\t\t<div class=\"elementor-cta__bg elementor-bg\" style=\"background-image: url(https:\/\/www.dev.pankrome.fr\/MJC\/wp-content\/uploads\/2026\/04\/DONADEBIAN-768x1032.webp);\" role=\"img\" aria-label=\"DONADEBIAN\"><\/div>\n\t\t\t\t<div class=\"elementor-cta__bg-overlay\"><\/div>\n\t\t\t<\/div>\n\t\t\t\t\t\t\t<div class=\"elementor-cta__content\">\n\t\t\t\t\n\t\t\t\t\t\t\t\t\t<span class=\"elementor-cta__title elementor-cta__content-item elementor-content-item\">\n\t\t\t\t\t\tRenata DONABEDIAN\t\t\t\t\t<\/span>\n\t\t\t\t\n\t\t\t\t\t\t\t\t\t<span class=\"elementor-cta__description elementor-cta__content-item elementor-content-item\">\n\t\t\t\t\t\tAccueil\t\t\t\t\t<\/span>\n\t\t\t\t\n\t\t\t\t\t\t\t<\/div>\n\t\t\t\t\t\t<\/div>\n\t\t\t\t\t\t<\/div>\n\t\t\t\t<\/div>\n\t\t\t\t\t<\/div>\n\t\t\t\t<\/div>\n\t\t<div class=\"elementor-element elementor-element-e0b35ea e-flex e-con-boxed e-con e-parent\" data-id=\"e0b35ea\" data-element_type=\"container\" data-e-type=\"container\" data-settings=\"{&quot;background_background&quot;:&quot;classic&quot;}\">\n\t\t\t\t\t<div class=\"e-con-inner\">\n\t\t<div class=\"elementor-element elementor-element-d658446 e-con-full e-flex e-con e-child\" data-id=\"d658446\" data-element_type=\"container\" data-e-type=\"container\">\n\t\t\t\t<div class=\"elementor-element elementor-element-0d64ab4 elementor-widget elementor-widget-heading\" data-id=\"0d64ab4\" data-element_type=\"widget\" data-e-type=\"widget\" data-widget_type=\"heading.default\">\n\t\t\t\t\t<h2 class=\"elementor-heading-title elementor-size-default\">Animateurs et professeurs<\/h2>\t\t\t\t<\/div>\n\t\t\t\t<div class=\"elementor-element elementor-element-e4aa355 elementor-widget-divider--view-line elementor-widget elementor-widget-divider\" data-id=\"e4aa355\" data-element_type=\"widget\" data-e-type=\"widget\" data-widget_type=\"divider.default\">\n\t\t\t\t\t\t\t<div class=\"elementor-divider\">\n\t\t\t<span class=\"elementor-divider-separator\">\n\t\t\t\t\t\t<\/span>\n\t\t<\/div>\n\t\t\t\t\t\t<\/div>\n\t\t\t\t<div class=\"elementor-element elementor-element-c88fd53 elementor-grid-tablet-1 elementor-grid-3 elementor-widget__width-initial elementor-grid-mobile-1 elementor-widget elementor-widget-loop-grid\" data-id=\"c88fd53\" data-element_type=\"widget\" data-e-type=\"widget\" data-settings=\"{&quot;template_id&quot;:&quot;1619&quot;,&quot;columns_tablet&quot;:1,&quot;columns&quot;:3,&quot;masonry&quot;:&quot;yes&quot;,&quot;row_gap&quot;:{&quot;unit&quot;:&quot;px&quot;,&quot;size&quot;:20,&quot;sizes&quot;:[]},&quot;_skin&quot;:&quot;post&quot;,&quot;columns_mobile&quot;:&quot;1&quot;,&quot;edit_handle_selector&quot;:&quot;[data-elementor-type=\\&quot;loop-item\\&quot;]&quot;,&quot;row_gap_tablet&quot;:{&quot;unit&quot;:&quot;px&quot;,&quot;size&quot;:&quot;&quot;,&quot;sizes&quot;:[]},&quot;row_gap_mobile&quot;:{&quot;unit&quot;:&quot;px&quot;,&quot;size&quot;:&quot;&quot;,&quot;sizes&quot;:[]}}\" data-widget_type=\"loop-grid.post\">\n\t\t\t\t<div class=\"elementor-widget-container\">\n\t\t\t\t\t\t\t<div class=\"elementor-loop-container elementor-grid\" role=\"list\">\n\t\t<style id=\"loop-1619\">.elementor-1619 .elementor-element.elementor-element-d73afbc{--display:flex;--flex-direction:row;--container-widget-width:calc( ( 1 - var( --container-widget-flex-grow ) ) * 100% );--container-widget-height:100%;--container-widget-flex-grow:1;--container-widget-align-self:stretch;--flex-wrap-mobile:wrap;--align-items:stretch;border-style:solid;--border-style:solid;border-width:1px 1px 1px 1px;--border-top-width:1px;--border-right-width:1px;--border-bottom-width:1px;--border-left-width:1px;border-color:var( --e-global-color-2074e55 );--border-color:var( --e-global-color-2074e55 );--border-radius:8px 8px 8px 8px;--margin-top:0px;--margin-bottom:0px;--margin-left:0px;--margin-right:0px;--padding-top:20px;--padding-bottom:20px;--padding-left:20px;--padding-right:20px;}.elementor-1619 .elementor-element.elementor-element-d73afbc:not(.elementor-motion-effects-element-type-background), .elementor-1619 .elementor-element.elementor-element-d73afbc > .elementor-motion-effects-container > .elementor-motion-effects-layer{background-color:var( --e-global-color-4444180 );}.elementor-1619 .elementor-element.elementor-element-d73afbc.e-con{--align-self:stretch;--flex-grow:1;--flex-shrink:0;}.elementor-1619 .elementor-element.elementor-element-ca9642e img{height:130px;object-fit:cover;object-position:center center;}.elementor-1619 .elementor-element.elementor-element-ca9642e{width:var( --container-widget-width, 30% );max-width:30%;--container-widget-width:30%;--container-widget-flex-grow:0;}.elementor-1619 .elementor-element.elementor-element-ca9642e:not( .elementor-widget-image ), .elementor-1619 .elementor-element.elementor-element-ca9642e.elementor-widget-image img{-webkit-mask-image:url( https:\/\/www.dev.pankrome.fr\/MJC\/wp-content\/plugins\/elementor\/assets\/mask-shapes\/circle.svg );-webkit-mask-size:contain;-webkit-mask-position:center center;-webkit-mask-repeat:no-repeat;}.elementor-1619 .elementor-element.elementor-element-3823b9a{--display:flex;--flex-direction:column;--container-widget-width:100%;--container-widget-height:initial;--container-widget-flex-grow:0;--container-widget-align-self:initial;--flex-wrap-mobile:wrap;--gap:10px 10px;--row-gap:10px;--column-gap:10px;}.elementor-1619 .elementor-element.elementor-element-3823b9a:not(.elementor-motion-effects-element-type-background), .elementor-1619 .elementor-element.elementor-element-3823b9a > .elementor-motion-effects-container > .elementor-motion-effects-layer{background-color:var( --e-global-color-4444180 );}.elementor-1619 .elementor-element.elementor-element-81defe3 .elementor-heading-title{font-family:\"Inter\", Sans-serif;font-size:1.1rem;font-weight:700;color:var( --e-global-color-primary );}.elementor-1619 .elementor-element.elementor-element-a581572{font-family:\"Inter\", Sans-serif;font-size:0.75rem;font-weight:400;line-height:1.4em;color:var( --e-global-color-primary );}@media(min-width:768px){.elementor-1619 .elementor-element.elementor-element-3823b9a{--width:60%;}}@media(max-width:767px){.elementor-1619 .elementor-element.elementor-element-d73afbc{--gap:10px 10px;--row-gap:10px;--column-gap:10px;}.elementor-1619 .elementor-element.elementor-element-d73afbc.e-con{--align-self:stretch;}.elementor-1619 .elementor-element.elementor-element-ca9642e img{height:70px;}.elementor-1619 .elementor-element.elementor-element-a581572{text-align:justify;}}<\/style>\t\t<div data-elementor-type=\"loop-item\" data-elementor-id=\"1619\" class=\"elementor elementor-1619 e-loop-item e-loop-item-4722 post-4722 professeur type-professeur status-publish has-post-thumbnail hentry\" data-elementor-post-type=\"elementor_library\" data-custom-edit-handle=\"1\">\n\t\t\t<a class=\"elementor-element elementor-element-d73afbc e-con-full zoom e-flex e-con e-parent\" data-id=\"d73afbc\" data-element_type=\"container\" data-e-type=\"container\" data-settings=\"{&quot;background_background&quot;:&quot;classic&quot;}\" href=\"https:\/\/www.dev.pankrome.fr\/MJC\/professeur\/arthur-bounet\/\">\n\t\t\t\t<div class=\"elementor-element elementor-element-ca9642e elementor-widget__width-initial elementor-widget elementor-widget-theme-post-featured-image elementor-widget-image\" data-id=\"ca9642e\" data-element_type=\"widget\" data-e-type=\"widget\" data-widget_type=\"theme-post-featured-image.default\">\n\t\t\t\t\t\t\t\t\t\t\t\t\t\t\t<img fetchpriority=\"high\" decoding=\"async\" width=\"267\" height=\"300\" src=\"https:\/\/www.dev.pankrome.fr\/MJC\/wp-content\/uploads\/2026\/08\/9303-267x300.webp\" class=\"attachment-medium size-medium wp-image-4726\" alt=\"\" srcset=\"https:\/\/www.dev.pankrome.fr\/MJC\/wp-content\/uploads\/2026\/08\/9303-267x300.webp 267w, https:\/\/www.dev.pankrome.fr\/MJC\/wp-content\/uploads\/2026\/08\/9303-134x150.webp 134w, https:\/\/www.dev.pankrome.fr\/MJC\/wp-content\/uploads\/2026\/08\/9303-768x862.webp 768w, https:\/\/www.dev.pankrome.fr\/MJC\/wp-content\/uploads\/2026\/08\/9303-600x674.webp 600w, https:\/\/www.dev.pankrome.fr\/MJC\/wp-content\/uploads\/2026\/08\/9303.webp 1279w\" sizes=\"(max-width: 267px) 100vw, 267px\" \/>\t\t\t\t\t\t\t\t\t\t\t\t\t\t\t<\/div>\n\t\t<div class=\"elementor-element elementor-element-3823b9a e-con-full e-flex e-con e-child\" data-id=\"3823b9a\" data-element_type=\"container\" data-e-type=\"container\" data-settings=\"{&quot;background_background&quot;:&quot;classic&quot;}\">\n\t\t\t\t<div class=\"elementor-element elementor-element-81defe3 elementor-widget elementor-widget-theme-post-title elementor-page-title elementor-widget-heading\" data-id=\"81defe3\" data-element_type=\"widget\" data-e-type=\"widget\" data-widget_type=\"theme-post-title.default\">\n\t\t\t\t\t<h1 class=\"elementor-heading-title elementor-size-default\">Arthur BOUNET<\/h1>\t\t\t\t<\/div>\n\t\t\t\t<div class=\"elementor-element elementor-element-a581572 elementor-widget elementor-widget-theme-post-excerpt\" data-id=\"a581572\" data-element_type=\"widget\" data-e-type=\"widget\" data-widget_type=\"theme-post-excerpt.default\">\n\t\t\t\t\t\"Arthur est dipl\u00f4m\u00e9 en musique actuelles et jazz, gr\u00e2ce \u00e0 ses ann\u00e9es d'\u00e9tudes au conservatoire et son exp\u00e9rience sur sc\u00e8ne, il peut s'adapter \u00e0 tout niveaux et styles pour ses \u00e9l\u00e8ves\"\t\t\t\t<\/div>\n\t\t\t\t<\/div>\n\t\t\t\t<\/a>\n\t\t\t\t<\/div>\n\t\t\t\t<div data-elementor-type=\"loop-item\" data-elementor-id=\"1619\" class=\"elementor elementor-1619 e-loop-item e-loop-item-3892 post-3892 professeur type-professeur status-publish has-post-thumbnail hentry\" data-elementor-post-type=\"elementor_library\" data-custom-edit-handle=\"1\">\n\t\t\t<a class=\"elementor-element elementor-element-d73afbc e-con-full zoom e-flex e-con e-parent\" data-id=\"d73afbc\" data-element_type=\"container\" data-e-type=\"container\" data-settings=\"{&quot;background_background&quot;:&quot;classic&quot;}\" href=\"https:\/\/www.dev.pankrome.fr\/MJC\/professeur\/joelle-stechel\/\">\n\t\t\t\t<div class=\"elementor-element elementor-element-ca9642e elementor-widget__width-initial elementor-widget elementor-widget-theme-post-featured-image elementor-widget-image\" data-id=\"ca9642e\" data-element_type=\"widget\" data-e-type=\"widget\" data-widget_type=\"theme-post-featured-image.default\">\n\t\t\t\t\t\t\t\t\t\t\t\t\t\t\t<img decoding=\"async\" width=\"220\" height=\"229\" src=\"https:\/\/www.dev.pankrome.fr\/MJC\/wp-content\/uploads\/2026\/07\/JoelleSTECHEL.webp\" class=\"attachment-medium size-medium wp-image-3901\" alt=\"\" srcset=\"https:\/\/www.dev.pankrome.fr\/MJC\/wp-content\/uploads\/2026\/07\/JoelleSTECHEL.webp 220w, https:\/\/www.dev.pankrome.fr\/MJC\/wp-content\/uploads\/2026\/07\/JoelleSTECHEL-144x150.webp 144w\" sizes=\"(max-width: 220px) 100vw, 220px\" \/>\t\t\t\t\t\t\t\t\t\t\t\t\t\t\t<\/div>\n\t\t<div class=\"elementor-element elementor-element-3823b9a e-con-full e-flex e-con e-child\" data-id=\"3823b9a\" data-element_type=\"container\" data-e-type=\"container\" data-settings=\"{&quot;background_background&quot;:&quot;classic&quot;}\">\n\t\t\t\t<div class=\"elementor-element elementor-element-81defe3 elementor-widget elementor-widget-theme-post-title elementor-page-title elementor-widget-heading\" data-id=\"81defe3\" data-element_type=\"widget\" data-e-type=\"widget\" data-widget_type=\"theme-post-title.default\">\n\t\t\t\t\t<h1 class=\"elementor-heading-title elementor-size-default\">Jo\u00eblle STECHEL<\/h1>\t\t\t\t<\/div>\n\t\t\t\t<div class=\"elementor-element elementor-element-a581572 elementor-widget elementor-widget-theme-post-excerpt\" data-id=\"a581572\" data-element_type=\"widget\" data-e-type=\"widget\" data-widget_type=\"theme-post-excerpt.default\">\n\t\t\t\t\tJournaliste en presse \u00e9crite puis audiovisuel public (La 3, La 5), r\u00e9alisatrice de documentaires (La 2, La 3, La 5, Arte, Mezzo...), psychoth\u00e9rapeute en lib\u00e9ral (Dipl\u00f4m\u00e9e du CIFP Paris) et animatrice d\u2019ateliers d\u2019\u00e9criture.\t\t\t\t<\/div>\n\t\t\t\t<\/div>\n\t\t\t\t<\/a>\n\t\t\t\t<\/div>\n\t\t\t\t<div data-elementor-type=\"loop-item\" data-elementor-id=\"1619\" class=\"elementor elementor-1619 e-loop-item e-loop-item-3891 post-3891 professeur type-professeur status-publish has-post-thumbnail hentry\" data-elementor-post-type=\"elementor_library\" data-custom-edit-handle=\"1\">\n\t\t\t<a class=\"elementor-element elementor-element-d73afbc e-con-full zoom e-flex e-con e-parent\" data-id=\"d73afbc\" data-element_type=\"container\" data-e-type=\"container\" data-settings=\"{&quot;background_background&quot;:&quot;classic&quot;}\" href=\"https:\/\/www.dev.pankrome.fr\/MJC\/professeur\/jasper-reid\/\">\n\t\t\t\t<div class=\"elementor-element elementor-element-ca9642e elementor-widget__width-initial elementor-widget elementor-widget-theme-post-featured-image elementor-widget-image\" data-id=\"ca9642e\" data-element_type=\"widget\" data-e-type=\"widget\" data-widget_type=\"theme-post-featured-image.default\">\n\t\t\t\t\t\t\t\t\t\t\t\t\t\t\t<img decoding=\"async\" width=\"169\" height=\"300\" src=\"https:\/\/www.dev.pankrome.fr\/MJC\/wp-content\/uploads\/2026\/07\/JasperREID-169x300.webp\" class=\"attachment-medium size-medium wp-image-3900\" alt=\"\" srcset=\"https:\/\/www.dev.pankrome.fr\/MJC\/wp-content\/uploads\/2026\/07\/JasperREID-169x300.webp 169w, https:\/\/www.dev.pankrome.fr\/MJC\/wp-content\/uploads\/2026\/07\/JasperREID-1080x1920.webp 1080w, https:\/\/www.dev.pankrome.fr\/MJC\/wp-content\/uploads\/2026\/07\/JasperREID-84x150.webp 84w, https:\/\/www.dev.pankrome.fr\/MJC\/wp-content\/uploads\/2026\/07\/JasperREID-768x1365.webp 768w, https:\/\/www.dev.pankrome.fr\/MJC\/wp-content\/uploads\/2026\/07\/JasperREID-864x1536.webp 864w, https:\/\/www.dev.pankrome.fr\/MJC\/wp-content\/uploads\/2026\/07\/JasperREID-1152x2048.webp 1152w, https:\/\/www.dev.pankrome.fr\/MJC\/wp-content\/uploads\/2026\/07\/JasperREID.webp 1242w\" sizes=\"(max-width: 169px) 100vw, 169px\" \/>\t\t\t\t\t\t\t\t\t\t\t\t\t\t\t<\/div>\n\t\t<div class=\"elementor-element elementor-element-3823b9a e-con-full e-flex e-con e-child\" data-id=\"3823b9a\" data-element_type=\"container\" data-e-type=\"container\" data-settings=\"{&quot;background_background&quot;:&quot;classic&quot;}\">\n\t\t\t\t<div class=\"elementor-element elementor-element-81defe3 elementor-widget elementor-widget-theme-post-title elementor-page-title elementor-widget-heading\" data-id=\"81defe3\" data-element_type=\"widget\" data-e-type=\"widget\" data-widget_type=\"theme-post-title.default\">\n\t\t\t\t\t<h1 class=\"elementor-heading-title elementor-size-default\">Jasper REID<\/h1>\t\t\t\t<\/div>\n\t\t\t\t<div class=\"elementor-element elementor-element-a581572 elementor-widget elementor-widget-theme-post-excerpt\" data-id=\"a581572\" data-element_type=\"widget\" data-e-type=\"widget\" data-widget_type=\"theme-post-excerpt.default\">\n\t\t\t\t\tJe m\u2019appelle Jasper, j\u2019ai 18 ans et je vis \u00e0 Aix-en-Provence. Ayant un p\u00e8re \u00e9cossais, j\u2019ai grandi en parlant anglais au quotidien \u00e0 la maison comme \u00e0 l\u2019\u00e9cole. J\u2019aime beaucoup l\u2019\u00e9change et la conversation, et je suis ravi d\u2019animer les ateliers de conversations en anglais.\t\t\t\t<\/div>\n\t\t\t\t<\/div>\n\t\t\t\t<\/a>\n\t\t\t\t<\/div>\n\t\t\t\t<div data-elementor-type=\"loop-item\" data-elementor-id=\"1619\" class=\"elementor elementor-1619 e-loop-item e-loop-item-3890 post-3890 professeur type-professeur status-publish has-post-thumbnail hentry\" data-elementor-post-type=\"elementor_library\" data-custom-edit-handle=\"1\">\n\t\t\t<a class=\"elementor-element elementor-element-d73afbc e-con-full zoom e-flex e-con e-parent\" data-id=\"d73afbc\" data-element_type=\"container\" data-e-type=\"container\" data-settings=\"{&quot;background_background&quot;:&quot;classic&quot;}\" href=\"https:\/\/www.dev.pankrome.fr\/MJC\/professeur\/alix-porpora\/\">\n\t\t\t\t<div class=\"elementor-element elementor-element-ca9642e elementor-widget__width-initial elementor-widget elementor-widget-theme-post-featured-image elementor-widget-image\" data-id=\"ca9642e\" data-element_type=\"widget\" data-e-type=\"widget\" data-widget_type=\"theme-post-featured-image.default\">\n\t\t\t\t\t\t\t\t\t\t\t\t\t\t\t<img loading=\"lazy\" decoding=\"async\" width=\"300\" height=\"235\" src=\"https:\/\/www.dev.pankrome.fr\/MJC\/wp-content\/uploads\/2026\/07\/AlixPORPORA-300x235.webp\" class=\"attachment-medium size-medium wp-image-3899\" alt=\"\" srcset=\"https:\/\/www.dev.pankrome.fr\/MJC\/wp-content\/uploads\/2026\/07\/AlixPORPORA-300x235.webp 300w, https:\/\/www.dev.pankrome.fr\/MJC\/wp-content\/uploads\/2026\/07\/AlixPORPORA-1920x1504.webp 1920w, https:\/\/www.dev.pankrome.fr\/MJC\/wp-content\/uploads\/2026\/07\/AlixPORPORA-150x118.webp 150w, https:\/\/www.dev.pankrome.fr\/MJC\/wp-content\/uploads\/2026\/07\/AlixPORPORA-768x602.webp 768w, https:\/\/www.dev.pankrome.fr\/MJC\/wp-content\/uploads\/2026\/07\/AlixPORPORA-1536x1203.webp 1536w, https:\/\/www.dev.pankrome.fr\/MJC\/wp-content\/uploads\/2026\/07\/AlixPORPORA-2048x1604.webp 2048w\" sizes=\"(max-width: 300px) 100vw, 300px\" \/>\t\t\t\t\t\t\t\t\t\t\t\t\t\t\t<\/div>\n\t\t<div class=\"elementor-element elementor-element-3823b9a e-con-full e-flex e-con e-child\" data-id=\"3823b9a\" data-element_type=\"container\" data-e-type=\"container\" data-settings=\"{&quot;background_background&quot;:&quot;classic&quot;}\">\n\t\t\t\t<div class=\"elementor-element elementor-element-81defe3 elementor-widget elementor-widget-theme-post-title elementor-page-title elementor-widget-heading\" data-id=\"81defe3\" data-element_type=\"widget\" data-e-type=\"widget\" data-widget_type=\"theme-post-title.default\">\n\t\t\t\t\t<h1 class=\"elementor-heading-title elementor-size-default\">Alix PORPORA<\/h1>\t\t\t\t<\/div>\n\t\t\t\t<div class=\"elementor-element elementor-element-a581572 elementor-widget elementor-widget-theme-post-excerpt\" data-id=\"a581572\" data-element_type=\"widget\" data-e-type=\"widget\" data-widget_type=\"theme-post-excerpt.default\">\n\t\t\t\t\tPassionn\u00e9e de dessin et de Bande Dessin\u00e9e depuis l\u2019enfance, elle explore de multiples univers graphiques. Elle a affin\u00e9 son style de dessin en participant pendant plus de 10 ans aux ateliers de l\u2019\u00e9cole sup\u00e9rieure d\u2019Art d\u2019Aix-en-Provence, dont 5 ans avec Eric Cartier qui lui a donn\u00e9 l\u2019envie de transmettre sa passion. Aujourd\u2019hui illustratrice, elle anime des ateliers et des stages de dessin.\t\t\t\t<\/div>\n\t\t\t\t<\/div>\n\t\t\t\t<\/a>\n\t\t\t\t<\/div>\n\t\t\t\t<div data-elementor-type=\"loop-item\" data-elementor-id=\"1619\" class=\"elementor elementor-1619 e-loop-item e-loop-item-3889 post-3889 professeur type-professeur status-publish has-post-thumbnail hentry\" data-elementor-post-type=\"elementor_library\" data-custom-edit-handle=\"1\">\n\t\t\t<a class=\"elementor-element elementor-element-d73afbc e-con-full zoom e-flex e-con e-parent\" data-id=\"d73afbc\" data-element_type=\"container\" data-e-type=\"container\" data-settings=\"{&quot;background_background&quot;:&quot;classic&quot;}\" href=\"https:\/\/www.dev.pankrome.fr\/MJC\/professeur\/maroussia-payet\/\">\n\t\t\t\t<div class=\"elementor-element elementor-element-ca9642e elementor-widget__width-initial elementor-widget elementor-widget-theme-post-featured-image elementor-widget-image\" data-id=\"ca9642e\" data-element_type=\"widget\" data-e-type=\"widget\" data-widget_type=\"theme-post-featured-image.default\">\n\t\t\t\t\t\t\t\t\t\t\t\t\t\t\t<img loading=\"lazy\" decoding=\"async\" width=\"225\" height=\"300\" src=\"https:\/\/www.dev.pankrome.fr\/MJC\/wp-content\/uploads\/2026\/07\/MaroussiaPAYET-225x300.webp\" class=\"attachment-medium size-medium wp-image-3898\" alt=\"\" srcset=\"https:\/\/www.dev.pankrome.fr\/MJC\/wp-content\/uploads\/2026\/07\/MaroussiaPAYET-225x300.webp 225w, https:\/\/www.dev.pankrome.fr\/MJC\/wp-content\/uploads\/2026\/07\/MaroussiaPAYET-113x150.webp 113w, https:\/\/www.dev.pankrome.fr\/MJC\/wp-content\/uploads\/2026\/07\/MaroussiaPAYET.webp 600w\" sizes=\"(max-width: 225px) 100vw, 225px\" \/>\t\t\t\t\t\t\t\t\t\t\t\t\t\t\t<\/div>\n\t\t<div class=\"elementor-element elementor-element-3823b9a e-con-full e-flex e-con e-child\" data-id=\"3823b9a\" data-element_type=\"container\" data-e-type=\"container\" data-settings=\"{&quot;background_background&quot;:&quot;classic&quot;}\">\n\t\t\t\t<div class=\"elementor-element elementor-element-81defe3 elementor-widget elementor-widget-theme-post-title elementor-page-title elementor-widget-heading\" data-id=\"81defe3\" data-element_type=\"widget\" data-e-type=\"widget\" data-widget_type=\"theme-post-title.default\">\n\t\t\t\t\t<h1 class=\"elementor-heading-title elementor-size-default\">Maroussia PAYET<\/h1>\t\t\t\t<\/div>\n\t\t\t\t<div class=\"elementor-element elementor-element-a581572 elementor-widget elementor-widget-theme-post-excerpt\" data-id=\"a581572\" data-element_type=\"widget\" data-e-type=\"widget\" data-widget_type=\"theme-post-excerpt.default\">\n\t\t\t\t\tPianiste dipl\u00f4m\u00e9e du Conservatoire Darius Milhaud d\u2019Aixen-provence (DEM), et elle s\u2019est perfectionn\u00e9e aupr\u00e8s de ma\u00eetres tels que Bernard d\u2019Ascoli et Shani Diluka. Elle concilie une carri\u00e8re de concertiste (La Roque d\u2019Anth\u00e9ron, duo piano\/violoncelle, trio) et une p\u00e9dagogie centr\u00e9e sur l\u2019\u00e9panouissement.\t\t\t\t<\/div>\n\t\t\t\t<\/div>\n\t\t\t\t<\/a>\n\t\t\t\t<\/div>\n\t\t\t\t<div data-elementor-type=\"loop-item\" data-elementor-id=\"1619\" class=\"elementor elementor-1619 e-loop-item e-loop-item-3888 post-3888 professeur type-professeur status-publish has-post-thumbnail hentry\" data-elementor-post-type=\"elementor_library\" data-custom-edit-handle=\"1\">\n\t\t\t<a class=\"elementor-element elementor-element-d73afbc e-con-full zoom e-flex e-con e-parent\" data-id=\"d73afbc\" data-element_type=\"container\" data-e-type=\"container\" data-settings=\"{&quot;background_background&quot;:&quot;classic&quot;}\" href=\"https:\/\/www.dev.pankrome.fr\/MJC\/professeur\/fanny-michel-dansac\/\">\n\t\t\t\t<div class=\"elementor-element elementor-element-ca9642e elementor-widget__width-initial elementor-widget elementor-widget-theme-post-featured-image elementor-widget-image\" data-id=\"ca9642e\" data-element_type=\"widget\" data-e-type=\"widget\" data-widget_type=\"theme-post-featured-image.default\">\n\t\t\t\t\t\t\t\t\t\t\t\t\t\t\t<img loading=\"lazy\" decoding=\"async\" width=\"245\" height=\"300\" src=\"https:\/\/www.dev.pankrome.fr\/MJC\/wp-content\/uploads\/2026\/07\/FannyMICHELDANSAC-245x300.webp\" class=\"attachment-medium size-medium wp-image-3897\" alt=\"\" srcset=\"https:\/\/www.dev.pankrome.fr\/MJC\/wp-content\/uploads\/2026\/07\/FannyMICHELDANSAC-245x300.webp 245w, https:\/\/www.dev.pankrome.fr\/MJC\/wp-content\/uploads\/2026\/07\/FannyMICHELDANSAC-122x150.webp 122w, https:\/\/www.dev.pankrome.fr\/MJC\/wp-content\/uploads\/2026\/07\/FannyMICHELDANSAC.webp 408w\" sizes=\"(max-width: 245px) 100vw, 245px\" \/>\t\t\t\t\t\t\t\t\t\t\t\t\t\t\t<\/div>\n\t\t<div class=\"elementor-element elementor-element-3823b9a e-con-full e-flex e-con e-child\" data-id=\"3823b9a\" data-element_type=\"container\" data-e-type=\"container\" data-settings=\"{&quot;background_background&quot;:&quot;classic&quot;}\">\n\t\t\t\t<div class=\"elementor-element elementor-element-81defe3 elementor-widget elementor-widget-theme-post-title elementor-page-title elementor-widget-heading\" data-id=\"81defe3\" data-element_type=\"widget\" data-e-type=\"widget\" data-widget_type=\"theme-post-title.default\">\n\t\t\t\t\t<h1 class=\"elementor-heading-title elementor-size-default\">Fanny MICHEL-DANSAC<\/h1>\t\t\t\t<\/div>\n\t\t\t\t<div class=\"elementor-element elementor-element-a581572 elementor-widget elementor-widget-theme-post-excerpt\" data-id=\"a581572\" data-element_type=\"widget\" data-e-type=\"widget\" data-widget_type=\"theme-post-excerpt.default\">\n\t\t\t\t\tDipl\u00f4m\u00e9e d\u2019un doctorat en histoire de l\u2019art, elle a consacr\u00e9 sa vie professionnelle \u00e0 transmettre son go\u00fbt pour les arts, la culture et les richesses du patrimoine. Elle dispense depuis plusieurs ann\u00e9es des cours et des conf\u00e9rences dans diff\u00e9rentes structures (\u00e9coles d\u2019art, centres culturels, UTL, universit\u00e9, mus\u00e9es...).\t\t\t\t<\/div>\n\t\t\t\t<\/div>\n\t\t\t\t<\/a>\n\t\t\t\t<\/div>\n\t\t\t\t<div data-elementor-type=\"loop-item\" data-elementor-id=\"1619\" class=\"elementor elementor-1619 e-loop-item e-loop-item-3887 post-3887 professeur type-professeur status-publish has-post-thumbnail hentry\" data-elementor-post-type=\"elementor_library\" data-custom-edit-handle=\"1\">\n\t\t\t<a class=\"elementor-element elementor-element-d73afbc e-con-full zoom e-flex e-con e-parent\" data-id=\"d73afbc\" data-element_type=\"container\" data-e-type=\"container\" data-settings=\"{&quot;background_background&quot;:&quot;classic&quot;}\" href=\"https:\/\/www.dev.pankrome.fr\/MJC\/professeur\/marie-martel\/\">\n\t\t\t\t<div class=\"elementor-element elementor-element-ca9642e elementor-widget__width-initial elementor-widget elementor-widget-theme-post-featured-image elementor-widget-image\" data-id=\"ca9642e\" data-element_type=\"widget\" data-e-type=\"widget\" data-widget_type=\"theme-post-featured-image.default\">\n\t\t\t\t\t\t\t\t\t\t\t\t\t\t\t<img loading=\"lazy\" decoding=\"async\" width=\"225\" height=\"300\" src=\"https:\/\/www.dev.pankrome.fr\/MJC\/wp-content\/uploads\/2026\/07\/MarieMARTEL-225x300.webp\" class=\"attachment-medium size-medium wp-image-3896\" alt=\"\" srcset=\"https:\/\/www.dev.pankrome.fr\/MJC\/wp-content\/uploads\/2026\/07\/MarieMARTEL-225x300.webp 225w, https:\/\/www.dev.pankrome.fr\/MJC\/wp-content\/uploads\/2026\/07\/MarieMARTEL-1440x1920.webp 1440w, https:\/\/www.dev.pankrome.fr\/MJC\/wp-content\/uploads\/2026\/07\/MarieMARTEL-113x150.webp 113w, https:\/\/www.dev.pankrome.fr\/MJC\/wp-content\/uploads\/2026\/07\/MarieMARTEL-768x1024.webp 768w, https:\/\/www.dev.pankrome.fr\/MJC\/wp-content\/uploads\/2026\/07\/MarieMARTEL-1152x1536.webp 1152w, https:\/\/www.dev.pankrome.fr\/MJC\/wp-content\/uploads\/2026\/07\/MarieMARTEL-1536x2048.webp 1536w, https:\/\/www.dev.pankrome.fr\/MJC\/wp-content\/uploads\/2026\/07\/MarieMARTEL-scaled.webp 1920w\" sizes=\"(max-width: 225px) 100vw, 225px\" \/>\t\t\t\t\t\t\t\t\t\t\t\t\t\t\t<\/div>\n\t\t<div class=\"elementor-element elementor-element-3823b9a e-con-full e-flex e-con e-child\" data-id=\"3823b9a\" data-element_type=\"container\" data-e-type=\"container\" data-settings=\"{&quot;background_background&quot;:&quot;classic&quot;}\">\n\t\t\t\t<div class=\"elementor-element elementor-element-81defe3 elementor-widget elementor-widget-theme-post-title elementor-page-title elementor-widget-heading\" data-id=\"81defe3\" data-element_type=\"widget\" data-e-type=\"widget\" data-widget_type=\"theme-post-title.default\">\n\t\t\t\t\t<h1 class=\"elementor-heading-title elementor-size-default\">Marie MARTEL<\/h1>\t\t\t\t<\/div>\n\t\t\t\t<div class=\"elementor-element elementor-element-a581572 elementor-widget elementor-widget-theme-post-excerpt\" data-id=\"a581572\" data-element_type=\"widget\" data-e-type=\"widget\" data-widget_type=\"theme-post-excerpt.default\">\n\t\t\t\t\tArtiste dipl\u00f4m\u00e9e des Beaux-Arts d\u2019Aix-en-Provence, elle partage son regard artistique dans un accompagnement collectif et individuel.\t\t\t\t<\/div>\n\t\t\t\t<\/div>\n\t\t\t\t<\/a>\n\t\t\t\t<\/div>\n\t\t\t\t<div data-elementor-type=\"loop-item\" data-elementor-id=\"1619\" class=\"elementor elementor-1619 e-loop-item e-loop-item-3886 post-3886 professeur type-professeur status-publish has-post-thumbnail hentry\" data-elementor-post-type=\"elementor_library\" data-custom-edit-handle=\"1\">\n\t\t\t<a class=\"elementor-element elementor-element-d73afbc e-con-full zoom e-flex e-con e-parent\" data-id=\"d73afbc\" data-element_type=\"container\" data-e-type=\"container\" data-settings=\"{&quot;background_background&quot;:&quot;classic&quot;}\" href=\"https:\/\/www.dev.pankrome.fr\/MJC\/professeur\/claire-maisonobe\/\">\n\t\t\t\t<div class=\"elementor-element elementor-element-ca9642e elementor-widget__width-initial elementor-widget elementor-widget-theme-post-featured-image elementor-widget-image\" data-id=\"ca9642e\" data-element_type=\"widget\" data-e-type=\"widget\" data-widget_type=\"theme-post-featured-image.default\">\n\t\t\t\t\t\t\t\t\t\t\t\t\t\t\t<img loading=\"lazy\" decoding=\"async\" width=\"200\" height=\"300\" src=\"https:\/\/www.dev.pankrome.fr\/MJC\/wp-content\/uploads\/2026\/07\/ClaireMAISONOBE-200x300.webp\" class=\"attachment-medium size-medium wp-image-3895\" alt=\"\" srcset=\"https:\/\/www.dev.pankrome.fr\/MJC\/wp-content\/uploads\/2026\/07\/ClaireMAISONOBE-200x300.webp 200w, https:\/\/www.dev.pankrome.fr\/MJC\/wp-content\/uploads\/2026\/07\/ClaireMAISONOBE-100x150.webp 100w, https:\/\/www.dev.pankrome.fr\/MJC\/wp-content\/uploads\/2026\/07\/ClaireMAISONOBE-768x1152.webp 768w, https:\/\/www.dev.pankrome.fr\/MJC\/wp-content\/uploads\/2026\/07\/ClaireMAISONOBE.webp 853w\" sizes=\"(max-width: 200px) 100vw, 200px\" \/>\t\t\t\t\t\t\t\t\t\t\t\t\t\t\t<\/div>\n\t\t<div class=\"elementor-element elementor-element-3823b9a e-con-full e-flex e-con e-child\" data-id=\"3823b9a\" data-element_type=\"container\" data-e-type=\"container\" data-settings=\"{&quot;background_background&quot;:&quot;classic&quot;}\">\n\t\t\t\t<div class=\"elementor-element elementor-element-81defe3 elementor-widget elementor-widget-theme-post-title elementor-page-title elementor-widget-heading\" data-id=\"81defe3\" data-element_type=\"widget\" data-e-type=\"widget\" data-widget_type=\"theme-post-title.default\">\n\t\t\t\t\t<h1 class=\"elementor-heading-title elementor-size-default\">Claire MAISONOBE<\/h1>\t\t\t\t<\/div>\n\t\t\t\t<div class=\"elementor-element elementor-element-a581572 elementor-widget elementor-widget-theme-post-excerpt\" data-id=\"a581572\" data-element_type=\"widget\" data-e-type=\"widget\" data-widget_type=\"theme-post-excerpt.default\">\n\t\t\t\t\tMusicienne aguerrie, dipl\u00f4m\u00e9e d\u2019un master en composition de musique de fi lm, ing\u00e9nieure du son, productrice arrangeuse, tricoteuse \u00e0 mi-temps. Je reste disponible pour r\u00e9fl\u00e9chir avec les adh\u00e9rents \u00e0 la production de leur musique.\t\t\t\t<\/div>\n\t\t\t\t<\/div>\n\t\t\t\t<\/a>\n\t\t\t\t<\/div>\n\t\t\t\t<div data-elementor-type=\"loop-item\" data-elementor-id=\"1619\" class=\"elementor elementor-1619 e-loop-item e-loop-item-3885 post-3885 professeur type-professeur status-publish has-post-thumbnail hentry\" data-elementor-post-type=\"elementor_library\" data-custom-edit-handle=\"1\">\n\t\t\t<a class=\"elementor-element elementor-element-d73afbc e-con-full zoom e-flex e-con e-parent\" data-id=\"d73afbc\" data-element_type=\"container\" data-e-type=\"container\" data-settings=\"{&quot;background_background&quot;:&quot;classic&quot;}\" href=\"https:\/\/www.dev.pankrome.fr\/MJC\/professeur\/magali-guarino\/\">\n\t\t\t\t<div class=\"elementor-element elementor-element-ca9642e elementor-widget__width-initial elementor-widget elementor-widget-theme-post-featured-image elementor-widget-image\" data-id=\"ca9642e\" data-element_type=\"widget\" data-e-type=\"widget\" data-widget_type=\"theme-post-featured-image.default\">\n\t\t\t\t\t\t\t\t\t\t\t\t\t\t\t<img loading=\"lazy\" decoding=\"async\" width=\"300\" height=\"200\" src=\"https:\/\/www.dev.pankrome.fr\/MJC\/wp-content\/uploads\/2026\/07\/MagaliGUARINO-300x200.webp\" class=\"attachment-medium size-medium wp-image-3894\" alt=\"\" srcset=\"https:\/\/www.dev.pankrome.fr\/MJC\/wp-content\/uploads\/2026\/07\/MagaliGUARINO-300x200.webp 300w, https:\/\/www.dev.pankrome.fr\/MJC\/wp-content\/uploads\/2026\/07\/MagaliGUARINO-150x100.webp 150w, https:\/\/www.dev.pankrome.fr\/MJC\/wp-content\/uploads\/2026\/07\/MagaliGUARINO-768x511.webp 768w, https:\/\/www.dev.pankrome.fr\/MJC\/wp-content\/uploads\/2026\/07\/MagaliGUARINO.webp 800w\" sizes=\"(max-width: 300px) 100vw, 300px\" \/>\t\t\t\t\t\t\t\t\t\t\t\t\t\t\t<\/div>\n\t\t<div class=\"elementor-element elementor-element-3823b9a e-con-full e-flex e-con e-child\" data-id=\"3823b9a\" data-element_type=\"container\" data-e-type=\"container\" data-settings=\"{&quot;background_background&quot;:&quot;classic&quot;}\">\n\t\t\t\t<div class=\"elementor-element elementor-element-81defe3 elementor-widget elementor-widget-theme-post-title elementor-page-title elementor-widget-heading\" data-id=\"81defe3\" data-element_type=\"widget\" data-e-type=\"widget\" data-widget_type=\"theme-post-title.default\">\n\t\t\t\t\t<h1 class=\"elementor-heading-title elementor-size-default\">Magali GUARINO<\/h1>\t\t\t\t<\/div>\n\t\t\t\t<div class=\"elementor-element elementor-element-a581572 elementor-widget elementor-widget-theme-post-excerpt\" data-id=\"a581572\" data-element_type=\"widget\" data-e-type=\"widget\" data-widget_type=\"theme-post-excerpt.default\">\n\t\t\t\t\tDipl\u00f4m\u00e9e du Conservatoire \u00e0 Rayonnement R\u00e9gionale Darius Milhaud d\u2019Aix-en-Provence en piano, orgue, musique de chambre, lecture \u00e0 vue, histoire de la musique et harmonie. Passionn\u00e9e d\u2019art lyrique, elle consacre une grande partie de sa vie professionnelle \u00e0 cette passion aupr\u00e8s de nombreux solistes, ensembles vocaux et classes de chant de la r\u00e9gion.\t\t\t\t<\/div>\n\t\t\t\t<\/div>\n\t\t\t\t<\/a>\n\t\t\t\t<\/div>\n\t\t\t\t<div data-elementor-type=\"loop-item\" data-elementor-id=\"1619\" class=\"elementor elementor-1619 e-loop-item e-loop-item-3884 post-3884 professeur type-professeur status-publish has-post-thumbnail hentry\" data-elementor-post-type=\"elementor_library\" data-custom-edit-handle=\"1\">\n\t\t\t<a class=\"elementor-element elementor-element-d73afbc e-con-full zoom e-flex e-con e-parent\" data-id=\"d73afbc\" data-element_type=\"container\" data-e-type=\"container\" data-settings=\"{&quot;background_background&quot;:&quot;classic&quot;}\" href=\"https:\/\/www.dev.pankrome.fr\/MJC\/professeur\/robin-attree\/\">\n\t\t\t\t<div class=\"elementor-element elementor-element-ca9642e elementor-widget__width-initial elementor-widget elementor-widget-theme-post-featured-image elementor-widget-image\" data-id=\"ca9642e\" data-element_type=\"widget\" data-e-type=\"widget\" data-widget_type=\"theme-post-featured-image.default\">\n\t\t\t\t\t\t\t\t\t\t\t\t\t\t\t<img loading=\"lazy\" decoding=\"async\" width=\"229\" height=\"279\" src=\"https:\/\/www.dev.pankrome.fr\/MJC\/wp-content\/uploads\/2026\/07\/RobinATTREE.webp\" class=\"attachment-medium size-medium wp-image-3893\" alt=\"\" srcset=\"https:\/\/www.dev.pankrome.fr\/MJC\/wp-content\/uploads\/2026\/07\/RobinATTREE.webp 229w, https:\/\/www.dev.pankrome.fr\/MJC\/wp-content\/uploads\/2026\/07\/RobinATTREE-123x150.webp 123w\" sizes=\"(max-width: 229px) 100vw, 229px\" \/>\t\t\t\t\t\t\t\t\t\t\t\t\t\t\t<\/div>\n\t\t<div class=\"elementor-element elementor-element-3823b9a e-con-full e-flex e-con e-child\" data-id=\"3823b9a\" data-element_type=\"container\" data-e-type=\"container\" data-settings=\"{&quot;background_background&quot;:&quot;classic&quot;}\">\n\t\t\t\t<div class=\"elementor-element elementor-element-81defe3 elementor-widget elementor-widget-theme-post-title elementor-page-title elementor-widget-heading\" data-id=\"81defe3\" data-element_type=\"widget\" data-e-type=\"widget\" data-widget_type=\"theme-post-title.default\">\n\t\t\t\t\t<h1 class=\"elementor-heading-title elementor-size-default\">Robin ATTREE<\/h1>\t\t\t\t<\/div>\n\t\t\t\t<div class=\"elementor-element elementor-element-a581572 elementor-widget elementor-widget-theme-post-excerpt\" data-id=\"a581572\" data-element_type=\"widget\" data-e-type=\"widget\" data-widget_type=\"theme-post-excerpt.default\">\n\t\t\t\t\tMetteur en sc\u00e8ne, com\u00e9dien et enseignant artistique. Il consacre aujourd\u2019hui une partie de son temps \u00e0 transmettre sa passion et son savoir au service de ceux qui souhaitent d\u00e9couvrir le th\u00e9\u00e2tre \u00e0 travers de multiples facettes telles que les improvisations collectives, la mise en confiance individuelle ainsi que l\u2019ouverture aux outils qui permettent de mieux comprendre cet art et le monde culturel qui nous entoure.\t\t\t\t<\/div>\n\t\t\t\t<\/div>\n\t\t\t\t<\/a>\n\t\t\t\t<\/div>\n\t\t\t\t<div data-elementor-type=\"loop-item\" data-elementor-id=\"1619\" class=\"elementor elementor-1619 e-loop-item e-loop-item-1792 post-1792 professeur type-professeur status-publish has-post-thumbnail hentry\" data-elementor-post-type=\"elementor_library\" data-custom-edit-handle=\"1\">\n\t\t\t<a class=\"elementor-element elementor-element-d73afbc e-con-full zoom e-flex e-con e-parent\" data-id=\"d73afbc\" data-element_type=\"container\" data-e-type=\"container\" data-settings=\"{&quot;background_background&quot;:&quot;classic&quot;}\" href=\"https:\/\/www.dev.pankrome.fr\/MJC\/professeur\/janeth-graci\/\">\n\t\t\t\t<div class=\"elementor-element elementor-element-ca9642e elementor-widget__width-initial elementor-widget elementor-widget-theme-post-featured-image elementor-widget-image\" data-id=\"ca9642e\" data-element_type=\"widget\" data-e-type=\"widget\" data-widget_type=\"theme-post-featured-image.default\">\n\t\t\t\t\t\t\t\t\t\t\t\t\t\t\t<img loading=\"lazy\" decoding=\"async\" width=\"300\" height=\"200\" src=\"https:\/\/www.dev.pankrome.fr\/MJC\/wp-content\/uploads\/2026\/04\/GRACI-300x200.webp\" class=\"attachment-medium size-medium wp-image-1795\" alt=\"\" srcset=\"https:\/\/www.dev.pankrome.fr\/MJC\/wp-content\/uploads\/2026\/04\/GRACI-300x200.webp 300w, https:\/\/www.dev.pankrome.fr\/MJC\/wp-content\/uploads\/2026\/04\/GRACI-1920x1281.webp 1920w, https:\/\/www.dev.pankrome.fr\/MJC\/wp-content\/uploads\/2026\/04\/GRACI-150x100.webp 150w, https:\/\/www.dev.pankrome.fr\/MJC\/wp-content\/uploads\/2026\/04\/GRACI-768x512.webp 768w, https:\/\/www.dev.pankrome.fr\/MJC\/wp-content\/uploads\/2026\/04\/GRACI-1536x1024.webp 1536w, https:\/\/www.dev.pankrome.fr\/MJC\/wp-content\/uploads\/2026\/04\/GRACI-2048x1366.webp 2048w\" sizes=\"(max-width: 300px) 100vw, 300px\" \/>\t\t\t\t\t\t\t\t\t\t\t\t\t\t\t<\/div>\n\t\t<div class=\"elementor-element elementor-element-3823b9a e-con-full e-flex e-con e-child\" data-id=\"3823b9a\" data-element_type=\"container\" data-e-type=\"container\" data-settings=\"{&quot;background_background&quot;:&quot;classic&quot;}\">\n\t\t\t\t<div class=\"elementor-element elementor-element-81defe3 elementor-widget elementor-widget-theme-post-title elementor-page-title elementor-widget-heading\" data-id=\"81defe3\" data-element_type=\"widget\" data-e-type=\"widget\" data-widget_type=\"theme-post-title.default\">\n\t\t\t\t\t<h1 class=\"elementor-heading-title elementor-size-default\">Janeth GRACI<\/h1>\t\t\t\t<\/div>\n\t\t\t\t<div class=\"elementor-element elementor-element-a581572 elementor-widget elementor-widget-theme-post-excerpt\" data-id=\"a581572\" data-element_type=\"widget\" data-e-type=\"widget\" data-widget_type=\"theme-post-excerpt.default\">\n\t\t\t\t\tDipl\u00f4m\u00e9e d\u2019enseignement de l\u2019ENM de Paris et du Conservatoire sup\u00e9rieur J.A. Lamas Venezuela.\t\t\t\t<\/div>\n\t\t\t\t<\/div>\n\t\t\t\t<\/a>\n\t\t\t\t<\/div>\n\t\t\t\t<div data-elementor-type=\"loop-item\" data-elementor-id=\"1619\" class=\"elementor elementor-1619 e-loop-item e-loop-item-1720 post-1720 professeur type-professeur status-publish has-post-thumbnail hentry\" data-elementor-post-type=\"elementor_library\" data-custom-edit-handle=\"1\">\n\t\t\t<a class=\"elementor-element elementor-element-d73afbc e-con-full zoom e-flex e-con e-parent\" data-id=\"d73afbc\" data-element_type=\"container\" data-e-type=\"container\" data-settings=\"{&quot;background_background&quot;:&quot;classic&quot;}\" href=\"https:\/\/www.dev.pankrome.fr\/MJC\/professeur\/mat-hart\/\">\n\t\t\t\t<div class=\"elementor-element elementor-element-ca9642e elementor-widget__width-initial elementor-widget elementor-widget-theme-post-featured-image elementor-widget-image\" data-id=\"ca9642e\" data-element_type=\"widget\" data-e-type=\"widget\" data-widget_type=\"theme-post-featured-image.default\">\n\t\t\t\t\t\t\t\t\t\t\t\t\t\t\t<img loading=\"lazy\" decoding=\"async\" width=\"285\" height=\"300\" src=\"https:\/\/www.dev.pankrome.fr\/MJC\/wp-content\/uploads\/2026\/04\/HART-285x300.webp\" class=\"attachment-medium size-medium wp-image-1796\" alt=\"\" srcset=\"https:\/\/www.dev.pankrome.fr\/MJC\/wp-content\/uploads\/2026\/04\/HART-285x300.webp 285w, https:\/\/www.dev.pankrome.fr\/MJC\/wp-content\/uploads\/2026\/04\/HART-143x150.webp 143w, https:\/\/www.dev.pankrome.fr\/MJC\/wp-content\/uploads\/2026\/04\/HART-768x808.webp 768w, https:\/\/www.dev.pankrome.fr\/MJC\/wp-content\/uploads\/2026\/04\/HART.webp 792w\" sizes=\"(max-width: 285px) 100vw, 285px\" \/>\t\t\t\t\t\t\t\t\t\t\t\t\t\t\t<\/div>\n\t\t<div class=\"elementor-element elementor-element-3823b9a e-con-full e-flex e-con e-child\" data-id=\"3823b9a\" data-element_type=\"container\" data-e-type=\"container\" data-settings=\"{&quot;background_background&quot;:&quot;classic&quot;}\">\n\t\t\t\t<div class=\"elementor-element elementor-element-81defe3 elementor-widget elementor-widget-theme-post-title elementor-page-title elementor-widget-heading\" data-id=\"81defe3\" data-element_type=\"widget\" data-e-type=\"widget\" data-widget_type=\"theme-post-title.default\">\n\t\t\t\t\t<h1 class=\"elementor-heading-title elementor-size-default\">Mat HART<\/h1>\t\t\t\t<\/div>\n\t\t\t\t<div class=\"elementor-element elementor-element-a581572 elementor-widget elementor-widget-theme-post-excerpt\" data-id=\"a581572\" data-element_type=\"widget\" data-e-type=\"widget\" data-widget_type=\"theme-post-excerpt.default\">\n\t\t\t\t\tMat puise dans les racines multiculturelles de sa ville pour cr\u00e9er un univers artistique unique. DJ, producteur, ing\u00e9nieur du son et concepteur sonore, son amour de la musique nourrit une playlist d\u2019une grande diversit\u00e9.\t\t\t\t<\/div>\n\t\t\t\t<\/div>\n\t\t\t\t<\/a>\n\t\t\t\t<\/div>\n\t\t\t\t<div data-elementor-type=\"loop-item\" data-elementor-id=\"1619\" class=\"elementor elementor-1619 e-loop-item e-loop-item-1727 post-1727 professeur type-professeur status-publish has-post-thumbnail hentry\" data-elementor-post-type=\"elementor_library\" data-custom-edit-handle=\"1\">\n\t\t\t<a class=\"elementor-element elementor-element-d73afbc e-con-full zoom e-flex e-con e-parent\" data-id=\"d73afbc\" data-element_type=\"container\" data-e-type=\"container\" data-settings=\"{&quot;background_background&quot;:&quot;classic&quot;}\" href=\"https:\/\/www.dev.pankrome.fr\/MJC\/professeur\/michele-kespi\/\">\n\t\t\t\t<div class=\"elementor-element elementor-element-ca9642e elementor-widget__width-initial elementor-widget elementor-widget-theme-post-featured-image elementor-widget-image\" data-id=\"ca9642e\" data-element_type=\"widget\" data-e-type=\"widget\" data-widget_type=\"theme-post-featured-image.default\">\n\t\t\t\t\t\t\t\t\t\t\t\t\t\t\t<img loading=\"lazy\" decoding=\"async\" width=\"300\" height=\"200\" src=\"https:\/\/www.dev.pankrome.fr\/MJC\/wp-content\/uploads\/2026\/04\/KESPI-300x200.webp\" class=\"attachment-medium size-medium wp-image-1799\" alt=\"\" srcset=\"https:\/\/www.dev.pankrome.fr\/MJC\/wp-content\/uploads\/2026\/04\/KESPI-300x200.webp 300w, https:\/\/www.dev.pankrome.fr\/MJC\/wp-content\/uploads\/2026\/04\/KESPI-1920x1280.webp 1920w, https:\/\/www.dev.pankrome.fr\/MJC\/wp-content\/uploads\/2026\/04\/KESPI-150x100.webp 150w, https:\/\/www.dev.pankrome.fr\/MJC\/wp-content\/uploads\/2026\/04\/KESPI-768x512.webp 768w, https:\/\/www.dev.pankrome.fr\/MJC\/wp-content\/uploads\/2026\/04\/KESPI-1536x1024.webp 1536w, https:\/\/www.dev.pankrome.fr\/MJC\/wp-content\/uploads\/2026\/04\/KESPI-2048x1365.webp 2048w\" sizes=\"(max-width: 300px) 100vw, 300px\" \/>\t\t\t\t\t\t\t\t\t\t\t\t\t\t\t<\/div>\n\t\t<div class=\"elementor-element elementor-element-3823b9a e-con-full e-flex e-con e-child\" data-id=\"3823b9a\" data-element_type=\"container\" data-e-type=\"container\" data-settings=\"{&quot;background_background&quot;:&quot;classic&quot;}\">\n\t\t\t\t<div class=\"elementor-element elementor-element-81defe3 elementor-widget elementor-widget-theme-post-title elementor-page-title elementor-widget-heading\" data-id=\"81defe3\" data-element_type=\"widget\" data-e-type=\"widget\" data-widget_type=\"theme-post-title.default\">\n\t\t\t\t\t<h1 class=\"elementor-heading-title elementor-size-default\">Mich\u00e8le KESPI<\/h1>\t\t\t\t<\/div>\n\t\t\t\t<div class=\"elementor-element elementor-element-a581572 elementor-widget elementor-widget-theme-post-excerpt\" data-id=\"a581572\" data-element_type=\"widget\" data-e-type=\"widget\" data-widget_type=\"theme-post-excerpt.default\">\n\t\t\t\t\tDipl\u00f4m\u00e9e en chant lyrique du Conservatoire Darius Milhaud, elle met en sc\u00e8ne plusieurs spectacles, dont Les Noces de Figaro, La Vie Parisienne et bient\u00f4t La P\u00e9richole (novembre 2025).\t\t\t\t<\/div>\n\t\t\t\t<\/div>\n\t\t\t\t<\/a>\n\t\t\t\t<\/div>\n\t\t\t\t<div data-elementor-type=\"loop-item\" data-elementor-id=\"1619\" class=\"elementor elementor-1619 e-loop-item e-loop-item-1730 post-1730 professeur type-professeur status-publish has-post-thumbnail hentry\" data-elementor-post-type=\"elementor_library\" data-custom-edit-handle=\"1\">\n\t\t\t<a class=\"elementor-element elementor-element-d73afbc e-con-full zoom e-flex e-con e-parent\" data-id=\"d73afbc\" data-element_type=\"container\" data-e-type=\"container\" data-settings=\"{&quot;background_background&quot;:&quot;classic&quot;}\" href=\"https:\/\/www.dev.pankrome.fr\/MJC\/professeur\/nathalie-lasserre\/\">\n\t\t\t\t<div class=\"elementor-element elementor-element-ca9642e elementor-widget__width-initial elementor-widget elementor-widget-theme-post-featured-image elementor-widget-image\" data-id=\"ca9642e\" data-element_type=\"widget\" data-e-type=\"widget\" data-widget_type=\"theme-post-featured-image.default\">\n\t\t\t\t\t\t\t\t\t\t\t\t\t\t\t<img loading=\"lazy\" decoding=\"async\" width=\"300\" height=\"292\" src=\"https:\/\/www.dev.pankrome.fr\/MJC\/wp-content\/uploads\/2026\/04\/LASSERRE-300x292.webp\" class=\"attachment-medium size-medium wp-image-1800\" alt=\"\" srcset=\"https:\/\/www.dev.pankrome.fr\/MJC\/wp-content\/uploads\/2026\/04\/LASSERRE-300x292.webp 300w, https:\/\/www.dev.pankrome.fr\/MJC\/wp-content\/uploads\/2026\/04\/LASSERRE-150x146.webp 150w, https:\/\/www.dev.pankrome.fr\/MJC\/wp-content\/uploads\/2026\/04\/LASSERRE-768x748.webp 768w, https:\/\/www.dev.pankrome.fr\/MJC\/wp-content\/uploads\/2026\/04\/LASSERRE.webp 1521w\" sizes=\"(max-width: 300px) 100vw, 300px\" \/>\t\t\t\t\t\t\t\t\t\t\t\t\t\t\t<\/div>\n\t\t<div class=\"elementor-element elementor-element-3823b9a e-con-full e-flex e-con e-child\" data-id=\"3823b9a\" data-element_type=\"container\" data-e-type=\"container\" data-settings=\"{&quot;background_background&quot;:&quot;classic&quot;}\">\n\t\t\t\t<div class=\"elementor-element elementor-element-81defe3 elementor-widget elementor-widget-theme-post-title elementor-page-title elementor-widget-heading\" data-id=\"81defe3\" data-element_type=\"widget\" data-e-type=\"widget\" data-widget_type=\"theme-post-title.default\">\n\t\t\t\t\t<h1 class=\"elementor-heading-title elementor-size-default\">Nathalie LASSERRE<\/h1>\t\t\t\t<\/div>\n\t\t\t\t<div class=\"elementor-element elementor-element-a581572 elementor-widget elementor-widget-theme-post-excerpt\" data-id=\"a581572\" data-element_type=\"widget\" data-e-type=\"widget\" data-widget_type=\"theme-post-excerpt.default\">\n\t\t\t\t\tCom\u00e9dienne et professeure de th\u00e9\u00e2tre depuis plus de 25 ans, dipl\u00f4m\u00e9e d\u2019un Master 2 en Arts de la sc\u00e8ne, elle accompagne chacun avec passion pour r\u00e9v\u00e9ler ses talents.\t\t\t\t<\/div>\n\t\t\t\t<\/div>\n\t\t\t\t<\/a>\n\t\t\t\t<\/div>\n\t\t\t\t<div data-elementor-type=\"loop-item\" data-elementor-id=\"1619\" class=\"elementor elementor-1619 e-loop-item e-loop-item-1739 post-1739 professeur type-professeur status-publish has-post-thumbnail hentry\" data-elementor-post-type=\"elementor_library\" data-custom-edit-handle=\"1\">\n\t\t\t<a class=\"elementor-element elementor-element-d73afbc e-con-full zoom e-flex e-con e-parent\" data-id=\"d73afbc\" data-element_type=\"container\" data-e-type=\"container\" data-settings=\"{&quot;background_background&quot;:&quot;classic&quot;}\" href=\"https:\/\/www.dev.pankrome.fr\/MJC\/professeur\/julien-lazer\/\">\n\t\t\t\t<div class=\"elementor-element elementor-element-ca9642e elementor-widget__width-initial elementor-widget elementor-widget-theme-post-featured-image elementor-widget-image\" data-id=\"ca9642e\" data-element_type=\"widget\" data-e-type=\"widget\" data-widget_type=\"theme-post-featured-image.default\">\n\t\t\t\t\t\t\t\t\t\t\t\t\t\t\t<img loading=\"lazy\" decoding=\"async\" width=\"300\" height=\"222\" src=\"https:\/\/www.dev.pankrome.fr\/MJC\/wp-content\/uploads\/2026\/04\/LAZER-300x222.webp\" class=\"attachment-medium size-medium wp-image-1801\" alt=\"\" srcset=\"https:\/\/www.dev.pankrome.fr\/MJC\/wp-content\/uploads\/2026\/04\/LAZER-300x222.webp 300w, https:\/\/www.dev.pankrome.fr\/MJC\/wp-content\/uploads\/2026\/04\/LAZER-150x111.webp 150w, https:\/\/www.dev.pankrome.fr\/MJC\/wp-content\/uploads\/2026\/04\/LAZER-768x567.webp 768w, https:\/\/www.dev.pankrome.fr\/MJC\/wp-content\/uploads\/2026\/04\/LAZER-1536x1134.webp 1536w, https:\/\/www.dev.pankrome.fr\/MJC\/wp-content\/uploads\/2026\/04\/LAZER.webp 1800w\" sizes=\"(max-width: 300px) 100vw, 300px\" \/>\t\t\t\t\t\t\t\t\t\t\t\t\t\t\t<\/div>\n\t\t<div class=\"elementor-element elementor-element-3823b9a e-con-full e-flex e-con e-child\" data-id=\"3823b9a\" data-element_type=\"container\" data-e-type=\"container\" data-settings=\"{&quot;background_background&quot;:&quot;classic&quot;}\">\n\t\t\t\t<div class=\"elementor-element elementor-element-81defe3 elementor-widget elementor-widget-theme-post-title elementor-page-title elementor-widget-heading\" data-id=\"81defe3\" data-element_type=\"widget\" data-e-type=\"widget\" data-widget_type=\"theme-post-title.default\">\n\t\t\t\t\t<h1 class=\"elementor-heading-title elementor-size-default\">Julien LAZER<\/h1>\t\t\t\t<\/div>\n\t\t\t\t<div class=\"elementor-element elementor-element-a581572 elementor-widget elementor-widget-theme-post-excerpt\" data-id=\"a581572\" data-element_type=\"widget\" data-e-type=\"widget\" data-widget_type=\"theme-post-excerpt.default\">\n\t\t\t\t\tPassionn\u00e9 de rythme depuis l\u2019enfance, il explore percussions et batterie. Son exp\u00e9rience sc\u00e9nique au sein de diverses formations enrichit son enseignement.\t\t\t\t<\/div>\n\t\t\t\t<\/div>\n\t\t\t\t<\/a>\n\t\t\t\t<\/div>\n\t\t\t\t<div data-elementor-type=\"loop-item\" data-elementor-id=\"1619\" class=\"elementor elementor-1619 e-loop-item e-loop-item-1764 post-1764 professeur type-professeur status-publish has-post-thumbnail hentry\" data-elementor-post-type=\"elementor_library\" data-custom-edit-handle=\"1\">\n\t\t\t<a class=\"elementor-element elementor-element-d73afbc e-con-full zoom e-flex e-con e-parent\" data-id=\"d73afbc\" data-element_type=\"container\" data-e-type=\"container\" data-settings=\"{&quot;background_background&quot;:&quot;classic&quot;}\" href=\"https:\/\/www.dev.pankrome.fr\/MJC\/professeur\/herve-rollero\/\">\n\t\t\t\t<div class=\"elementor-element elementor-element-ca9642e elementor-widget__width-initial elementor-widget elementor-widget-theme-post-featured-image elementor-widget-image\" data-id=\"ca9642e\" data-element_type=\"widget\" data-e-type=\"widget\" data-widget_type=\"theme-post-featured-image.default\">\n\t\t\t\t\t\t\t\t\t\t\t\t\t\t\t<img loading=\"lazy\" decoding=\"async\" width=\"212\" height=\"300\" src=\"https:\/\/www.dev.pankrome.fr\/MJC\/wp-content\/uploads\/2026\/04\/ROLLERO-1-212x300.webp\" class=\"attachment-medium size-medium wp-image-1810\" alt=\"\" srcset=\"https:\/\/www.dev.pankrome.fr\/MJC\/wp-content\/uploads\/2026\/04\/ROLLERO-1-212x300.webp 212w, https:\/\/www.dev.pankrome.fr\/MJC\/wp-content\/uploads\/2026\/04\/ROLLERO-1-106x150.webp 106w, https:\/\/www.dev.pankrome.fr\/MJC\/wp-content\/uploads\/2026\/04\/ROLLERO-1-768x1089.webp 768w, https:\/\/www.dev.pankrome.fr\/MJC\/wp-content\/uploads\/2026\/04\/ROLLERO-1-1084x1536.webp 1084w, https:\/\/www.dev.pankrome.fr\/MJC\/wp-content\/uploads\/2026\/04\/ROLLERO-1.webp 1305w\" sizes=\"(max-width: 212px) 100vw, 212px\" \/>\t\t\t\t\t\t\t\t\t\t\t\t\t\t\t<\/div>\n\t\t<div class=\"elementor-element elementor-element-3823b9a e-con-full e-flex e-con e-child\" data-id=\"3823b9a\" data-element_type=\"container\" data-e-type=\"container\" data-settings=\"{&quot;background_background&quot;:&quot;classic&quot;}\">\n\t\t\t\t<div class=\"elementor-element elementor-element-81defe3 elementor-widget elementor-widget-theme-post-title elementor-page-title elementor-widget-heading\" data-id=\"81defe3\" data-element_type=\"widget\" data-e-type=\"widget\" data-widget_type=\"theme-post-title.default\">\n\t\t\t\t\t<h1 class=\"elementor-heading-title elementor-size-default\">Herv\u00e9 ROLLERO<\/h1>\t\t\t\t<\/div>\n\t\t\t\t<div class=\"elementor-element elementor-element-a581572 elementor-widget elementor-widget-theme-post-excerpt\" data-id=\"a581572\" data-element_type=\"widget\" data-e-type=\"widget\" data-widget_type=\"theme-post-excerpt.default\">\n\t\t\t\t\tGuitariste, form\u00e9 au fi nger picking et \u00e0 l\u2019IMFP, il est aussi compositeur et arrangeur dans plusieurs styles (rock, funk, jazz, latino).\t\t\t\t<\/div>\n\t\t\t\t<\/div>\n\t\t\t\t<\/a>\n\t\t\t\t<\/div>\n\t\t\t\t<div data-elementor-type=\"loop-item\" data-elementor-id=\"1619\" class=\"elementor elementor-1619 e-loop-item e-loop-item-1771 post-1771 professeur type-professeur status-publish has-post-thumbnail hentry\" data-elementor-post-type=\"elementor_library\" data-custom-edit-handle=\"1\">\n\t\t\t<a class=\"elementor-element elementor-element-d73afbc e-con-full zoom e-flex e-con e-parent\" data-id=\"d73afbc\" data-element_type=\"container\" data-e-type=\"container\" data-settings=\"{&quot;background_background&quot;:&quot;classic&quot;}\" href=\"https:\/\/www.dev.pankrome.fr\/MJC\/professeur\/yan-yalego\/\">\n\t\t\t\t<div class=\"elementor-element elementor-element-ca9642e elementor-widget__width-initial elementor-widget elementor-widget-theme-post-featured-image elementor-widget-image\" data-id=\"ca9642e\" data-element_type=\"widget\" data-e-type=\"widget\" data-widget_type=\"theme-post-featured-image.default\">\n\t\t\t\t\t\t\t\t\t\t\t\t\t\t\t<img loading=\"lazy\" decoding=\"async\" width=\"300\" height=\"239\" src=\"https:\/\/www.dev.pankrome.fr\/MJC\/wp-content\/uploads\/2026\/04\/YALEGO-300x239.webp\" class=\"attachment-medium size-medium wp-image-1815\" alt=\"\" srcset=\"https:\/\/www.dev.pankrome.fr\/MJC\/wp-content\/uploads\/2026\/04\/YALEGO-300x239.webp 300w, https:\/\/www.dev.pankrome.fr\/MJC\/wp-content\/uploads\/2026\/04\/YALEGO-1920x1527.webp 1920w, https:\/\/www.dev.pankrome.fr\/MJC\/wp-content\/uploads\/2026\/04\/YALEGO-150x119.webp 150w, https:\/\/www.dev.pankrome.fr\/MJC\/wp-content\/uploads\/2026\/04\/YALEGO-768x611.webp 768w, https:\/\/www.dev.pankrome.fr\/MJC\/wp-content\/uploads\/2026\/04\/YALEGO-1536x1222.webp 1536w, https:\/\/www.dev.pankrome.fr\/MJC\/wp-content\/uploads\/2026\/04\/YALEGO-2048x1629.webp 2048w\" sizes=\"(max-width: 300px) 100vw, 300px\" \/>\t\t\t\t\t\t\t\t\t\t\t\t\t\t\t<\/div>\n\t\t<div class=\"elementor-element elementor-element-3823b9a e-con-full e-flex e-con e-child\" data-id=\"3823b9a\" data-element_type=\"container\" data-e-type=\"container\" data-settings=\"{&quot;background_background&quot;:&quot;classic&quot;}\">\n\t\t\t\t<div class=\"elementor-element elementor-element-81defe3 elementor-widget elementor-widget-theme-post-title elementor-page-title elementor-widget-heading\" data-id=\"81defe3\" data-element_type=\"widget\" data-e-type=\"widget\" data-widget_type=\"theme-post-title.default\">\n\t\t\t\t\t<h1 class=\"elementor-heading-title elementor-size-default\">Yan YALEGO<\/h1>\t\t\t\t<\/div>\n\t\t\t\t<div class=\"elementor-element elementor-element-a581572 elementor-widget elementor-widget-theme-post-excerpt\" data-id=\"a581572\" data-element_type=\"widget\" data-e-type=\"widget\" data-widget_type=\"theme-post-excerpt.default\">\n\t\t\t\t\tUkul\u00e9liste et chanteur depuis 20 ans, il joue en festivals internationaux et enseigne le folk par apprentissage oral.\t\t\t\t<\/div>\n\t\t\t\t<\/div>\n\t\t\t\t<\/a>\n\t\t\t\t<\/div>\n\t\t\t\t<div data-elementor-type=\"loop-item\" data-elementor-id=\"1619\" class=\"elementor elementor-1619 e-loop-item e-loop-item-1768 post-1768 professeur type-professeur status-publish has-post-thumbnail hentry\" data-elementor-post-type=\"elementor_library\" data-custom-edit-handle=\"1\">\n\t\t\t<a class=\"elementor-element elementor-element-d73afbc e-con-full zoom e-flex e-con e-parent\" data-id=\"d73afbc\" data-element_type=\"container\" data-e-type=\"container\" data-settings=\"{&quot;background_background&quot;:&quot;classic&quot;}\" href=\"https:\/\/www.dev.pankrome.fr\/MJC\/professeur\/david-vidaud\/\">\n\t\t\t\t<div class=\"elementor-element elementor-element-ca9642e elementor-widget__width-initial elementor-widget elementor-widget-theme-post-featured-image elementor-widget-image\" data-id=\"ca9642e\" data-element_type=\"widget\" data-e-type=\"widget\" data-widget_type=\"theme-post-featured-image.default\">\n\t\t\t\t\t\t\t\t\t\t\t\t\t\t\t<img loading=\"lazy\" decoding=\"async\" width=\"234\" height=\"300\" src=\"https:\/\/www.dev.pankrome.fr\/MJC\/wp-content\/uploads\/2026\/04\/VIDAUD-234x300.webp\" class=\"attachment-medium size-medium wp-image-1814\" alt=\"\" srcset=\"https:\/\/www.dev.pankrome.fr\/MJC\/wp-content\/uploads\/2026\/04\/VIDAUD-234x300.webp 234w, https:\/\/www.dev.pankrome.fr\/MJC\/wp-content\/uploads\/2026\/04\/VIDAUD-1499x1920.webp 1499w, https:\/\/www.dev.pankrome.fr\/MJC\/wp-content\/uploads\/2026\/04\/VIDAUD-117x150.webp 117w, https:\/\/www.dev.pankrome.fr\/MJC\/wp-content\/uploads\/2026\/04\/VIDAUD-768x983.webp 768w, https:\/\/www.dev.pankrome.fr\/MJC\/wp-content\/uploads\/2026\/04\/VIDAUD-1200x1536.webp 1200w, https:\/\/www.dev.pankrome.fr\/MJC\/wp-content\/uploads\/2026\/04\/VIDAUD-1599x2048.webp 1599w, https:\/\/www.dev.pankrome.fr\/MJC\/wp-content\/uploads\/2026\/04\/VIDAUD-scaled.webp 1999w\" sizes=\"(max-width: 234px) 100vw, 234px\" \/>\t\t\t\t\t\t\t\t\t\t\t\t\t\t\t<\/div>\n\t\t<div class=\"elementor-element elementor-element-3823b9a e-con-full e-flex e-con e-child\" data-id=\"3823b9a\" data-element_type=\"container\" data-e-type=\"container\" data-settings=\"{&quot;background_background&quot;:&quot;classic&quot;}\">\n\t\t\t\t<div class=\"elementor-element elementor-element-81defe3 elementor-widget elementor-widget-theme-post-title elementor-page-title elementor-widget-heading\" data-id=\"81defe3\" data-element_type=\"widget\" data-e-type=\"widget\" data-widget_type=\"theme-post-title.default\">\n\t\t\t\t\t<h1 class=\"elementor-heading-title elementor-size-default\">David VIDAUD<\/h1>\t\t\t\t<\/div>\n\t\t\t\t<div class=\"elementor-element elementor-element-a581572 elementor-widget elementor-widget-theme-post-excerpt\" data-id=\"a581572\" data-element_type=\"widget\" data-e-type=\"widget\" data-widget_type=\"theme-post-excerpt.default\">\n\t\t\t\t\tPianiste et claveciniste dipl\u00f4m\u00e9 d\u2019Aix-en-Provence, il enseigne la musique ancienne en adaptant sa p\u00e9dagogie \u00e0 chaque \u00e9l\u00e8ve, avec \u00e9coute et plaisir.\t\t\t\t<\/div>\n\t\t\t\t<\/div>\n\t\t\t\t<\/a>\n\t\t\t\t<\/div>\n\t\t\t\t<div data-elementor-type=\"loop-item\" data-elementor-id=\"1619\" class=\"elementor elementor-1619 e-loop-item e-loop-item-1767 post-1767 professeur type-professeur status-publish has-post-thumbnail hentry\" data-elementor-post-type=\"elementor_library\" data-custom-edit-handle=\"1\">\n\t\t\t<a class=\"elementor-element elementor-element-d73afbc e-con-full zoom e-flex e-con e-parent\" data-id=\"d73afbc\" data-element_type=\"container\" data-e-type=\"container\" data-settings=\"{&quot;background_background&quot;:&quot;classic&quot;}\" href=\"https:\/\/www.dev.pankrome.fr\/MJC\/professeur\/solmaz-shaverdi\/\">\n\t\t\t\t<div class=\"elementor-element elementor-element-ca9642e elementor-widget__width-initial elementor-widget elementor-widget-theme-post-featured-image elementor-widget-image\" data-id=\"ca9642e\" data-element_type=\"widget\" data-e-type=\"widget\" data-widget_type=\"theme-post-featured-image.default\">\n\t\t\t\t\t\t\t\t\t\t\t\t\t\t\t<img loading=\"lazy\" decoding=\"async\" width=\"300\" height=\"246\" src=\"https:\/\/www.dev.pankrome.fr\/MJC\/wp-content\/uploads\/2026\/04\/SHAVERDI-300x246.webp\" class=\"attachment-medium size-medium wp-image-1813\" alt=\"\" srcset=\"https:\/\/www.dev.pankrome.fr\/MJC\/wp-content\/uploads\/2026\/04\/SHAVERDI-300x246.webp 300w, https:\/\/www.dev.pankrome.fr\/MJC\/wp-content\/uploads\/2026\/04\/SHAVERDI-1920x1576.webp 1920w, https:\/\/www.dev.pankrome.fr\/MJC\/wp-content\/uploads\/2026\/04\/SHAVERDI-150x123.webp 150w, https:\/\/www.dev.pankrome.fr\/MJC\/wp-content\/uploads\/2026\/04\/SHAVERDI-768x631.webp 768w, https:\/\/www.dev.pankrome.fr\/MJC\/wp-content\/uploads\/2026\/04\/SHAVERDI-1536x1261.webp 1536w, https:\/\/www.dev.pankrome.fr\/MJC\/wp-content\/uploads\/2026\/04\/SHAVERDI-2048x1681.webp 2048w\" sizes=\"(max-width: 300px) 100vw, 300px\" \/>\t\t\t\t\t\t\t\t\t\t\t\t\t\t\t<\/div>\n\t\t<div class=\"elementor-element elementor-element-3823b9a e-con-full e-flex e-con e-child\" data-id=\"3823b9a\" data-element_type=\"container\" data-e-type=\"container\" data-settings=\"{&quot;background_background&quot;:&quot;classic&quot;}\">\n\t\t\t\t<div class=\"elementor-element elementor-element-81defe3 elementor-widget elementor-widget-theme-post-title elementor-page-title elementor-widget-heading\" data-id=\"81defe3\" data-element_type=\"widget\" data-e-type=\"widget\" data-widget_type=\"theme-post-title.default\">\n\t\t\t\t\t<h1 class=\"elementor-heading-title elementor-size-default\">Solmaz SHAVERDI<\/h1>\t\t\t\t<\/div>\n\t\t\t\t<div class=\"elementor-element elementor-element-a581572 elementor-widget elementor-widget-theme-post-excerpt\" data-id=\"a581572\" data-element_type=\"widget\" data-e-type=\"widget\" data-widget_type=\"theme-post-excerpt.default\">\n\t\t\t\t\tVioloncelliste dipl\u00f4m\u00e9e de T\u00e9h\u00e9ran et d\u2019Aix-en-Provence, elle se sp\u00e9cialise dans l\u2019\u00e9veil musical et joue avec les Archets du Roy Ren\u00e9 et le Quintette de Castellane.\t\t\t\t<\/div>\n\t\t\t\t<\/div>\n\t\t\t\t<\/a>\n\t\t\t\t<\/div>\n\t\t\t\t<div data-elementor-type=\"loop-item\" data-elementor-id=\"1619\" class=\"elementor elementor-1619 e-loop-item e-loop-item-1766 post-1766 professeur type-professeur status-publish has-post-thumbnail hentry\" data-elementor-post-type=\"elementor_library\" data-custom-edit-handle=\"1\">\n\t\t\t<a class=\"elementor-element elementor-element-d73afbc e-con-full zoom e-flex e-con e-parent\" data-id=\"d73afbc\" data-element_type=\"container\" data-e-type=\"container\" data-settings=\"{&quot;background_background&quot;:&quot;classic&quot;}\" href=\"https:\/\/www.dev.pankrome.fr\/MJC\/professeur\/marco-soulacroup\/\">\n\t\t\t\t<div class=\"elementor-element elementor-element-ca9642e elementor-widget__width-initial elementor-widget elementor-widget-theme-post-featured-image elementor-widget-image\" data-id=\"ca9642e\" data-element_type=\"widget\" data-e-type=\"widget\" data-widget_type=\"theme-post-featured-image.default\">\n\t\t\t\t\t\t\t\t\t\t\t\t\t\t\t<img loading=\"lazy\" decoding=\"async\" width=\"300\" height=\"254\" src=\"https:\/\/www.dev.pankrome.fr\/MJC\/wp-content\/uploads\/2026\/04\/SOULACROUP-300x254.webp\" class=\"attachment-medium size-medium wp-image-1812\" alt=\"\" srcset=\"https:\/\/www.dev.pankrome.fr\/MJC\/wp-content\/uploads\/2026\/04\/SOULACROUP-300x254.webp 300w, https:\/\/www.dev.pankrome.fr\/MJC\/wp-content\/uploads\/2026\/04\/SOULACROUP-1920x1626.webp 1920w, https:\/\/www.dev.pankrome.fr\/MJC\/wp-content\/uploads\/2026\/04\/SOULACROUP-150x127.webp 150w, https:\/\/www.dev.pankrome.fr\/MJC\/wp-content\/uploads\/2026\/04\/SOULACROUP-768x650.webp 768w, https:\/\/www.dev.pankrome.fr\/MJC\/wp-content\/uploads\/2026\/04\/SOULACROUP-1536x1300.webp 1536w, https:\/\/www.dev.pankrome.fr\/MJC\/wp-content\/uploads\/2026\/04\/SOULACROUP-2048x1734.webp 2048w\" sizes=\"(max-width: 300px) 100vw, 300px\" \/>\t\t\t\t\t\t\t\t\t\t\t\t\t\t\t<\/div>\n\t\t<div class=\"elementor-element elementor-element-3823b9a e-con-full e-flex e-con e-child\" data-id=\"3823b9a\" data-element_type=\"container\" data-e-type=\"container\" data-settings=\"{&quot;background_background&quot;:&quot;classic&quot;}\">\n\t\t\t\t<div class=\"elementor-element elementor-element-81defe3 elementor-widget elementor-widget-theme-post-title elementor-page-title elementor-widget-heading\" data-id=\"81defe3\" data-element_type=\"widget\" data-e-type=\"widget\" data-widget_type=\"theme-post-title.default\">\n\t\t\t\t\t<h1 class=\"elementor-heading-title elementor-size-default\">Marco SOULACROUP<\/h1>\t\t\t\t<\/div>\n\t\t\t\t<div class=\"elementor-element elementor-element-a581572 elementor-widget elementor-widget-theme-post-excerpt\" data-id=\"a581572\" data-element_type=\"widget\" data-e-type=\"widget\" data-widget_type=\"theme-post-excerpt.default\">\n\t\t\t\t\tUn touche \u00e0 tout du son : ing\u00e9nieur du son (rex, mix et mastering), beatmaker et sound designer.\t\t\t\t<\/div>\n\t\t\t\t<\/div>\n\t\t\t\t<\/a>\n\t\t\t\t<\/div>\n\t\t\t\t<div data-elementor-type=\"loop-item\" data-elementor-id=\"1619\" class=\"elementor elementor-1619 e-loop-item e-loop-item-1763 post-1763 professeur type-professeur status-publish has-post-thumbnail hentry\" data-elementor-post-type=\"elementor_library\" data-custom-edit-handle=\"1\">\n\t\t\t<a class=\"elementor-element elementor-element-d73afbc e-con-full zoom e-flex e-con e-parent\" data-id=\"d73afbc\" data-element_type=\"container\" data-e-type=\"container\" data-settings=\"{&quot;background_background&quot;:&quot;classic&quot;}\" href=\"https:\/\/www.dev.pankrome.fr\/MJC\/professeur\/bernard-polomeni\/\">\n\t\t\t\t<div class=\"elementor-element elementor-element-ca9642e elementor-widget__width-initial elementor-widget elementor-widget-theme-post-featured-image elementor-widget-image\" data-id=\"ca9642e\" data-element_type=\"widget\" data-e-type=\"widget\" data-widget_type=\"theme-post-featured-image.default\">\n\t\t\t\t\t\t\t\t\t\t\t\t\t\t\t<img loading=\"lazy\" decoding=\"async\" width=\"300\" height=\"247\" src=\"https:\/\/www.dev.pankrome.fr\/MJC\/wp-content\/uploads\/2026\/04\/POLOMENI-300x247.webp\" class=\"attachment-medium size-medium wp-image-1809\" alt=\"\" srcset=\"https:\/\/www.dev.pankrome.fr\/MJC\/wp-content\/uploads\/2026\/04\/POLOMENI-300x247.webp 300w, https:\/\/www.dev.pankrome.fr\/MJC\/wp-content\/uploads\/2026\/04\/POLOMENI-1920x1584.webp 1920w, https:\/\/www.dev.pankrome.fr\/MJC\/wp-content\/uploads\/2026\/04\/POLOMENI-150x124.webp 150w, https:\/\/www.dev.pankrome.fr\/MJC\/wp-content\/uploads\/2026\/04\/POLOMENI-768x633.webp 768w, https:\/\/www.dev.pankrome.fr\/MJC\/wp-content\/uploads\/2026\/04\/POLOMENI-1536x1267.webp 1536w, https:\/\/www.dev.pankrome.fr\/MJC\/wp-content\/uploads\/2026\/04\/POLOMENI-2048x1689.webp 2048w\" sizes=\"(max-width: 300px) 100vw, 300px\" \/>\t\t\t\t\t\t\t\t\t\t\t\t\t\t\t<\/div>\n\t\t<div class=\"elementor-element elementor-element-3823b9a e-con-full e-flex e-con e-child\" data-id=\"3823b9a\" data-element_type=\"container\" data-e-type=\"container\" data-settings=\"{&quot;background_background&quot;:&quot;classic&quot;}\">\n\t\t\t\t<div class=\"elementor-element elementor-element-81defe3 elementor-widget elementor-widget-theme-post-title elementor-page-title elementor-widget-heading\" data-id=\"81defe3\" data-element_type=\"widget\" data-e-type=\"widget\" data-widget_type=\"theme-post-title.default\">\n\t\t\t\t\t<h1 class=\"elementor-heading-title elementor-size-default\">Bernard POLOMENI<\/h1>\t\t\t\t<\/div>\n\t\t\t\t<div class=\"elementor-element elementor-element-a581572 elementor-widget elementor-widget-theme-post-excerpt\" data-id=\"a581572\" data-element_type=\"widget\" data-e-type=\"widget\" data-widget_type=\"theme-post-excerpt.default\">\n\t\t\t\t\tDipl\u00f4m\u00e9 des conservatoires de Marseille et Montpellier, il enseigne saxophone et clarinette avec plaisir.\t\t\t\t<\/div>\n\t\t\t\t<\/div>\n\t\t\t\t<\/a>\n\t\t\t\t<\/div>\n\t\t\t\t<div data-elementor-type=\"loop-item\" data-elementor-id=\"1619\" class=\"elementor elementor-1619 e-loop-item e-loop-item-1754 post-1754 professeur type-professeur status-publish has-post-thumbnail hentry\" data-elementor-post-type=\"elementor_library\" data-custom-edit-handle=\"1\">\n\t\t\t<a class=\"elementor-element elementor-element-d73afbc e-con-full zoom e-flex e-con e-parent\" data-id=\"d73afbc\" data-element_type=\"container\" data-e-type=\"container\" data-settings=\"{&quot;background_background&quot;:&quot;classic&quot;}\" href=\"https:\/\/www.dev.pankrome.fr\/MJC\/professeur\/christophe-pascal\/\">\n\t\t\t\t<div class=\"elementor-element elementor-element-ca9642e elementor-widget__width-initial elementor-widget elementor-widget-theme-post-featured-image elementor-widget-image\" data-id=\"ca9642e\" data-element_type=\"widget\" data-e-type=\"widget\" data-widget_type=\"theme-post-featured-image.default\">\n\t\t\t\t\t\t\t\t\t\t\t\t\t\t\t<img loading=\"lazy\" decoding=\"async\" width=\"300\" height=\"239\" src=\"https:\/\/www.dev.pankrome.fr\/MJC\/wp-content\/uploads\/2026\/04\/PASCAL-300x239.webp\" class=\"attachment-medium size-medium wp-image-1808\" alt=\"\" srcset=\"https:\/\/www.dev.pankrome.fr\/MJC\/wp-content\/uploads\/2026\/04\/PASCAL-300x239.webp 300w, https:\/\/www.dev.pankrome.fr\/MJC\/wp-content\/uploads\/2026\/04\/PASCAL-1920x1527.webp 1920w, https:\/\/www.dev.pankrome.fr\/MJC\/wp-content\/uploads\/2026\/04\/PASCAL-150x119.webp 150w, https:\/\/www.dev.pankrome.fr\/MJC\/wp-content\/uploads\/2026\/04\/PASCAL-768x611.webp 768w, https:\/\/www.dev.pankrome.fr\/MJC\/wp-content\/uploads\/2026\/04\/PASCAL-1536x1222.webp 1536w, https:\/\/www.dev.pankrome.fr\/MJC\/wp-content\/uploads\/2026\/04\/PASCAL-2048x1629.webp 2048w\" sizes=\"(max-width: 300px) 100vw, 300px\" \/>\t\t\t\t\t\t\t\t\t\t\t\t\t\t\t<\/div>\n\t\t<div class=\"elementor-element elementor-element-3823b9a e-con-full e-flex e-con e-child\" data-id=\"3823b9a\" data-element_type=\"container\" data-e-type=\"container\" data-settings=\"{&quot;background_background&quot;:&quot;classic&quot;}\">\n\t\t\t\t<div class=\"elementor-element elementor-element-81defe3 elementor-widget elementor-widget-theme-post-title elementor-page-title elementor-widget-heading\" data-id=\"81defe3\" data-element_type=\"widget\" data-e-type=\"widget\" data-widget_type=\"theme-post-title.default\">\n\t\t\t\t\t<h1 class=\"elementor-heading-title elementor-size-default\">Christophe PASCAL<\/h1>\t\t\t\t<\/div>\n\t\t\t\t<div class=\"elementor-element elementor-element-a581572 elementor-widget elementor-widget-theme-post-excerpt\" data-id=\"a581572\" data-element_type=\"widget\" data-e-type=\"widget\" data-widget_type=\"theme-post-excerpt.default\">\n\t\t\t\t\tApr\u00e8s des \u00e9tudes juridiques et 25 ans comme directeur technique, il se consacre aujourd\u2019hui pleinement au th\u00e9\u00e2tre et au cin\u00e9ma, avec l\u2019envie de partager cette passion.\t\t\t\t<\/div>\n\t\t\t\t<\/div>\n\t\t\t\t<\/a>\n\t\t\t\t<\/div>\n\t\t\t\t<div data-elementor-type=\"loop-item\" data-elementor-id=\"1619\" class=\"elementor elementor-1619 e-loop-item e-loop-item-1751 post-1751 professeur type-professeur status-publish has-post-thumbnail hentry\" data-elementor-post-type=\"elementor_library\" data-custom-edit-handle=\"1\">\n\t\t\t<a class=\"elementor-element elementor-element-d73afbc e-con-full zoom e-flex e-con e-parent\" data-id=\"d73afbc\" data-element_type=\"container\" data-e-type=\"container\" data-settings=\"{&quot;background_background&quot;:&quot;classic&quot;}\" href=\"https:\/\/www.dev.pankrome.fr\/MJC\/professeur\/ionita-pacuraru-tripard\/\">\n\t\t\t\t<div class=\"elementor-element elementor-element-ca9642e elementor-widget__width-initial elementor-widget elementor-widget-theme-post-featured-image elementor-widget-image\" data-id=\"ca9642e\" data-element_type=\"widget\" data-e-type=\"widget\" data-widget_type=\"theme-post-featured-image.default\">\n\t\t\t\t\t\t\t\t\t\t\t\t\t\t\t<img loading=\"lazy\" decoding=\"async\" width=\"300\" height=\"279\" src=\"https:\/\/www.dev.pankrome.fr\/MJC\/wp-content\/uploads\/2026\/04\/PACURARU-300x279.webp\" class=\"attachment-medium size-medium wp-image-1807\" alt=\"\" srcset=\"https:\/\/www.dev.pankrome.fr\/MJC\/wp-content\/uploads\/2026\/04\/PACURARU-300x279.webp 300w, https:\/\/www.dev.pankrome.fr\/MJC\/wp-content\/uploads\/2026\/04\/PACURARU-1920x1783.webp 1920w, https:\/\/www.dev.pankrome.fr\/MJC\/wp-content\/uploads\/2026\/04\/PACURARU-150x139.webp 150w, https:\/\/www.dev.pankrome.fr\/MJC\/wp-content\/uploads\/2026\/04\/PACURARU-768x713.webp 768w, https:\/\/www.dev.pankrome.fr\/MJC\/wp-content\/uploads\/2026\/04\/PACURARU-1536x1426.webp 1536w, https:\/\/www.dev.pankrome.fr\/MJC\/wp-content\/uploads\/2026\/04\/PACURARU-2048x1902.webp 2048w\" sizes=\"(max-width: 300px) 100vw, 300px\" \/>\t\t\t\t\t\t\t\t\t\t\t\t\t\t\t<\/div>\n\t\t<div class=\"elementor-element elementor-element-3823b9a e-con-full e-flex e-con e-child\" data-id=\"3823b9a\" data-element_type=\"container\" data-e-type=\"container\" data-settings=\"{&quot;background_background&quot;:&quot;classic&quot;}\">\n\t\t\t\t<div class=\"elementor-element elementor-element-81defe3 elementor-widget elementor-widget-theme-post-title elementor-page-title elementor-widget-heading\" data-id=\"81defe3\" data-element_type=\"widget\" data-e-type=\"widget\" data-widget_type=\"theme-post-title.default\">\n\t\t\t\t\t<h1 class=\"elementor-heading-title elementor-size-default\">Ionita PACURARU-TRIPARD<\/h1>\t\t\t\t<\/div>\n\t\t\t\t<div class=\"elementor-element elementor-element-a581572 elementor-widget elementor-widget-theme-post-excerpt\" data-id=\"a581572\" data-element_type=\"widget\" data-e-type=\"widget\" data-widget_type=\"theme-post-excerpt.default\">\n\t\t\t\t\tDipl\u00f4m\u00e9e d\u2019Etat de professeur de piano et dipl\u00f4m\u00e9e du Conservatoire \u00e0 Rayonnement R\u00e9gional Darius Milhaud d\u2019Aix-en-Provence.\t\t\t\t<\/div>\n\t\t\t\t<\/div>\n\t\t\t\t<\/a>\n\t\t\t\t<\/div>\n\t\t\t\t<div data-elementor-type=\"loop-item\" data-elementor-id=\"1619\" class=\"elementor elementor-1619 e-loop-item e-loop-item-1748 post-1748 professeur type-professeur status-publish has-post-thumbnail hentry\" data-elementor-post-type=\"elementor_library\" data-custom-edit-handle=\"1\">\n\t\t\t<a class=\"elementor-element elementor-element-d73afbc e-con-full zoom e-flex e-con e-parent\" data-id=\"d73afbc\" data-element_type=\"container\" data-e-type=\"container\" data-settings=\"{&quot;background_background&quot;:&quot;classic&quot;}\" href=\"https:\/\/www.dev.pankrome.fr\/MJC\/professeur\/frederique-mazzieri\/\">\n\t\t\t\t<div class=\"elementor-element elementor-element-ca9642e elementor-widget__width-initial elementor-widget elementor-widget-theme-post-featured-image elementor-widget-image\" data-id=\"ca9642e\" data-element_type=\"widget\" data-e-type=\"widget\" data-widget_type=\"theme-post-featured-image.default\">\n\t\t\t\t\t\t\t\t\t\t\t\t\t\t\t<img loading=\"lazy\" decoding=\"async\" width=\"300\" height=\"253\" src=\"https:\/\/www.dev.pankrome.fr\/MJC\/wp-content\/uploads\/2026\/04\/MAZZIERI-300x253.webp\" class=\"attachment-medium size-medium wp-image-1806\" alt=\"\" srcset=\"https:\/\/www.dev.pankrome.fr\/MJC\/wp-content\/uploads\/2026\/04\/MAZZIERI-300x253.webp 300w, https:\/\/www.dev.pankrome.fr\/MJC\/wp-content\/uploads\/2026\/04\/MAZZIERI-1920x1620.webp 1920w, https:\/\/www.dev.pankrome.fr\/MJC\/wp-content\/uploads\/2026\/04\/MAZZIERI-150x127.webp 150w, https:\/\/www.dev.pankrome.fr\/MJC\/wp-content\/uploads\/2026\/04\/MAZZIERI-768x648.webp 768w, https:\/\/www.dev.pankrome.fr\/MJC\/wp-content\/uploads\/2026\/04\/MAZZIERI-1536x1296.webp 1536w, https:\/\/www.dev.pankrome.fr\/MJC\/wp-content\/uploads\/2026\/04\/MAZZIERI-2048x1728.webp 2048w\" sizes=\"(max-width: 300px) 100vw, 300px\" \/>\t\t\t\t\t\t\t\t\t\t\t\t\t\t\t<\/div>\n\t\t<div class=\"elementor-element elementor-element-3823b9a e-con-full e-flex e-con e-child\" data-id=\"3823b9a\" data-element_type=\"container\" data-e-type=\"container\" data-settings=\"{&quot;background_background&quot;:&quot;classic&quot;}\">\n\t\t\t\t<div class=\"elementor-element elementor-element-81defe3 elementor-widget elementor-widget-theme-post-title elementor-page-title elementor-widget-heading\" data-id=\"81defe3\" data-element_type=\"widget\" data-e-type=\"widget\" data-widget_type=\"theme-post-title.default\">\n\t\t\t\t\t<h1 class=\"elementor-heading-title elementor-size-default\">Fr\u00e9d\u00e9rique MAZZIERI<\/h1>\t\t\t\t<\/div>\n\t\t\t\t<div class=\"elementor-element elementor-element-a581572 elementor-widget elementor-widget-theme-post-excerpt\" data-id=\"a581572\" data-element_type=\"widget\" data-e-type=\"widget\" data-widget_type=\"theme-post-excerpt.default\">\n\t\t\t\t\tCom\u00e9dienne depuis 1985, form\u00e9e au th\u00e9\u00e2tre gestuel (m\u00e9thode Lecoq) et au conservatoire de Grenoble, elle est aussi sc\u00e9nographe, metteuse en sc\u00e8ne et p\u00e9dagogue. Elle intervient \u00e0 la MJC Pr\u00e9vert depuis 2004.\t\t\t\t<\/div>\n\t\t\t\t<\/div>\n\t\t\t\t<\/a>\n\t\t\t\t<\/div>\n\t\t\t\t<div data-elementor-type=\"loop-item\" data-elementor-id=\"1619\" class=\"elementor elementor-1619 e-loop-item e-loop-item-1745 post-1745 professeur type-professeur status-publish has-post-thumbnail hentry\" data-elementor-post-type=\"elementor_library\" data-custom-edit-handle=\"1\">\n\t\t\t<a class=\"elementor-element elementor-element-d73afbc e-con-full zoom e-flex e-con e-parent\" data-id=\"d73afbc\" data-element_type=\"container\" data-e-type=\"container\" data-settings=\"{&quot;background_background&quot;:&quot;classic&quot;}\" href=\"https:\/\/www.dev.pankrome.fr\/MJC\/professeur\/gisele-martinez\/\">\n\t\t\t\t<div class=\"elementor-element elementor-element-ca9642e elementor-widget__width-initial elementor-widget elementor-widget-theme-post-featured-image elementor-widget-image\" data-id=\"ca9642e\" data-element_type=\"widget\" data-e-type=\"widget\" data-widget_type=\"theme-post-featured-image.default\">\n\t\t\t\t\t\t\t\t\t\t\t\t\t\t\t<img loading=\"lazy\" decoding=\"async\" width=\"295\" height=\"300\" src=\"https:\/\/www.dev.pankrome.fr\/MJC\/wp-content\/uploads\/2026\/04\/MARTINEZ-295x300.webp\" class=\"attachment-medium size-medium wp-image-1805\" alt=\"\" srcset=\"https:\/\/www.dev.pankrome.fr\/MJC\/wp-content\/uploads\/2026\/04\/MARTINEZ-295x300.webp 295w, https:\/\/www.dev.pankrome.fr\/MJC\/wp-content\/uploads\/2026\/04\/MARTINEZ-1887x1920.webp 1887w, https:\/\/www.dev.pankrome.fr\/MJC\/wp-content\/uploads\/2026\/04\/MARTINEZ-147x150.webp 147w, https:\/\/www.dev.pankrome.fr\/MJC\/wp-content\/uploads\/2026\/04\/MARTINEZ-768x781.webp 768w, https:\/\/www.dev.pankrome.fr\/MJC\/wp-content\/uploads\/2026\/04\/MARTINEZ-1509x1536.webp 1509w, https:\/\/www.dev.pankrome.fr\/MJC\/wp-content\/uploads\/2026\/04\/MARTINEZ-2013x2048.webp 2013w\" sizes=\"(max-width: 295px) 100vw, 295px\" \/>\t\t\t\t\t\t\t\t\t\t\t\t\t\t\t<\/div>\n\t\t<div class=\"elementor-element elementor-element-3823b9a e-con-full e-flex e-con e-child\" data-id=\"3823b9a\" data-element_type=\"container\" data-e-type=\"container\" data-settings=\"{&quot;background_background&quot;:&quot;classic&quot;}\">\n\t\t\t\t<div class=\"elementor-element elementor-element-81defe3 elementor-widget elementor-widget-theme-post-title elementor-page-title elementor-widget-heading\" data-id=\"81defe3\" data-element_type=\"widget\" data-e-type=\"widget\" data-widget_type=\"theme-post-title.default\">\n\t\t\t\t\t<h1 class=\"elementor-heading-title elementor-size-default\">Gis\u00e8le MARTINEZ<\/h1>\t\t\t\t<\/div>\n\t\t\t\t<div class=\"elementor-element elementor-element-a581572 elementor-widget elementor-widget-theme-post-excerpt\" data-id=\"a581572\" data-element_type=\"widget\" data-e-type=\"widget\" data-widget_type=\"theme-post-excerpt.default\">\n\t\t\t\t\tClowne, com\u00e9dienne et metteuse en sc\u00e8ne, elle collabore avec des compagnies r\u00e9gionales depuis plus de 30 ans. Depuis 2001, elle dirige la compagnie \u00c9ponyme, d\u00e9di\u00e9e au clown. \t\t\t\t<\/div>\n\t\t\t\t<\/div>\n\t\t\t\t<\/a>\n\t\t\t\t<\/div>\n\t\t\t\t<div data-elementor-type=\"loop-item\" data-elementor-id=\"1619\" class=\"elementor elementor-1619 e-loop-item e-loop-item-1741 post-1741 professeur type-professeur status-publish has-post-thumbnail hentry\" data-elementor-post-type=\"elementor_library\" data-custom-edit-handle=\"1\">\n\t\t\t<a class=\"elementor-element elementor-element-d73afbc e-con-full zoom e-flex e-con e-parent\" data-id=\"d73afbc\" data-element_type=\"container\" data-e-type=\"container\" data-settings=\"{&quot;background_background&quot;:&quot;classic&quot;}\" href=\"https:\/\/www.dev.pankrome.fr\/MJC\/professeur\/guylaine-coquet\/\">\n\t\t\t\t<div class=\"elementor-element elementor-element-ca9642e elementor-widget__width-initial elementor-widget elementor-widget-theme-post-featured-image elementor-widget-image\" data-id=\"ca9642e\" data-element_type=\"widget\" data-e-type=\"widget\" data-widget_type=\"theme-post-featured-image.default\">\n\t\t\t\t\t\t\t\t\t\t\t\t\t\t\t<img loading=\"lazy\" decoding=\"async\" width=\"300\" height=\"254\" src=\"https:\/\/www.dev.pankrome.fr\/MJC\/wp-content\/uploads\/2026\/04\/COQUET-300x254.webp\" class=\"attachment-medium size-medium wp-image-1803\" alt=\"\" srcset=\"https:\/\/www.dev.pankrome.fr\/MJC\/wp-content\/uploads\/2026\/04\/COQUET-300x254.webp 300w, https:\/\/www.dev.pankrome.fr\/MJC\/wp-content\/uploads\/2026\/04\/COQUET-1920x1624.webp 1920w, https:\/\/www.dev.pankrome.fr\/MJC\/wp-content\/uploads\/2026\/04\/COQUET-150x127.webp 150w, https:\/\/www.dev.pankrome.fr\/MJC\/wp-content\/uploads\/2026\/04\/COQUET-768x650.webp 768w, https:\/\/www.dev.pankrome.fr\/MJC\/wp-content\/uploads\/2026\/04\/COQUET-1536x1299.webp 1536w, https:\/\/www.dev.pankrome.fr\/MJC\/wp-content\/uploads\/2026\/04\/COQUET-2048x1733.webp 2048w\" sizes=\"(max-width: 300px) 100vw, 300px\" \/>\t\t\t\t\t\t\t\t\t\t\t\t\t\t\t<\/div>\n\t\t<div class=\"elementor-element elementor-element-3823b9a e-con-full e-flex e-con e-child\" data-id=\"3823b9a\" data-element_type=\"container\" data-e-type=\"container\" data-settings=\"{&quot;background_background&quot;:&quot;classic&quot;}\">\n\t\t\t\t<div class=\"elementor-element elementor-element-81defe3 elementor-widget elementor-widget-theme-post-title elementor-page-title elementor-widget-heading\" data-id=\"81defe3\" data-element_type=\"widget\" data-e-type=\"widget\" data-widget_type=\"theme-post-title.default\">\n\t\t\t\t\t<h1 class=\"elementor-heading-title elementor-size-default\">Guylaine COQUET<\/h1>\t\t\t\t<\/div>\n\t\t\t\t<div class=\"elementor-element elementor-element-a581572 elementor-widget elementor-widget-theme-post-excerpt\" data-id=\"a581572\" data-element_type=\"widget\" data-e-type=\"widget\" data-widget_type=\"theme-post-excerpt.default\">\n\t\t\t\t\tDipl\u00f4m\u00e9e de l\u2019universit\u00e9 de Provence d\u2019Aubagne (section photographie - Ma\u00eetrise de Sciences et Techniques images et son). Elle est photographe d\u2019auteur ind\u00e9pendante.\t\t\t\t<\/div>\n\t\t\t\t<\/div>\n\t\t\t\t<\/a>\n\t\t\t\t<\/div>\n\t\t\t\t<div data-elementor-type=\"loop-item\" data-elementor-id=\"1619\" class=\"elementor elementor-1619 e-loop-item e-loop-item-1740 post-1740 professeur type-professeur status-publish has-post-thumbnail hentry\" data-elementor-post-type=\"elementor_library\" data-custom-edit-handle=\"1\">\n\t\t\t<a class=\"elementor-element elementor-element-d73afbc e-con-full zoom e-flex e-con e-parent\" data-id=\"d73afbc\" data-element_type=\"container\" data-e-type=\"container\" data-settings=\"{&quot;background_background&quot;:&quot;classic&quot;}\" href=\"https:\/\/www.dev.pankrome.fr\/MJC\/professeur\/annie-lachmanowits\/\">\n\t\t\t\t<div class=\"elementor-element elementor-element-ca9642e elementor-widget__width-initial elementor-widget elementor-widget-theme-post-featured-image elementor-widget-image\" data-id=\"ca9642e\" data-element_type=\"widget\" data-e-type=\"widget\" data-widget_type=\"theme-post-featured-image.default\">\n\t\t\t\t\t\t\t\t\t\t\t\t\t\t\t<img loading=\"lazy\" decoding=\"async\" width=\"300\" height=\"200\" src=\"https:\/\/www.dev.pankrome.fr\/MJC\/wp-content\/uploads\/2026\/04\/LACHMANOWITS-300x200.webp\" class=\"attachment-medium size-medium wp-image-1802\" alt=\"\" srcset=\"https:\/\/www.dev.pankrome.fr\/MJC\/wp-content\/uploads\/2026\/04\/LACHMANOWITS-300x200.webp 300w, https:\/\/www.dev.pankrome.fr\/MJC\/wp-content\/uploads\/2026\/04\/LACHMANOWITS-1920x1280.webp 1920w, https:\/\/www.dev.pankrome.fr\/MJC\/wp-content\/uploads\/2026\/04\/LACHMANOWITS-150x100.webp 150w, https:\/\/www.dev.pankrome.fr\/MJC\/wp-content\/uploads\/2026\/04\/LACHMANOWITS-768x512.webp 768w, https:\/\/www.dev.pankrome.fr\/MJC\/wp-content\/uploads\/2026\/04\/LACHMANOWITS-1536x1024.webp 1536w, https:\/\/www.dev.pankrome.fr\/MJC\/wp-content\/uploads\/2026\/04\/LACHMANOWITS-2048x1365.webp 2048w\" sizes=\"(max-width: 300px) 100vw, 300px\" \/>\t\t\t\t\t\t\t\t\t\t\t\t\t\t\t<\/div>\n\t\t<div class=\"elementor-element elementor-element-3823b9a e-con-full e-flex e-con e-child\" data-id=\"3823b9a\" data-element_type=\"container\" data-e-type=\"container\" data-settings=\"{&quot;background_background&quot;:&quot;classic&quot;}\">\n\t\t\t\t<div class=\"elementor-element elementor-element-81defe3 elementor-widget elementor-widget-theme-post-title elementor-page-title elementor-widget-heading\" data-id=\"81defe3\" data-element_type=\"widget\" data-e-type=\"widget\" data-widget_type=\"theme-post-title.default\">\n\t\t\t\t\t<h1 class=\"elementor-heading-title elementor-size-default\">Annie LACHMANOWITS<\/h1>\t\t\t\t<\/div>\n\t\t\t\t<div class=\"elementor-element elementor-element-a581572 elementor-widget elementor-widget-theme-post-excerpt\" data-id=\"a581572\" data-element_type=\"widget\" data-e-type=\"widget\" data-widget_type=\"theme-post-excerpt.default\">\n\t\t\t\t\tOrthophoniste, psychoth\u00e9rapeute et dipl\u00f4m\u00e9e en animation d\u2019ateliers d\u2019\u00e9criture, elle intervient en milieu hospitalier avec No Mad\u2019s Land et est com\u00e9dienne amateure \u00e0 la compagnie L\u2019ECLAT.\t\t\t\t<\/div>\n\t\t\t\t<\/div>\n\t\t\t\t<\/a>\n\t\t\t\t<\/div>\n\t\t\t\t<div data-elementor-type=\"loop-item\" data-elementor-id=\"1619\" class=\"elementor elementor-1619 e-loop-item e-loop-item-1726 post-1726 professeur type-professeur status-publish has-post-thumbnail hentry\" data-elementor-post-type=\"elementor_library\" data-custom-edit-handle=\"1\">\n\t\t\t<a class=\"elementor-element elementor-element-d73afbc e-con-full zoom e-flex e-con e-parent\" data-id=\"d73afbc\" data-element_type=\"container\" data-e-type=\"container\" data-settings=\"{&quot;background_background&quot;:&quot;classic&quot;}\" href=\"https:\/\/www.dev.pankrome.fr\/MJC\/professeur\/francis-kerros\/\">\n\t\t\t\t<div class=\"elementor-element elementor-element-ca9642e elementor-widget__width-initial elementor-widget elementor-widget-theme-post-featured-image elementor-widget-image\" data-id=\"ca9642e\" data-element_type=\"widget\" data-e-type=\"widget\" data-widget_type=\"theme-post-featured-image.default\">\n\t\t\t\t\t\t\t\t\t\t\t\t\t\t\t<img loading=\"lazy\" decoding=\"async\" width=\"244\" height=\"300\" src=\"https:\/\/www.dev.pankrome.fr\/MJC\/wp-content\/uploads\/2026\/04\/KERROS-244x300.webp\" class=\"attachment-medium size-medium wp-image-1798\" alt=\"\" srcset=\"https:\/\/www.dev.pankrome.fr\/MJC\/wp-content\/uploads\/2026\/04\/KERROS-244x300.webp 244w, https:\/\/www.dev.pankrome.fr\/MJC\/wp-content\/uploads\/2026\/04\/KERROS-1558x1920.webp 1558w, https:\/\/www.dev.pankrome.fr\/MJC\/wp-content\/uploads\/2026\/04\/KERROS-122x150.webp 122w, https:\/\/www.dev.pankrome.fr\/MJC\/wp-content\/uploads\/2026\/04\/KERROS-768x946.webp 768w, https:\/\/www.dev.pankrome.fr\/MJC\/wp-content\/uploads\/2026\/04\/KERROS-1247x1536.webp 1247w, https:\/\/www.dev.pankrome.fr\/MJC\/wp-content\/uploads\/2026\/04\/KERROS-1662x2048.webp 1662w\" sizes=\"(max-width: 244px) 100vw, 244px\" \/>\t\t\t\t\t\t\t\t\t\t\t\t\t\t\t<\/div>\n\t\t<div class=\"elementor-element elementor-element-3823b9a e-con-full e-flex e-con e-child\" data-id=\"3823b9a\" data-element_type=\"container\" data-e-type=\"container\" data-settings=\"{&quot;background_background&quot;:&quot;classic&quot;}\">\n\t\t\t\t<div class=\"elementor-element elementor-element-81defe3 elementor-widget elementor-widget-theme-post-title elementor-page-title elementor-widget-heading\" data-id=\"81defe3\" data-element_type=\"widget\" data-e-type=\"widget\" data-widget_type=\"theme-post-title.default\">\n\t\t\t\t\t<h1 class=\"elementor-heading-title elementor-size-default\">Francis KERROS<\/h1>\t\t\t\t<\/div>\n\t\t\t\t<div class=\"elementor-element elementor-element-a581572 elementor-widget elementor-widget-theme-post-excerpt\" data-id=\"a581572\" data-element_type=\"widget\" data-e-type=\"widget\" data-widget_type=\"theme-post-excerpt.default\">\n\t\t\t\t\tProfesseur de chant et coach vocal certifi \u00e9, il met son exp\u00e9rience sc\u00e9nique au service d\u2019un enseignement favorisant une expression libre et authentique.\t\t\t\t<\/div>\n\t\t\t\t<\/div>\n\t\t\t\t<\/a>\n\t\t\t\t<\/div>\n\t\t\t\t<div data-elementor-type=\"loop-item\" data-elementor-id=\"1619\" class=\"elementor elementor-1619 e-loop-item e-loop-item-1723 post-1723 professeur type-professeur status-publish has-post-thumbnail hentry\" data-elementor-post-type=\"elementor_library\" data-custom-edit-handle=\"1\">\n\t\t\t<a class=\"elementor-element elementor-element-d73afbc e-con-full zoom e-flex e-con e-parent\" data-id=\"d73afbc\" data-element_type=\"container\" data-e-type=\"container\" data-settings=\"{&quot;background_background&quot;:&quot;classic&quot;}\" href=\"https:\/\/www.dev.pankrome.fr\/MJC\/professeur\/natalie-haupt\/\">\n\t\t\t\t<div class=\"elementor-element elementor-element-ca9642e elementor-widget__width-initial elementor-widget elementor-widget-theme-post-featured-image elementor-widget-image\" data-id=\"ca9642e\" data-element_type=\"widget\" data-e-type=\"widget\" data-widget_type=\"theme-post-featured-image.default\">\n\t\t\t\t\t\t\t\t\t\t\t\t\t\t\t<img loading=\"lazy\" decoding=\"async\" width=\"300\" height=\"212\" src=\"https:\/\/www.dev.pankrome.fr\/MJC\/wp-content\/uploads\/2026\/04\/HAUPT-300x212.webp\" class=\"attachment-medium size-medium wp-image-1797\" alt=\"\" srcset=\"https:\/\/www.dev.pankrome.fr\/MJC\/wp-content\/uploads\/2026\/04\/HAUPT-300x212.webp 300w, https:\/\/www.dev.pankrome.fr\/MJC\/wp-content\/uploads\/2026\/04\/HAUPT-1920x1356.webp 1920w, https:\/\/www.dev.pankrome.fr\/MJC\/wp-content\/uploads\/2026\/04\/HAUPT-150x106.webp 150w, https:\/\/www.dev.pankrome.fr\/MJC\/wp-content\/uploads\/2026\/04\/HAUPT-768x542.webp 768w, https:\/\/www.dev.pankrome.fr\/MJC\/wp-content\/uploads\/2026\/04\/HAUPT-1536x1085.webp 1536w, https:\/\/www.dev.pankrome.fr\/MJC\/wp-content\/uploads\/2026\/04\/HAUPT-2048x1446.webp 2048w\" sizes=\"(max-width: 300px) 100vw, 300px\" \/>\t\t\t\t\t\t\t\t\t\t\t\t\t\t\t<\/div>\n\t\t<div class=\"elementor-element elementor-element-3823b9a e-con-full e-flex e-con e-child\" data-id=\"3823b9a\" data-element_type=\"container\" data-e-type=\"container\" data-settings=\"{&quot;background_background&quot;:&quot;classic&quot;}\">\n\t\t\t\t<div class=\"elementor-element elementor-element-81defe3 elementor-widget elementor-widget-theme-post-title elementor-page-title elementor-widget-heading\" data-id=\"81defe3\" data-element_type=\"widget\" data-e-type=\"widget\" data-widget_type=\"theme-post-title.default\">\n\t\t\t\t\t<h1 class=\"elementor-heading-title elementor-size-default\">Natalie HAUPT<\/h1>\t\t\t\t<\/div>\n\t\t\t\t<div class=\"elementor-element elementor-element-a581572 elementor-widget elementor-widget-theme-post-excerpt\" data-id=\"a581572\" data-element_type=\"widget\" data-e-type=\"widget\" data-widget_type=\"theme-post-excerpt.default\">\n\t\t\t\t\tDipl\u00f4m\u00e9e du Trinity College of Music, elle transmet avec joie son amour du piano apr\u00e8s 30 ans de carri\u00e8re en Angleterre et en France.\t\t\t\t<\/div>\n\t\t\t\t<\/div>\n\t\t\t\t<\/a>\n\t\t\t\t<\/div>\n\t\t\t\t<div data-elementor-type=\"loop-item\" data-elementor-id=\"1619\" class=\"elementor elementor-1619 e-loop-item e-loop-item-1716 post-1716 professeur type-professeur status-publish has-post-thumbnail hentry\" data-elementor-post-type=\"elementor_library\" data-custom-edit-handle=\"1\">\n\t\t\t<a class=\"elementor-element elementor-element-d73afbc e-con-full zoom e-flex e-con e-parent\" data-id=\"d73afbc\" data-element_type=\"container\" data-e-type=\"container\" data-settings=\"{&quot;background_background&quot;:&quot;classic&quot;}\" href=\"https:\/\/www.dev.pankrome.fr\/MJC\/professeur\/jean-luc-ferrandis\/\">\n\t\t\t\t<div class=\"elementor-element elementor-element-ca9642e elementor-widget__width-initial elementor-widget elementor-widget-theme-post-featured-image elementor-widget-image\" data-id=\"ca9642e\" data-element_type=\"widget\" data-e-type=\"widget\" data-widget_type=\"theme-post-featured-image.default\">\n\t\t\t\t\t\t\t\t\t\t\t\t\t\t\t<img loading=\"lazy\" decoding=\"async\" width=\"300\" height=\"269\" src=\"https:\/\/www.dev.pankrome.fr\/MJC\/wp-content\/uploads\/2026\/04\/FERRANDIS-300x269.webp\" class=\"attachment-medium size-medium wp-image-1788\" alt=\"\" srcset=\"https:\/\/www.dev.pankrome.fr\/MJC\/wp-content\/uploads\/2026\/04\/FERRANDIS-300x269.webp 300w, https:\/\/www.dev.pankrome.fr\/MJC\/wp-content\/uploads\/2026\/04\/FERRANDIS-150x134.webp 150w, https:\/\/www.dev.pankrome.fr\/MJC\/wp-content\/uploads\/2026\/04\/FERRANDIS-768x688.webp 768w, https:\/\/www.dev.pankrome.fr\/MJC\/wp-content\/uploads\/2026\/04\/FERRANDIS.webp 1000w\" sizes=\"(max-width: 300px) 100vw, 300px\" \/>\t\t\t\t\t\t\t\t\t\t\t\t\t\t\t<\/div>\n\t\t<div class=\"elementor-element elementor-element-3823b9a e-con-full e-flex e-con e-child\" data-id=\"3823b9a\" data-element_type=\"container\" data-e-type=\"container\" data-settings=\"{&quot;background_background&quot;:&quot;classic&quot;}\">\n\t\t\t\t<div class=\"elementor-element elementor-element-81defe3 elementor-widget elementor-widget-theme-post-title elementor-page-title elementor-widget-heading\" data-id=\"81defe3\" data-element_type=\"widget\" data-e-type=\"widget\" data-widget_type=\"theme-post-title.default\">\n\t\t\t\t\t<h1 class=\"elementor-heading-title elementor-size-default\">Jean-Luc FERRANDIS<\/h1>\t\t\t\t<\/div>\n\t\t\t\t<div class=\"elementor-element elementor-element-a581572 elementor-widget elementor-widget-theme-post-excerpt\" data-id=\"a581572\" data-element_type=\"widget\" data-e-type=\"widget\" data-widget_type=\"theme-post-excerpt.default\">\n\t\t\t\t\tGuitariste, compositeur et enseignant. Titulaire du Dipl\u00f4me d\u2019Etat Jazz, il enseigne les guitares actuelles \u00e0 la MJC Pr\u00e9vert depuis de nombreuses ann\u00e9es, ainsi que la guitare classique.\t\t\t\t<\/div>\n\t\t\t\t<\/div>\n\t\t\t\t<\/a>\n\t\t\t\t<\/div>\n\t\t\t\t<div data-elementor-type=\"loop-item\" data-elementor-id=\"1619\" class=\"elementor elementor-1619 e-loop-item e-loop-item-1715 post-1715 professeur type-professeur status-publish has-post-thumbnail hentry\" data-elementor-post-type=\"elementor_library\" data-custom-edit-handle=\"1\">\n\t\t\t<a class=\"elementor-element elementor-element-d73afbc e-con-full zoom e-flex e-con e-parent\" data-id=\"d73afbc\" data-element_type=\"container\" data-e-type=\"container\" data-settings=\"{&quot;background_background&quot;:&quot;classic&quot;}\" href=\"https:\/\/www.dev.pankrome.fr\/MJC\/professeur\/eliz\/\">\n\t\t\t\t<div class=\"elementor-element elementor-element-ca9642e elementor-widget__width-initial elementor-widget elementor-widget-theme-post-featured-image elementor-widget-image\" data-id=\"ca9642e\" data-element_type=\"widget\" data-e-type=\"widget\" data-widget_type=\"theme-post-featured-image.default\">\n\t\t\t\t\t\t\t\t\t\t\t\t\t\t\t<img loading=\"lazy\" decoding=\"async\" width=\"300\" height=\"235\" src=\"https:\/\/www.dev.pankrome.fr\/MJC\/wp-content\/uploads\/2026\/04\/ELIZ-300x235.webp\" class=\"attachment-medium size-medium wp-image-1787\" alt=\"\" srcset=\"https:\/\/www.dev.pankrome.fr\/MJC\/wp-content\/uploads\/2026\/04\/ELIZ-300x235.webp 300w, https:\/\/www.dev.pankrome.fr\/MJC\/wp-content\/uploads\/2026\/04\/ELIZ-150x117.webp 150w, https:\/\/www.dev.pankrome.fr\/MJC\/wp-content\/uploads\/2026\/04\/ELIZ-768x600.webp 768w, https:\/\/www.dev.pankrome.fr\/MJC\/wp-content\/uploads\/2026\/04\/ELIZ.webp 1279w\" sizes=\"(max-width: 300px) 100vw, 300px\" \/>\t\t\t\t\t\t\t\t\t\t\t\t\t\t\t<\/div>\n\t\t<div class=\"elementor-element elementor-element-3823b9a e-con-full e-flex e-con e-child\" data-id=\"3823b9a\" data-element_type=\"container\" data-e-type=\"container\" data-settings=\"{&quot;background_background&quot;:&quot;classic&quot;}\">\n\t\t\t\t<div class=\"elementor-element elementor-element-81defe3 elementor-widget elementor-widget-theme-post-title elementor-page-title elementor-widget-heading\" data-id=\"81defe3\" data-element_type=\"widget\" data-e-type=\"widget\" data-widget_type=\"theme-post-title.default\">\n\t\t\t\t\t<h1 class=\"elementor-heading-title elementor-size-default\">Eliz<\/h1>\t\t\t\t<\/div>\n\t\t\t\t<div class=\"elementor-element elementor-element-a581572 elementor-widget elementor-widget-theme-post-excerpt\" data-id=\"a581572\" data-element_type=\"widget\" data-e-type=\"widget\" data-widget_type=\"theme-post-excerpt.default\">\n\t\t\t\t\tIllustratrice dipl\u00f4m\u00e9e en arts appliqu\u00e9s, elle partage aujourd\u2019hui sa passion de l\u2019image, du r\u00e9cit et des techniques acquises depuis l\u2019enfance.\t\t\t\t<\/div>\n\t\t\t\t<\/div>\n\t\t\t\t<\/a>\n\t\t\t\t<\/div>\n\t\t\t\t<div data-elementor-type=\"loop-item\" data-elementor-id=\"1619\" class=\"elementor elementor-1619 e-loop-item e-loop-item-1642 post-1642 professeur type-professeur status-publish has-post-thumbnail hentry\" data-elementor-post-type=\"elementor_library\" data-custom-edit-handle=\"1\">\n\t\t\t<a class=\"elementor-element elementor-element-d73afbc e-con-full zoom e-flex e-con e-parent\" data-id=\"d73afbc\" data-element_type=\"container\" data-e-type=\"container\" data-settings=\"{&quot;background_background&quot;:&quot;classic&quot;}\" href=\"https:\/\/www.dev.pankrome.fr\/MJC\/professeur\/lucas-compagnioni\/\">\n\t\t\t\t<div class=\"elementor-element elementor-element-ca9642e elementor-widget__width-initial elementor-widget elementor-widget-theme-post-featured-image elementor-widget-image\" data-id=\"ca9642e\" data-element_type=\"widget\" data-e-type=\"widget\" data-widget_type=\"theme-post-featured-image.default\">\n\t\t\t\t\t\t\t\t\t\t\t\t\t\t\t<img loading=\"lazy\" decoding=\"async\" width=\"300\" height=\"284\" src=\"https:\/\/www.dev.pankrome.fr\/MJC\/wp-content\/uploads\/2026\/04\/Photo-Lucas-Compagnoni-300x284.webp\" class=\"attachment-medium size-medium wp-image-1700\" alt=\"\" srcset=\"https:\/\/www.dev.pankrome.fr\/MJC\/wp-content\/uploads\/2026\/04\/Photo-Lucas-Compagnoni-300x284.webp 300w, https:\/\/www.dev.pankrome.fr\/MJC\/wp-content\/uploads\/2026\/04\/Photo-Lucas-Compagnoni-150x142.webp 150w, https:\/\/www.dev.pankrome.fr\/MJC\/wp-content\/uploads\/2026\/04\/Photo-Lucas-Compagnoni-768x727.webp 768w, https:\/\/www.dev.pankrome.fr\/MJC\/wp-content\/uploads\/2026\/04\/Photo-Lucas-Compagnoni.webp 1161w\" sizes=\"(max-width: 300px) 100vw, 300px\" \/>\t\t\t\t\t\t\t\t\t\t\t\t\t\t\t<\/div>\n\t\t<div class=\"elementor-element elementor-element-3823b9a e-con-full e-flex e-con e-child\" data-id=\"3823b9a\" data-element_type=\"container\" data-e-type=\"container\" data-settings=\"{&quot;background_background&quot;:&quot;classic&quot;}\">\n\t\t\t\t<div class=\"elementor-element elementor-element-81defe3 elementor-widget elementor-widget-theme-post-title elementor-page-title elementor-widget-heading\" data-id=\"81defe3\" data-element_type=\"widget\" data-e-type=\"widget\" data-widget_type=\"theme-post-title.default\">\n\t\t\t\t\t<h1 class=\"elementor-heading-title elementor-size-default\">Lucas COMPAGNIONI<\/h1>\t\t\t\t<\/div>\n\t\t\t\t<div class=\"elementor-element elementor-element-a581572 elementor-widget elementor-widget-theme-post-excerpt\" data-id=\"a581572\" data-element_type=\"widget\" data-e-type=\"widget\" data-widget_type=\"theme-post-excerpt.default\">\n\t\t\t\t\tIl travaille actuellement \u00e0 Marseille. Il commence son cursus au Pavillon Bosio de Monaco avant de rejoindre les Beaux-arts d\u2019Aix-en-Provence o\u00f9 il obtient son DNSEP en 2023. Il a d\u00e9j\u00e0 expos\u00e9 \u00e0 Aix en Provence, Istres, Nuremberg, B\u00e9ziers, Marseille\u2026\t\t\t\t<\/div>\n\t\t\t\t<\/div>\n\t\t\t\t<\/a>\n\t\t\t\t<\/div>\n\t\t\t\t<div data-elementor-type=\"loop-item\" data-elementor-id=\"1619\" class=\"elementor elementor-1619 e-loop-item e-loop-item-1641 post-1641 professeur type-professeur status-publish has-post-thumbnail hentry\" data-elementor-post-type=\"elementor_library\" data-custom-edit-handle=\"1\">\n\t\t\t<a class=\"elementor-element elementor-element-d73afbc e-con-full zoom e-flex e-con e-parent\" data-id=\"d73afbc\" data-element_type=\"container\" data-e-type=\"container\" data-settings=\"{&quot;background_background&quot;:&quot;classic&quot;}\" href=\"https:\/\/www.dev.pankrome.fr\/MJC\/professeur\/benjamin-fay\/\">\n\t\t\t\t<div class=\"elementor-element elementor-element-ca9642e elementor-widget__width-initial elementor-widget elementor-widget-theme-post-featured-image elementor-widget-image\" data-id=\"ca9642e\" data-element_type=\"widget\" data-e-type=\"widget\" data-widget_type=\"theme-post-featured-image.default\">\n\t\t\t\t\t\t\t\t\t\t\t\t\t\t\t<img loading=\"lazy\" decoding=\"async\" width=\"238\" height=\"300\" src=\"https:\/\/www.dev.pankrome.fr\/MJC\/wp-content\/uploads\/2026\/04\/FAY-238x300.webp\" class=\"attachment-medium size-medium wp-image-1699\" alt=\"\" srcset=\"https:\/\/www.dev.pankrome.fr\/MJC\/wp-content\/uploads\/2026\/04\/FAY-238x300.webp 238w, https:\/\/www.dev.pankrome.fr\/MJC\/wp-content\/uploads\/2026\/04\/FAY-119x150.webp 119w, https:\/\/www.dev.pankrome.fr\/MJC\/wp-content\/uploads\/2026\/04\/FAY.webp 403w\" sizes=\"(max-width: 238px) 100vw, 238px\" \/>\t\t\t\t\t\t\t\t\t\t\t\t\t\t\t<\/div>\n\t\t<div class=\"elementor-element elementor-element-3823b9a e-con-full e-flex e-con e-child\" data-id=\"3823b9a\" data-element_type=\"container\" data-e-type=\"container\" data-settings=\"{&quot;background_background&quot;:&quot;classic&quot;}\">\n\t\t\t\t<div class=\"elementor-element elementor-element-81defe3 elementor-widget elementor-widget-theme-post-title elementor-page-title elementor-widget-heading\" data-id=\"81defe3\" data-element_type=\"widget\" data-e-type=\"widget\" data-widget_type=\"theme-post-title.default\">\n\t\t\t\t\t<h1 class=\"elementor-heading-title elementor-size-default\">Benjamin FAY<\/h1>\t\t\t\t<\/div>\n\t\t\t\t<div class=\"elementor-element elementor-element-a581572 elementor-widget elementor-widget-theme-post-excerpt\" data-id=\"a581572\" data-element_type=\"widget\" data-e-type=\"widget\" data-widget_type=\"theme-post-excerpt.default\">\n\t\t\t\t\tPianiste de formation jazz, il a suivi un parcours en musiques actuelles au conservatoire d\u2019Aix-en-Provence, avant de poursuivre ses \u00e9tudes en jazz \u00e0 l\u2019IMFP de Salon-de-Provence.\t\t\t\t<\/div>\n\t\t\t\t<\/div>\n\t\t\t\t<\/a>\n\t\t\t\t<\/div>\n\t\t\t\t<div data-elementor-type=\"loop-item\" data-elementor-id=\"1619\" class=\"elementor elementor-1619 e-loop-item e-loop-item-1636 post-1636 professeur type-professeur status-publish has-post-thumbnail hentry\" data-elementor-post-type=\"elementor_library\" data-custom-edit-handle=\"1\">\n\t\t\t<a class=\"elementor-element elementor-element-d73afbc e-con-full zoom e-flex e-con e-parent\" data-id=\"d73afbc\" data-element_type=\"container\" data-e-type=\"container\" data-settings=\"{&quot;background_background&quot;:&quot;classic&quot;}\" href=\"https:\/\/www.dev.pankrome.fr\/MJC\/professeur\/vincent-amiel\/\">\n\t\t\t\t<div class=\"elementor-element elementor-element-ca9642e elementor-widget__width-initial elementor-widget elementor-widget-theme-post-featured-image elementor-widget-image\" data-id=\"ca9642e\" data-element_type=\"widget\" data-e-type=\"widget\" data-widget_type=\"theme-post-featured-image.default\">\n\t\t\t\t\t\t\t\t\t\t\t\t\t\t\t<img loading=\"lazy\" decoding=\"async\" width=\"300\" height=\"287\" src=\"https:\/\/www.dev.pankrome.fr\/MJC\/wp-content\/uploads\/2026\/04\/VINCENT-AMIEL-300x287.webp\" class=\"attachment-medium size-medium wp-image-1656\" alt=\"\" srcset=\"https:\/\/www.dev.pankrome.fr\/MJC\/wp-content\/uploads\/2026\/04\/VINCENT-AMIEL-300x287.webp 300w, https:\/\/www.dev.pankrome.fr\/MJC\/wp-content\/uploads\/2026\/04\/VINCENT-AMIEL-150x143.webp 150w, https:\/\/www.dev.pankrome.fr\/MJC\/wp-content\/uploads\/2026\/04\/VINCENT-AMIEL-768x734.webp 768w, https:\/\/www.dev.pankrome.fr\/MJC\/wp-content\/uploads\/2026\/04\/VINCENT-AMIEL.webp 1143w\" sizes=\"(max-width: 300px) 100vw, 300px\" \/>\t\t\t\t\t\t\t\t\t\t\t\t\t\t\t<\/div>\n\t\t<div class=\"elementor-element elementor-element-3823b9a e-con-full e-flex e-con e-child\" data-id=\"3823b9a\" data-element_type=\"container\" data-e-type=\"container\" data-settings=\"{&quot;background_background&quot;:&quot;classic&quot;}\">\n\t\t\t\t<div class=\"elementor-element elementor-element-81defe3 elementor-widget elementor-widget-theme-post-title elementor-page-title elementor-widget-heading\" data-id=\"81defe3\" data-element_type=\"widget\" data-e-type=\"widget\" data-widget_type=\"theme-post-title.default\">\n\t\t\t\t\t<h1 class=\"elementor-heading-title elementor-size-default\">Vincent AMIEL<\/h1>\t\t\t\t<\/div>\n\t\t\t\t<div class=\"elementor-element elementor-element-a581572 elementor-widget elementor-widget-theme-post-excerpt\" data-id=\"a581572\" data-element_type=\"widget\" data-e-type=\"widget\" data-widget_type=\"theme-post-excerpt.default\">\n\t\t\t\t\tMoniteur d\u2019escalade dipl\u00f4m\u00e9 d\u2019Etat\t\t\t\t<\/div>\n\t\t\t\t<\/div>\n\t\t\t\t<\/a>\n\t\t\t\t<\/div>\n\t\t\t\t<div data-elementor-type=\"loop-item\" data-elementor-id=\"1619\" class=\"elementor elementor-1619 e-loop-item e-loop-item-1637 post-1637 professeur type-professeur status-publish has-post-thumbnail hentry\" data-elementor-post-type=\"elementor_library\" data-custom-edit-handle=\"1\">\n\t\t\t<a class=\"elementor-element elementor-element-d73afbc e-con-full zoom e-flex e-con e-parent\" data-id=\"d73afbc\" data-element_type=\"container\" data-e-type=\"container\" data-settings=\"{&quot;background_background&quot;:&quot;classic&quot;}\" href=\"https:\/\/www.dev.pankrome.fr\/MJC\/professeur\/yann-clave\/\">\n\t\t\t\t<div class=\"elementor-element elementor-element-ca9642e elementor-widget__width-initial elementor-widget elementor-widget-theme-post-featured-image elementor-widget-image\" data-id=\"ca9642e\" data-element_type=\"widget\" data-e-type=\"widget\" data-widget_type=\"theme-post-featured-image.default\">\n\t\t\t\t\t\t\t\t\t\t\t\t\t\t\t<img loading=\"lazy\" decoding=\"async\" width=\"300\" height=\"200\" src=\"https:\/\/www.dev.pankrome.fr\/MJC\/wp-content\/uploads\/2026\/04\/CLAVE-300x200.webp\" class=\"attachment-medium size-medium wp-image-1657\" alt=\"\" srcset=\"https:\/\/www.dev.pankrome.fr\/MJC\/wp-content\/uploads\/2026\/04\/CLAVE-300x200.webp 300w, https:\/\/www.dev.pankrome.fr\/MJC\/wp-content\/uploads\/2026\/04\/CLAVE-1920x1280.webp 1920w, https:\/\/www.dev.pankrome.fr\/MJC\/wp-content\/uploads\/2026\/04\/CLAVE-150x100.webp 150w, https:\/\/www.dev.pankrome.fr\/MJC\/wp-content\/uploads\/2026\/04\/CLAVE-768x512.webp 768w, https:\/\/www.dev.pankrome.fr\/MJC\/wp-content\/uploads\/2026\/04\/CLAVE-1536x1024.webp 1536w, https:\/\/www.dev.pankrome.fr\/MJC\/wp-content\/uploads\/2026\/04\/CLAVE.webp 2048w\" sizes=\"(max-width: 300px) 100vw, 300px\" \/>\t\t\t\t\t\t\t\t\t\t\t\t\t\t\t<\/div>\n\t\t<div class=\"elementor-element elementor-element-3823b9a e-con-full e-flex e-con e-child\" data-id=\"3823b9a\" data-element_type=\"container\" data-e-type=\"container\" data-settings=\"{&quot;background_background&quot;:&quot;classic&quot;}\">\n\t\t\t\t<div class=\"elementor-element elementor-element-81defe3 elementor-widget elementor-widget-theme-post-title elementor-page-title elementor-widget-heading\" data-id=\"81defe3\" data-element_type=\"widget\" data-e-type=\"widget\" data-widget_type=\"theme-post-title.default\">\n\t\t\t\t\t<h1 class=\"elementor-heading-title elementor-size-default\">Yann CLAV\u00c9<\/h1>\t\t\t\t<\/div>\n\t\t\t\t<div class=\"elementor-element elementor-element-a581572 elementor-widget elementor-widget-theme-post-excerpt\" data-id=\"a581572\" data-element_type=\"widget\" data-e-type=\"widget\" data-widget_type=\"theme-post-excerpt.default\">\n\t\t\t\t\tMoniteur d\u2019escalade dipl\u00f4m\u00e9 d\u2019Etat\t\t\t\t<\/div>\n\t\t\t\t<\/div>\n\t\t\t\t<\/a>\n\t\t\t\t<\/div>\n\t\t\t\t<div data-elementor-type=\"loop-item\" data-elementor-id=\"1619\" class=\"elementor elementor-1619 e-loop-item e-loop-item-1639 post-1639 professeur type-professeur status-publish has-post-thumbnail hentry\" data-elementor-post-type=\"elementor_library\" data-custom-edit-handle=\"1\">\n\t\t\t<a class=\"elementor-element elementor-element-d73afbc e-con-full zoom e-flex e-con e-parent\" data-id=\"d73afbc\" data-element_type=\"container\" data-e-type=\"container\" data-settings=\"{&quot;background_background&quot;:&quot;classic&quot;}\" href=\"https:\/\/www.dev.pankrome.fr\/MJC\/professeur\/thomas-bianco\/\">\n\t\t\t\t<div class=\"elementor-element elementor-element-ca9642e elementor-widget__width-initial elementor-widget elementor-widget-theme-post-featured-image elementor-widget-image\" data-id=\"ca9642e\" data-element_type=\"widget\" data-e-type=\"widget\" data-widget_type=\"theme-post-featured-image.default\">\n\t\t\t\t\t\t\t\t\t\t\t\t\t\t\t<img loading=\"lazy\" decoding=\"async\" width=\"300\" height=\"255\" src=\"https:\/\/www.dev.pankrome.fr\/MJC\/wp-content\/uploads\/2026\/04\/BIANCO-300x255.webp\" class=\"attachment-medium size-medium wp-image-1659\" alt=\"\" srcset=\"https:\/\/www.dev.pankrome.fr\/MJC\/wp-content\/uploads\/2026\/04\/BIANCO-300x255.webp 300w, https:\/\/www.dev.pankrome.fr\/MJC\/wp-content\/uploads\/2026\/04\/BIANCO-150x127.webp 150w, https:\/\/www.dev.pankrome.fr\/MJC\/wp-content\/uploads\/2026\/04\/BIANCO-768x652.webp 768w, https:\/\/www.dev.pankrome.fr\/MJC\/wp-content\/uploads\/2026\/04\/BIANCO-1536x1304.webp 1536w, https:\/\/www.dev.pankrome.fr\/MJC\/wp-content\/uploads\/2026\/04\/BIANCO.webp 1608w\" sizes=\"(max-width: 300px) 100vw, 300px\" \/>\t\t\t\t\t\t\t\t\t\t\t\t\t\t\t<\/div>\n\t\t<div class=\"elementor-element elementor-element-3823b9a e-con-full e-flex e-con e-child\" data-id=\"3823b9a\" data-element_type=\"container\" data-e-type=\"container\" data-settings=\"{&quot;background_background&quot;:&quot;classic&quot;}\">\n\t\t\t\t<div class=\"elementor-element elementor-element-81defe3 elementor-widget elementor-widget-theme-post-title elementor-page-title elementor-widget-heading\" data-id=\"81defe3\" data-element_type=\"widget\" data-e-type=\"widget\" data-widget_type=\"theme-post-title.default\">\n\t\t\t\t\t<h1 class=\"elementor-heading-title elementor-size-default\">Thomas BIANCO<\/h1>\t\t\t\t<\/div>\n\t\t\t\t<div class=\"elementor-element elementor-element-a581572 elementor-widget elementor-widget-theme-post-excerpt\" data-id=\"a581572\" data-element_type=\"widget\" data-e-type=\"widget\" data-widget_type=\"theme-post-excerpt.default\">\n\t\t\t\t\tTitulaire d\u2019un BPJEPS en animation culturelle, Thomas Bianco intervient \u00e0 Aix dans divers dispositifs \u00e9ducatifs. Coauteur de la s\u00e9rie Jasmine (\u00e9ditions P\u2019tits Gl\u00e9nat), il anime aussi des ateliers\r\nautour de ses livres.\t\t\t\t<\/div>\n\t\t\t\t<\/div>\n\t\t\t\t<\/a>\n\t\t\t\t<\/div>\n\t\t\t\t<div data-elementor-type=\"loop-item\" data-elementor-id=\"1619\" class=\"elementor elementor-1619 e-loop-item e-loop-item-1617 post-1617 professeur type-professeur status-publish has-post-thumbnail hentry\" data-elementor-post-type=\"elementor_library\" data-custom-edit-handle=\"1\">\n\t\t\t<a class=\"elementor-element elementor-element-d73afbc e-con-full zoom e-flex e-con e-parent\" data-id=\"d73afbc\" data-element_type=\"container\" data-e-type=\"container\" data-settings=\"{&quot;background_background&quot;:&quot;classic&quot;}\" href=\"https:\/\/www.dev.pankrome.fr\/MJC\/professeur\/pascal-rainette\/\">\n\t\t\t\t<div class=\"elementor-element elementor-element-ca9642e elementor-widget__width-initial elementor-widget elementor-widget-theme-post-featured-image elementor-widget-image\" data-id=\"ca9642e\" data-element_type=\"widget\" data-e-type=\"widget\" data-widget_type=\"theme-post-featured-image.default\">\n\t\t\t\t\t\t\t\t\t\t\t\t\t\t\t<img loading=\"lazy\" decoding=\"async\" width=\"261\" height=\"300\" src=\"https:\/\/www.dev.pankrome.fr\/MJC\/wp-content\/uploads\/2026\/04\/RAINETTE-261x300.webp\" class=\"attachment-medium size-medium wp-image-1618\" alt=\"\" srcset=\"https:\/\/www.dev.pankrome.fr\/MJC\/wp-content\/uploads\/2026\/04\/RAINETTE-261x300.webp 261w, https:\/\/www.dev.pankrome.fr\/MJC\/wp-content\/uploads\/2026\/04\/RAINETTE-131x150.webp 131w, https:\/\/www.dev.pankrome.fr\/MJC\/wp-content\/uploads\/2026\/04\/RAINETTE.webp 766w\" sizes=\"(max-width: 261px) 100vw, 261px\" \/>\t\t\t\t\t\t\t\t\t\t\t\t\t\t\t<\/div>\n\t\t<div class=\"elementor-element elementor-element-3823b9a e-con-full e-flex e-con e-child\" data-id=\"3823b9a\" data-element_type=\"container\" data-e-type=\"container\" data-settings=\"{&quot;background_background&quot;:&quot;classic&quot;}\">\n\t\t\t\t<div class=\"elementor-element elementor-element-81defe3 elementor-widget elementor-widget-theme-post-title elementor-page-title elementor-widget-heading\" data-id=\"81defe3\" data-element_type=\"widget\" data-e-type=\"widget\" data-widget_type=\"theme-post-title.default\">\n\t\t\t\t\t<h1 class=\"elementor-heading-title elementor-size-default\">Pascal RAINETTE<\/h1>\t\t\t\t<\/div>\n\t\t\t\t<div class=\"elementor-element elementor-element-a581572 elementor-widget elementor-widget-theme-post-excerpt\" data-id=\"a581572\" data-element_type=\"widget\" data-e-type=\"widget\" data-widget_type=\"theme-post-excerpt.default\">\n\t\t\t\t\tMoniteur d\u2019escalade dipl\u00f4m\u00e9s d\u2019Etat.\t\t\t\t<\/div>\n\t\t\t\t<\/div>\n\t\t\t\t<\/a>\n\t\t\t\t<\/div>\n\t\t\t\t<\/div>\n\t\t\n\t\t\t\t\t\t<\/div>\n\t\t\t\t<\/div>\n\t\t\t\t<\/div>\n\t\t\t\t\t<\/div>\n\t\t\t\t<\/div>\n\t\t<div class=\"elementor-element elementor-element-75d0603 e-flex e-con-boxed e-con e-parent\" data-id=\"75d0603\" data-element_type=\"container\" data-e-type=\"container\" data-settings=\"{&quot;background_background&quot;:&quot;classic&quot;}\">\n\t\t\t\t\t<div class=\"e-con-inner\">\n\t\t<div class=\"elementor-element elementor-element-2771e11 e-con-full e-flex e-con e-child\" data-id=\"2771e11\" data-element_type=\"container\" data-e-type=\"container\">\n\t\t\t\t<div class=\"elementor-element elementor-element-ba81420 elementor-widget elementor-widget-heading\" data-id=\"ba81420\" data-element_type=\"widget\" data-e-type=\"widget\" data-widget_type=\"heading.default\">\n\t\t\t\t\t<h2 class=\"elementor-heading-title elementor-size-default\">Le Conseil d\u2019administration<\/h2>\t\t\t\t<\/div>\n\t\t\t\t<div class=\"elementor-element elementor-element-2898cda elementor-widget-divider--view-line elementor-widget elementor-widget-divider\" data-id=\"2898cda\" data-element_type=\"widget\" data-e-type=\"widget\" data-widget_type=\"divider.default\">\n\t\t\t\t\t\t\t<div class=\"elementor-divider\">\n\t\t\t<span class=\"elementor-divider-separator\">\n\t\t\t\t\t\t<\/span>\n\t\t<\/div>\n\t\t\t\t\t\t<\/div>\n\t\t\t\t<\/div>\n\t\t<div class=\"elementor-element elementor-element-b4ad926 e-con-full e-flex e-con e-child\" data-id=\"b4ad926\" data-element_type=\"container\" data-e-type=\"container\">\n\t\t<div class=\"elementor-element elementor-element-2e75347 e-con-full e-flex e-con e-child\" data-id=\"2e75347\" data-element_type=\"container\" data-e-type=\"container\" data-settings=\"{&quot;background_background&quot;:&quot;classic&quot;}\">\n\t\t\t\t<div class=\"elementor-element elementor-element-2eb6bf8 elementor-widget__width-initial e-transform elementor-widget elementor-widget-text-editor\" data-id=\"2eb6bf8\" data-element_type=\"widget\" data-e-type=\"widget\" data-settings=\"{&quot;_transform_translateX_effect_hover&quot;:{&quot;unit&quot;:&quot;px&quot;,&quot;size&quot;:&quot;&quot;,&quot;sizes&quot;:[]},&quot;_transform_translateX_effect_hover_tablet&quot;:{&quot;unit&quot;:&quot;px&quot;,&quot;size&quot;:&quot;&quot;,&quot;sizes&quot;:[]},&quot;_transform_translateX_effect_hover_mobile&quot;:{&quot;unit&quot;:&quot;px&quot;,&quot;size&quot;:&quot;&quot;,&quot;sizes&quot;:[]},&quot;_transform_translateY_effect_hover&quot;:{&quot;unit&quot;:&quot;px&quot;,&quot;size&quot;:&quot;&quot;,&quot;sizes&quot;:[]},&quot;_transform_translateY_effect_hover_tablet&quot;:{&quot;unit&quot;:&quot;px&quot;,&quot;size&quot;:&quot;&quot;,&quot;sizes&quot;:[]},&quot;_transform_translateY_effect_hover_mobile&quot;:{&quot;unit&quot;:&quot;px&quot;,&quot;size&quot;:&quot;&quot;,&quot;sizes&quot;:[]}}\" data-widget_type=\"text-editor.default\">\n\t\t\t\t\t\t\t\t\t<p><b>La MJC Pr\u00e9vert est une association g\u00e9r\u00e9e par et pour ses adh\u00e9rents.\u00a0<\/b><span style=\"font-weight: 400;\">Elle est administr\u00e9e par un Conseil d\u2019Administration compos\u00e9 :<\/span><\/p><ul><li style=\"font-weight: 400;\" aria-level=\"1\"><span style=\"font-weight: 400;\">de membres \u00e9lus b\u00e9n\u00e9voles,<\/span><\/li><li style=\"font-weight: 400;\" aria-level=\"1\"><span style=\"font-weight: 400;\">de membres de droit,<\/span><\/li><li style=\"font-weight: 400;\" aria-level=\"1\"><span style=\"font-weight: 400;\">et d\u2019associations invit\u00e9es.<\/span><\/li><\/ul><p><span style=\"font-weight: 400;\"><br \/>Chaque adh\u00e9rent \u00e2g\u00e9 de plus de 16 ans peut s\u2019impliquer dans la vie de la MJC en se pr\u00e9sentant aux \u00e9lections lors de l\u2019Assembl\u00e9e G\u00e9n\u00e9rale. C\u2019est une mani\u00e8re concr\u00e8te de participer aux d\u00e9cisions, de faire entendre sa voix et de contribuer au projet de la MJC.<\/span><\/p>\t\t\t\t\t\t\t\t<\/div>\n\t\t\t\t<\/div>\n\t\t<div class=\"elementor-element elementor-element-37c3db9 e-con-full e-flex e-con e-child\" data-id=\"37c3db9\" data-element_type=\"container\" data-e-type=\"container\">\n\t\t\t\t<div class=\"elementor-element elementor-element-45d5251 elementor-widget elementor-widget-image\" data-id=\"45d5251\" data-element_type=\"widget\" data-e-type=\"widget\" data-widget_type=\"image.default\">\n\t\t\t\t\t\t\t\t\t\t\t\t\t\t\t<img loading=\"lazy\" decoding=\"async\" width=\"800\" height=\"532\" src=\"https:\/\/www.dev.pankrome.fr\/MJC\/wp-content\/uploads\/2026\/02\/illustration-AG-2022.webp\" class=\"attachment-large size-large wp-image-905\" alt=\"\" srcset=\"https:\/\/www.dev.pankrome.fr\/MJC\/wp-content\/uploads\/2026\/02\/illustration-AG-2022.webp 800w, https:\/\/www.dev.pankrome.fr\/MJC\/wp-content\/uploads\/2026\/02\/illustration-AG-2022-300x200.webp 300w, https:\/\/www.dev.pankrome.fr\/MJC\/wp-content\/uploads\/2026\/02\/illustration-AG-2022-150x100.webp 150w, https:\/\/www.dev.pankrome.fr\/MJC\/wp-content\/uploads\/2026\/02\/illustration-AG-2022-768x511.webp 768w\" sizes=\"(max-width: 800px) 100vw, 800px\" \/>\t\t\t\t\t\t\t\t\t\t\t\t\t\t\t<\/div>\n\t\t\t\t<\/div>\n\t\t\t\t<\/div>\n\t\t<div class=\"elementor-element elementor-element-7bc6bf6 e-con-full e-flex e-con e-child\" data-id=\"7bc6bf6\" data-element_type=\"container\" data-e-type=\"container\" data-settings=\"{&quot;background_background&quot;:&quot;classic&quot;}\">\n\t\t<div class=\"elementor-element elementor-element-ac19ee6 e-con-full e-flex e-con e-child\" data-id=\"ac19ee6\" data-element_type=\"container\" data-e-type=\"container\">\n\t\t\t\t<div class=\"elementor-element elementor-element-60eb233 elementor-widget elementor-widget-heading\" data-id=\"60eb233\" data-element_type=\"widget\" data-e-type=\"widget\" data-widget_type=\"heading.default\">\n\t\t\t\t\t<h2 class=\"elementor-heading-title elementor-size-default\">Le Bureau<\/h2>\t\t\t\t<\/div>\n\t\t\t\t<div class=\"elementor-element elementor-element-33c42d6 elementor-widget__width-inherit elementor-widget elementor-widget-text-editor\" data-id=\"33c42d6\" data-element_type=\"widget\" data-e-type=\"widget\" data-widget_type=\"text-editor.default\">\n\t\t\t\t\t\t\t\t\t<ul><li>Mme Clairette GATINEAU \u2013 Pr\u00e9sidente<\/li><li>Mme Genevi\u00e8ve BAIN \u2013 Tr\u00e9sori\u00e8re<\/li><li>M. Vincent THIBAUDEAU \u2013 Vice-Tr\u00e9sorier<\/li><li>Mme L\u00e9ana PEYRON \u2013 Secr\u00e9taire<\/li><\/ul>\t\t\t\t\t\t\t\t<\/div>\n\t\t\t\t<div class=\"elementor-element elementor-element-14536b8 elementor-widget elementor-widget-heading\" data-id=\"14536b8\" data-element_type=\"widget\" data-e-type=\"widget\" data-widget_type=\"heading.default\">\n\t\t\t\t\t<h2 class=\"elementor-heading-title elementor-size-default\">Membres de droit\u00a0<\/h2>\t\t\t\t<\/div>\n\t\t\t\t<div class=\"elementor-element elementor-element-5943e88 elementor-widget__width-inherit elementor-widget elementor-widget-text-editor\" data-id=\"5943e88\" data-element_type=\"widget\" data-e-type=\"widget\" data-widget_type=\"text-editor.default\">\n\t\t\t\t\t\t\t\t\t<ul>\n<li>Mme Fr\u00e9d\u00e9rique MAZZIERI \u2013 Repr\u00e9sentante du personnel ou Mme Guylaine COQUET \u2013 Repr\u00e9sentante du personnel suppl\u00e9ante<\/li>\n<li>M. Benoit LAISNEY \u2013 Directeur de la MJC Jacques Pr\u00e9vert<\/li>\n<li><span style=\"background-color: transparent; font-size: 14.4px;\">Mme Kayan\u00e9 BIANCO \u2013 Mairie d\u2019Aix-en-Provence (D\u00e9l\u00e9gation Jeunesse)<\/span><\/li>\n<\/ul>\t\t\t\t\t\t\t\t<\/div>\n\t\t\t\t<\/div>\n\t\t<div class=\"elementor-element elementor-element-4f4c064 e-con-full e-flex e-con e-child\" data-id=\"4f4c064\" data-element_type=\"container\" data-e-type=\"container\">\n\t\t\t\t<div class=\"elementor-element elementor-element-150a49c elementor-widget elementor-widget-heading\" data-id=\"150a49c\" data-element_type=\"widget\" data-e-type=\"widget\" data-widget_type=\"heading.default\">\n\t\t\t\t\t<h2 class=\"elementor-heading-title elementor-size-default\">Membres du Conseil d'Administration<\/h2>\t\t\t\t<\/div>\n\t\t\t\t<div class=\"elementor-element elementor-element-a0a101c elementor-widget__width-inherit elementor-widget elementor-widget-text-editor\" data-id=\"a0a101c\" data-element_type=\"widget\" data-e-type=\"widget\" data-widget_type=\"text-editor.default\">\n\t\t\t\t\t\t\t\t\t<ul><li>Clairette GATINEAU<\/li><li>Genevi\u00e8ve BAIN<\/li><li>Vincent THIBAUDEAU<\/li><li>L\u00e9ana PEYRON<\/li><li><span id=\"m_2035926376823191205docs-internal-guid-340c67d5-7fff-b03b-c82b-9dd9b765849d\">Anne Marie GAUTIER<\/span><\/li><li>Annie HONNORAT<\/li><li>Cynthia POLLIART<\/li><li>Arthur POLLION<\/li><li>Graeme REID\u00a0<\/li><li>Patrick SCHMIDT\u00a0<\/li><li>Marie-Ange PALOMARES<\/li><li>Yvon DARMON<\/li><li>Martine BERTHEAS<\/li><li>Catherine MARIGOT<\/li><li>Pierre MAHLER<\/li><li>Ilana LINARES<\/li><li>Ma\u00efa DUCAROY<\/li><\/ul>\t\t\t\t\t\t\t\t<\/div>\n\t\t\t\t<\/div>\n\t\t\t\t<\/div>\n\t\t\t\t\t<\/div>\n\t\t\t\t<\/div>\n\t\t<div class=\"elementor-element elementor-element-4dc4342 e-flex e-con-boxed e-con e-parent\" data-id=\"4dc4342\" data-element_type=\"container\" data-e-type=\"container\" data-settings=\"{&quot;background_background&quot;:&quot;classic&quot;}\">\n\t\t\t\t\t<div class=\"e-con-inner\">\n\t\t<div class=\"elementor-element elementor-element-6e2680b e-con-full e-flex e-con e-child\" data-id=\"6e2680b\" data-element_type=\"container\" data-e-type=\"container\">\n\t\t\t\t<div class=\"elementor-element elementor-element-f411305 elementor-widget elementor-widget-heading\" data-id=\"f411305\" data-element_type=\"widget\" data-e-type=\"widget\" data-widget_type=\"heading.default\">\n\t\t\t\t\t<h2 class=\"elementor-heading-title elementor-size-default\">Notre projet associatif<\/h2>\t\t\t\t<\/div>\n\t\t\t\t<div class=\"elementor-element elementor-element-20de3ef elementor-widget-divider--view-line elementor-widget elementor-widget-divider\" data-id=\"20de3ef\" data-element_type=\"widget\" data-e-type=\"widget\" data-widget_type=\"divider.default\">\n\t\t\t\t\t\t\t<div class=\"elementor-divider\">\n\t\t\t<span class=\"elementor-divider-separator\">\n\t\t\t\t\t\t<\/span>\n\t\t<\/div>\n\t\t\t\t\t\t<\/div>\n\t\t\t\t<\/div>\n\t\t<div class=\"elementor-element elementor-element-80624d0 e-con-full e-flex e-con e-child\" data-id=\"80624d0\" data-element_type=\"container\" data-e-type=\"container\">\n\t\t<div class=\"elementor-element elementor-element-7c5cb3c e-con-full e-flex e-con e-child\" data-id=\"7c5cb3c\" data-element_type=\"container\" data-e-type=\"container\" data-settings=\"{&quot;background_background&quot;:&quot;classic&quot;}\">\n\t\t<div class=\"elementor-element elementor-element-6c89039 e-con-full e-flex e-con e-child\" data-id=\"6c89039\" data-element_type=\"container\" data-e-type=\"container\">\n\t\t\t\t<div class=\"elementor-element elementor-element-b7746af elementor-widget elementor-widget-heading\" data-id=\"b7746af\" data-element_type=\"widget\" data-e-type=\"widget\" data-widget_type=\"heading.default\">\n\t\t\t\t\t<h3 class=\"elementor-heading-title elementor-size-default\">Nos partenaires<\/h3>\t\t\t\t<\/div>\n\t\t\t\t<div class=\"elementor-element elementor-element-3713d6b elementor-widget elementor-widget-text-editor\" data-id=\"3713d6b\" data-element_type=\"widget\" data-e-type=\"widget\" data-widget_type=\"text-editor.default\">\n\t\t\t\t\t\t\t\t\t<p><span style=\"font-weight: 400;\">La MJC Pr\u00e9vert s\u2019appuie sur un r\u00e9seau de partenaires institutionnels, associatifs et locaux qui soutiennent ses actions et partagent ses valeurs.<\/span><\/p>\t\t\t\t\t\t\t\t<\/div>\n\t\t<div class=\"elementor-element elementor-element-0e7380c e-con-full e-flex e-con e-child\" data-id=\"0e7380c\" data-element_type=\"container\" data-e-type=\"container\">\n\t\t\t\t<div class=\"elementor-element elementor-element-e8cb19c elementor-widget__width-initial zoom elementor-position-top elementor-widget elementor-widget-image-box\" data-id=\"e8cb19c\" data-element_type=\"widget\" data-e-type=\"widget\" data-widget_type=\"image-box.default\">\n\t\t\t\t\t<div class=\"elementor-image-box-wrapper\"><figure class=\"elementor-image-box-img\"><a href=\"http:\/\/www.aixenprovence.fr\/\" target=\"_blank\" tabindex=\"-1\"><img loading=\"lazy\" decoding=\"async\" width=\"261\" height=\"150\" src=\"https:\/\/www.dev.pankrome.fr\/MJC\/wp-content\/uploads\/2026\/02\/Ville-Aix.webp\" class=\"attachment-full size-full wp-image-930\" alt=\"\" srcset=\"https:\/\/www.dev.pankrome.fr\/MJC\/wp-content\/uploads\/2026\/02\/Ville-Aix.webp 261w, https:\/\/www.dev.pankrome.fr\/MJC\/wp-content\/uploads\/2026\/02\/Ville-Aix-150x86.webp 150w\" sizes=\"(max-width: 261px) 100vw, 261px\" \/><\/a><\/figure><div class=\"elementor-image-box-content\"><h3 class=\"elementor-image-box-title\"><a href=\"http:\/\/www.aixenprovence.fr\/\" target=\"_blank\">Ville d\u2019Aix en Provence<\/a><\/h3><\/div><\/div>\t\t\t\t<\/div>\n\t\t\t\t<div class=\"elementor-element elementor-element-a320ae8 elementor-widget__width-initial zoom elementor-position-top elementor-widget elementor-widget-image-box\" data-id=\"a320ae8\" data-element_type=\"widget\" data-e-type=\"widget\" data-widget_type=\"image-box.default\">\n\t\t\t\t\t<div class=\"elementor-image-box-wrapper\"><figure class=\"elementor-image-box-img\"><a href=\"https:\/\/www.departement13.fr\/\" target=\"_blank\" tabindex=\"-1\"><img loading=\"lazy\" decoding=\"async\" width=\"601\" height=\"136\" src=\"https:\/\/www.dev.pankrome.fr\/MJC\/wp-content\/uploads\/2026\/02\/CD13-1.webp\" class=\"attachment-full size-full wp-image-932\" alt=\"\" srcset=\"https:\/\/www.dev.pankrome.fr\/MJC\/wp-content\/uploads\/2026\/02\/CD13-1.webp 601w, https:\/\/www.dev.pankrome.fr\/MJC\/wp-content\/uploads\/2026\/02\/CD13-1-300x68.webp 300w, https:\/\/www.dev.pankrome.fr\/MJC\/wp-content\/uploads\/2026\/02\/CD13-1-150x34.webp 150w\" sizes=\"(max-width: 601px) 100vw, 601px\" \/><\/a><\/figure><div class=\"elementor-image-box-content\"><h3 class=\"elementor-image-box-title\"><a href=\"https:\/\/www.departement13.fr\/\" target=\"_blank\">D\u00e9partement des Bouches du Rh\u00f4ne<\/a><\/h3><\/div><\/div>\t\t\t\t<\/div>\n\t\t\t\t<\/div>\n\t\t\t\t<\/div>\n\t\t\t\t<div class=\"elementor-element elementor-element-00ae069 elementor-widget-divider--view-line elementor-widget elementor-widget-divider\" data-id=\"00ae069\" data-element_type=\"widget\" data-e-type=\"widget\" data-widget_type=\"divider.default\">\n\t\t\t\t\t\t\t<div class=\"elementor-divider\">\n\t\t\t<span class=\"elementor-divider-separator\">\n\t\t\t\t\t\t<\/span>\n\t\t<\/div>\n\t\t\t\t\t\t<\/div>\n\t\t<div class=\"elementor-element elementor-element-35ad026 e-con-full e-flex e-con e-child\" data-id=\"35ad026\" data-element_type=\"container\" data-e-type=\"container\">\n\t\t\t\t<div class=\"elementor-element elementor-element-e5c5a04 elementor-widget elementor-widget-heading\" data-id=\"e5c5a04\" data-element_type=\"widget\" data-e-type=\"widget\" data-widget_type=\"heading.default\">\n\t\t\t\t\t<h3 class=\"elementor-heading-title elementor-size-default\">Nos f\u00e9d\u00e9rations<\/h3>\t\t\t\t<\/div>\n\t\t<div class=\"elementor-element elementor-element-52f1069 e-con-full e-flex e-con e-child\" data-id=\"52f1069\" data-element_type=\"container\" data-e-type=\"container\">\n\t\t\t\t<div class=\"elementor-element elementor-element-588843d elementor-widget__width-initial zoom elementor-position-top elementor-widget elementor-widget-image-box\" data-id=\"588843d\" data-element_type=\"widget\" data-e-type=\"widget\" data-widget_type=\"image-box.default\">\n\t\t\t\t\t<div class=\"elementor-image-box-wrapper\"><figure class=\"elementor-image-box-img\"><a href=\"https:\/\/www.facebook.com\/profile.php?id=61572377521216&#038;locale=fr_FR\" target=\"_blank\" tabindex=\"-1\"><img loading=\"lazy\" decoding=\"async\" width=\"511\" height=\"280\" src=\"https:\/\/www.dev.pankrome.fr\/MJC\/wp-content\/uploads\/2026\/07\/logo-mjcsud-1.webp\" class=\"attachment-full size-full wp-image-3954\" alt=\"\" srcset=\"https:\/\/www.dev.pankrome.fr\/MJC\/wp-content\/uploads\/2026\/07\/logo-mjcsud-1.webp 511w, https:\/\/www.dev.pankrome.fr\/MJC\/wp-content\/uploads\/2026\/07\/logo-mjcsud-1-300x164.webp 300w, https:\/\/www.dev.pankrome.fr\/MJC\/wp-content\/uploads\/2026\/07\/logo-mjcsud-1-150x82.webp 150w\" sizes=\"(max-width: 511px) 100vw, 511px\" \/><\/a><\/figure><div class=\"elementor-image-box-content\"><h3 class=\"elementor-image-box-title\"><a href=\"https:\/\/www.facebook.com\/profile.php?id=61572377521216&#038;locale=fr_FR\" target=\"_blank\">MJC R\u00e9gion Sud<\/a><\/h3><\/div><\/div>\t\t\t\t<\/div>\n\t\t\t\t<div class=\"elementor-element elementor-element-59c2d00 elementor-widget__width-initial zoom elementor-position-top elementor-widget elementor-widget-image-box\" data-id=\"59c2d00\" data-element_type=\"widget\" data-e-type=\"widget\" data-widget_type=\"image-box.default\">\n\t\t\t\t\t<div class=\"elementor-image-box-wrapper\"><figure class=\"elementor-image-box-img\"><a href=\"https:\/\/cineclubs-interfilm.com\/\" target=\"_blank\" tabindex=\"-1\"><img loading=\"lazy\" decoding=\"async\" width=\"630\" height=\"487\" src=\"https:\/\/www.dev.pankrome.fr\/MJC\/wp-content\/uploads\/2026\/07\/interfilm.webp\" class=\"attachment-full size-full wp-image-3956\" alt=\"\" srcset=\"https:\/\/www.dev.pankrome.fr\/MJC\/wp-content\/uploads\/2026\/07\/interfilm.webp 630w, https:\/\/www.dev.pankrome.fr\/MJC\/wp-content\/uploads\/2026\/07\/interfilm-300x232.webp 300w, https:\/\/www.dev.pankrome.fr\/MJC\/wp-content\/uploads\/2026\/07\/interfilm-150x116.webp 150w\" sizes=\"(max-width: 630px) 100vw, 630px\" \/><\/a><\/figure><div class=\"elementor-image-box-content\"><h3 class=\"elementor-image-box-title\"><a href=\"https:\/\/cineclubs-interfilm.com\/\" target=\"_blank\">Inter Film <\/a><\/h3><\/div><\/div>\t\t\t\t<\/div>\n\t\t\t\t<\/div>\n\t\t\t\t<\/div>\n\t\t\t\t<div class=\"elementor-element elementor-element-ce94733 elementor-widget-divider--view-line elementor-widget elementor-widget-divider\" data-id=\"ce94733\" data-element_type=\"widget\" data-e-type=\"widget\" data-widget_type=\"divider.default\">\n\t\t\t\t\t\t\t<div class=\"elementor-divider\">\n\t\t\t<span class=\"elementor-divider-separator\">\n\t\t\t\t\t\t<\/span>\n\t\t<\/div>\n\t\t\t\t\t\t<\/div>\n\t\t\t\t<div class=\"elementor-element elementor-element-c3ff719 elementor-widget elementor-widget-heading\" data-id=\"c3ff719\" data-element_type=\"widget\" data-e-type=\"widget\" data-widget_type=\"heading.default\">\n\t\t\t\t\t<h3 class=\"elementor-heading-title elementor-size-default\">Ils participent \u00e0 nos actions :\n<\/h3>\t\t\t\t<\/div>\n\t\t<div class=\"elementor-element elementor-element-d1a37c6 e-con-full e-flex e-con e-child\" data-id=\"d1a37c6\" data-element_type=\"container\" data-e-type=\"container\">\n\t\t\t\t<div class=\"elementor-element elementor-element-5f04ca1 elementor-widget__width-initial zoom elementor-position-top elementor-widget elementor-widget-image-box\" data-id=\"5f04ca1\" data-element_type=\"widget\" data-e-type=\"widget\" data-widget_type=\"image-box.default\">\n\t\t\t\t\t<div class=\"elementor-image-box-wrapper\"><figure class=\"elementor-image-box-img\"><a href=\"http:\/\/pulsabatouk.com\/\" target=\"_blank\" tabindex=\"-1\"><img loading=\"lazy\" decoding=\"async\" width=\"300\" height=\"300\" src=\"https:\/\/www.dev.pankrome.fr\/MJC\/wp-content\/uploads\/2026\/07\/images-300x300.webp\" class=\"attachment-medium size-medium wp-image-3915\" alt=\"\" srcset=\"https:\/\/www.dev.pankrome.fr\/MJC\/wp-content\/uploads\/2026\/07\/images-300x300.webp 300w, https:\/\/www.dev.pankrome.fr\/MJC\/wp-content\/uploads\/2026\/07\/images-150x150.webp 150w, https:\/\/www.dev.pankrome.fr\/MJC\/wp-content\/uploads\/2026\/07\/images.webp 447w\" sizes=\"(max-width: 300px) 100vw, 300px\" \/><\/a><\/figure><div class=\"elementor-image-box-content\"><h3 class=\"elementor-image-box-title\"><a href=\"http:\/\/pulsabatouk.com\/\" target=\"_blank\">Pulsa<\/a><\/h3><\/div><\/div>\t\t\t\t<\/div>\n\t\t\t\t<div class=\"elementor-element elementor-element-2de9b83 elementor-widget__width-initial zoom elementor-position-top elementor-widget elementor-widget-image-box\" data-id=\"2de9b83\" data-element_type=\"widget\" data-e-type=\"widget\" data-widget_type=\"image-box.default\">\n\t\t\t\t\t<div class=\"elementor-image-box-wrapper\"><figure class=\"elementor-image-box-img\"><a href=\"https:\/\/radiozai.com\/\" target=\"_blank\" tabindex=\"-1\"><img loading=\"lazy\" decoding=\"async\" width=\"300\" height=\"275\" src=\"https:\/\/www.dev.pankrome.fr\/MJC\/wp-content\/uploads\/2026\/07\/logo_radiozai-300x275.webp\" class=\"attachment-medium size-medium wp-image-3944\" alt=\"\" srcset=\"https:\/\/www.dev.pankrome.fr\/MJC\/wp-content\/uploads\/2026\/07\/logo_radiozai-300x275.webp 300w, https:\/\/www.dev.pankrome.fr\/MJC\/wp-content\/uploads\/2026\/07\/logo_radiozai-150x137.webp 150w, https:\/\/www.dev.pankrome.fr\/MJC\/wp-content\/uploads\/2026\/07\/logo_radiozai.webp 356w\" sizes=\"(max-width: 300px) 100vw, 300px\" \/><\/a><\/figure><div class=\"elementor-image-box-content\"><h3 class=\"elementor-image-box-title\"><a href=\"https:\/\/radiozai.com\/\" target=\"_blank\">Radio Za\u00ef<\/a><\/h3><\/div><\/div>\t\t\t\t<\/div>\n\t\t\t\t<div class=\"elementor-element elementor-element-8ab0513 elementor-widget__width-initial zoom elementor-position-top elementor-widget elementor-widget-image-box\" data-id=\"8ab0513\" data-element_type=\"widget\" data-e-type=\"widget\" data-widget_type=\"image-box.default\">\n\t\t\t\t\t<div class=\"elementor-image-box-wrapper\"><figure class=\"elementor-image-box-img\"><a href=\"https:\/\/www.helloasso.com\/associations\/l-eveil-des-mots\" target=\"_blank\" tabindex=\"-1\"><img loading=\"lazy\" decoding=\"async\" width=\"600\" height=\"299\" src=\"https:\/\/www.dev.pankrome.fr\/MJC\/wp-content\/uploads\/2026\/07\/croppedimage-d1574e32e6d14d3bb0426248a93b46fb.webp\" class=\"attachment-full size-full wp-image-3950\" alt=\"\" srcset=\"https:\/\/www.dev.pankrome.fr\/MJC\/wp-content\/uploads\/2026\/07\/croppedimage-d1574e32e6d14d3bb0426248a93b46fb.webp 600w, https:\/\/www.dev.pankrome.fr\/MJC\/wp-content\/uploads\/2026\/07\/croppedimage-d1574e32e6d14d3bb0426248a93b46fb-300x150.webp 300w, https:\/\/www.dev.pankrome.fr\/MJC\/wp-content\/uploads\/2026\/07\/croppedimage-d1574e32e6d14d3bb0426248a93b46fb-150x75.webp 150w\" sizes=\"(max-width: 600px) 100vw, 600px\" \/><\/a><\/figure><div class=\"elementor-image-box-content\"><h3 class=\"elementor-image-box-title\"><a href=\"https:\/\/www.helloasso.com\/associations\/l-eveil-des-mots\" target=\"_blank\">L\u2019\u00c9veil des Mots<\/a><\/h3><\/div><\/div>\t\t\t\t<\/div>\n\t\t\t\t<div class=\"elementor-element elementor-element-5499c89 elementor-widget__width-initial zoom elementor-position-top elementor-widget elementor-widget-image-box\" data-id=\"5499c89\" data-element_type=\"widget\" data-e-type=\"widget\" data-widget_type=\"image-box.default\">\n\t\t\t\t\t<div class=\"elementor-image-box-wrapper\"><figure class=\"elementor-image-box-img\"><a href=\"https:\/\/aiapa.fr\/\" target=\"_blank\" tabindex=\"-1\"><img loading=\"lazy\" decoding=\"async\" width=\"92\" height=\"92\" src=\"https:\/\/www.dev.pankrome.fr\/MJC\/wp-content\/uploads\/2026\/07\/aiapa.webp\" class=\"attachment-medium size-medium wp-image-3946\" alt=\"\" \/><\/a><\/figure><div class=\"elementor-image-box-content\"><h3 class=\"elementor-image-box-title\"><a href=\"https:\/\/aiapa.fr\/\" target=\"_blank\">Association Italienne d\u2019Aix et du Pays d\u2019Aix<\/a><\/h3><\/div><\/div>\t\t\t\t<\/div>\n\t\t\t\t<div class=\"elementor-element elementor-element-99517b8 elementor-widget__width-initial zoom elementor-position-top elementor-widget elementor-widget-image-box\" data-id=\"99517b8\" data-element_type=\"widget\" data-e-type=\"widget\" data-widget_type=\"image-box.default\">\n\t\t\t\t\t<div class=\"elementor-image-box-wrapper\"><figure class=\"elementor-image-box-img\"><a href=\"https:\/\/amuzik.fr\/\" target=\"_blank\" tabindex=\"-1\"><img loading=\"lazy\" decoding=\"async\" width=\"615\" height=\"293\" src=\"https:\/\/www.dev.pankrome.fr\/MJC\/wp-content\/uploads\/2026\/02\/Amuzik-violet.webp\" class=\"attachment-full size-full wp-image-955\" alt=\"\" srcset=\"https:\/\/www.dev.pankrome.fr\/MJC\/wp-content\/uploads\/2026\/02\/Amuzik-violet.webp 615w, https:\/\/www.dev.pankrome.fr\/MJC\/wp-content\/uploads\/2026\/02\/Amuzik-violet-300x143.webp 300w, https:\/\/www.dev.pankrome.fr\/MJC\/wp-content\/uploads\/2026\/02\/Amuzik-violet-150x71.webp 150w\" sizes=\"(max-width: 615px) 100vw, 615px\" \/><\/a><\/figure><div class=\"elementor-image-box-content\"><h3 class=\"elementor-image-box-title\"><a href=\"https:\/\/amuzik.fr\/\" target=\"_blank\">Compagnie Amuzik<\/a><\/h3><\/div><\/div>\t\t\t\t<\/div>\n\t\t\t\t<\/div>\n\t\t\t\t<\/div>\n\t\t<div class=\"elementor-element elementor-element-60f1812 e-con-full e-flex e-con e-child\" data-id=\"60f1812\" data-element_type=\"container\" data-e-type=\"container\" data-settings=\"{&quot;background_background&quot;:&quot;classic&quot;}\">\n\t\t\t\t<div class=\"elementor-element elementor-element-49799a6 elementor-widget__width-initial e-transform elementor-widget-tablet__width-inherit elementor-widget elementor-widget-text-editor\" data-id=\"49799a6\" data-element_type=\"widget\" data-e-type=\"widget\" data-settings=\"{&quot;_transform_translateX_effect_hover&quot;:{&quot;unit&quot;:&quot;px&quot;,&quot;size&quot;:&quot;&quot;,&quot;sizes&quot;:[]},&quot;_transform_translateX_effect_hover_tablet&quot;:{&quot;unit&quot;:&quot;px&quot;,&quot;size&quot;:&quot;&quot;,&quot;sizes&quot;:[]},&quot;_transform_translateX_effect_hover_mobile&quot;:{&quot;unit&quot;:&quot;px&quot;,&quot;size&quot;:&quot;&quot;,&quot;sizes&quot;:[]},&quot;_transform_translateY_effect_hover&quot;:{&quot;unit&quot;:&quot;px&quot;,&quot;size&quot;:&quot;&quot;,&quot;sizes&quot;:[]},&quot;_transform_translateY_effect_hover_tablet&quot;:{&quot;unit&quot;:&quot;px&quot;,&quot;size&quot;:&quot;&quot;,&quot;sizes&quot;:[]},&quot;_transform_translateY_effect_hover_mobile&quot;:{&quot;unit&quot;:&quot;px&quot;,&quot;size&quot;:&quot;&quot;,&quot;sizes&quot;:[]}}\" data-widget_type=\"text-editor.default\">\n\t\t\t\t\t\t\t\t\t<p><span style=\"font-weight: 400;\">\u00c0 la MJC Pr\u00e9vert, nous pla\u00e7ons <\/span><b>l\u2019\u00c9ducation Populaire<\/b><span style=\"font-weight: 400;\"> au c\u0153ur de toutes nos actions.\u00a0<\/span><span style=\"font-weight: 400;\">Cela signifie que nous croyons en <\/span><b>l\u2019apprentissage tout au long de la vie<\/b><span style=\"font-weight: 400;\">, au <\/span><b>partage des savoirs<\/b><span style=\"font-weight: 400;\"> et \u00e0 la capacit\u00e9 de chacun \u00e0 devenir <\/span><b>acteur de son environnement.<\/b><\/p><p><span style=\"font-weight: 400;\">Notre objectif est de :<\/span><\/p><ul><li style=\"font-weight: 400;\" aria-level=\"1\"><span style=\"font-weight: 400;\">favoriser l\u2019acc\u00e8s \u00e0 la culture et aux loisirs pour tous,<\/span><\/li><li style=\"font-weight: 400;\" aria-level=\"1\"><span style=\"font-weight: 400;\">encourager la cr\u00e9ativit\u00e9, l\u2019expression et l\u2019autonomie, renforcer le lien social et la participation citoyenne,<\/span><\/li><li style=\"font-weight: 400;\" aria-level=\"1\"><span style=\"font-weight: 400;\">accompagner les jeunes dans leurs projets et leurs envies.<\/span><\/li><\/ul><div>\u00a0<\/div><p><b>La MJC est un lieu ouvert, inclusif et participatif, o\u00f9 l\u2019on grandit ensemble.<\/b><\/p>\t\t\t\t\t\t\t\t<\/div>\n\t\t\t\t<\/div>\n\t\t\t\t<\/div>\n\t\t\t\t\t<\/div>\n\t\t\t\t<\/div>\n\t\t\t\t<\/div>\n\t\t","protected":false},"excerpt":{"rendered":"<p>Pr\u00e9sentation La MJC Pr\u00e9vert d\u2019Aix-en-Provence est un lieu de vie, de rencontres et de d\u00e9couvertes ouvert \u00e0 toutes et tous. Ici, on vient pour pratiquer une activit\u00e9, apprendre, cr\u00e9er, \u00e9changer, mais aussi pour partager des moments ensemble, quel que soit son \u00e2ge ou son parcours. Depuis toujours, la MJC accompagne les enfants, les jeunes, les [&hellip;]<\/p>\n","protected":false},"author":1,"featured_media":0,"parent":0,"menu_order":0,"comment_status":"closed","ping_status":"closed","template":"","meta":{"_acf_changed":false,"_seopress_titles_title":"","_seopress_titles_desc":"","_seopress_robots_index":"","_seopress_robots_follow":"","_seopress_robots_imageindex":"","_seopress_robots_snippet":"","_seopress_robots_primary_cat":"","_seopress_robots_breadcrumbs":"","_seopress_robots_freeze_modified_date":"","_seopress_robots_custom_modified_date":"","_seopress_robots_canonical":"","_seopress_social_fb_title":"","_seopress_social_fb_desc":"","_seopress_social_fb_img":"","_seopress_social_fb_img_attachment_id":0,"_seopress_social_fb_img_width":0,"_seopress_social_fb_img_height":0,"_seopress_social_twitter_title":"","_seopress_social_twitter_desc":"","_seopress_social_twitter_img":"","_seopress_social_twitter_img_attachment_id":0,"_seopress_social_twitter_img_width":0,"_seopress_social_twitter_img_height":0,"_seopress_redirections_value":"","_seopress_redirections_enabled":"","_seopress_redirections_enabled_regex":"","_seopress_redirections_logged_status":"","_seopress_redirections_param":"","_seopress_redirections_type":0,"_seopress_analysis_target_kw":"","footnotes":""},"class_list":["post-17","page","type-page","status-publish","hentry"],"acf":[],"_links":{"self":[{"href":"https:\/\/www.dev.pankrome.fr\/MJC\/wp-json\/wp\/v2\/pages\/17","targetHints":{"allow":["GET"]}}],"collection":[{"href":"https:\/\/www.dev.pankrome.fr\/MJC\/wp-json\/wp\/v2\/pages"}],"about":[{"href":"https:\/\/www.dev.pankrome.fr\/MJC\/wp-json\/wp\/v2\/types\/page"}],"author":[{"embeddable":true,"href":"https:\/\/www.dev.pankrome.fr\/MJC\/wp-json\/wp\/v2\/users\/1"}],"replies":[{"embeddable":true,"href":"https:\/\/www.dev.pankrome.fr\/MJC\/wp-json\/wp\/v2\/comments?post=17"}],"version-history":[{"count":394,"href":"https:\/\/www.dev.pankrome.fr\/MJC\/wp-json\/wp\/v2\/pages\/17\/revisions"}],"predecessor-version":[{"id":4729,"href":"https:\/\/www.dev.pankrome.fr\/MJC\/wp-json\/wp\/v2\/pages\/17\/revisions\/4729"}],"wp:attachment":[{"href":"https:\/\/www.dev.pankrome.fr\/MJC\/wp-json\/wp\/v2\/media?parent=17"}],"curies":[{"name":"wp","href":"https:\/\/api.w.org\/{rel}","templated":true}]}}